{"id":22,"date":"2020-01-27T03:28:33","date_gmt":"2020-01-27T08:28:33","guid":{"rendered":"https:\/\/elabrevaderojm.com\/?page_id=22"},"modified":"2025-05-08T22:48:07","modified_gmt":"2025-05-09T02:48:07","slug":"cuentos","status":"publish","type":"page","link":"https:\/\/elabrevaderojm.com\/en\/cuentos\/","title":{"rendered":"Post"},"content":{"rendered":"\n<h2 class=\"wp-block-heading has-abril-fatface-font-family has-custom-font\" style=\"font-family:Abril Fatface;font-size:40px\">Preferencia sexual<\/h2>\n\n\n\n<div class=\"wp-block-media-text alignwide is-stacked-on-mobile\" style=\"grid-template-columns:37% auto\"><figure class=\"wp-block-media-text__media\"><img data-recalc-dims=\"1\" loading=\"lazy\" decoding=\"async\" width=\"236\" height=\"324\" data-attachment-id=\"267\" data-permalink=\"https:\/\/elabrevaderojm.com\/en\/82eb7c7b2889a8c868938e6f17026356-angeles-vs-3\/\" data-orig-file=\"https:\/\/i0.wp.com\/elabrevaderojm.com\/wp-content\/uploads\/2020\/02\/82eb7c7b2889a8c868938e6f17026356-angeles-vs-3.jpg?fit=236%2C324&amp;ssl=1\" data-orig-size=\"236,324\" data-comments-opened=\"1\" data-image-meta=\"{&quot;aperture&quot;:&quot;0&quot;,&quot;credit&quot;:&quot;&quot;,&quot;camera&quot;:&quot;&quot;,&quot;caption&quot;:&quot;&quot;,&quot;created_timestamp&quot;:&quot;0&quot;,&quot;copyright&quot;:&quot;&quot;,&quot;focal_length&quot;:&quot;0&quot;,&quot;iso&quot;:&quot;0&quot;,&quot;shutter_speed&quot;:&quot;0&quot;,&quot;title&quot;:&quot;&quot;,&quot;orientation&quot;:&quot;0&quot;}\" data-image-title=\"82eb7c7b2889a8c868938e6f17026356-angeles-vs-3\" data-image-description=\"\" data-image-caption=\"\" data-large-file=\"https:\/\/i0.wp.com\/elabrevaderojm.com\/wp-content\/uploads\/2020\/02\/82eb7c7b2889a8c868938e6f17026356-angeles-vs-3.jpg?fit=236%2C324&amp;ssl=1\" src=\"https:\/\/i0.wp.com\/elabrevaderojm.com\/wp-content\/uploads\/2020\/02\/82eb7c7b2889a8c868938e6f17026356-angeles-vs-3.jpg?resize=236%2C324&#038;ssl=1\" alt=\"\" class=\"wp-image-267 size-full\"\/><\/figure><div class=\"wp-block-media-text__content\">\n<p class=\"has-drop-cap has-text-align-justify wp-block-paragraph\" style=\"font-size:18px\">En Diciembre de 2018, <strong>Revista Demencia<\/strong> me otorg\u00f3 un diploma por la aceptaci\u00f3n de este cuento para ser publicado. Otro que pudo pasar el corte, como dicen en las pel\u00edculas sobre las escenas que llegan a la edici\u00f3n final, o de las selecciones -tan abundantes en internet- de los 10 m\u00e1s esto, o los cincuenta m\u00e1s de lo otro, y as\u00ed. Se titula: \u00ab<strong>Preferencia sexual<\/strong>\u00bb. Aqu\u00ed les dejo, pues, otra variante de mis grupos de cuentos, este de la categor\u00eda \u00abEllos entre nosotros\u00bb. Gracias por leerlo, y d\u00e9jame tu comentario si te mueve a hacerlo.<\/p>\n<\/div><\/div>\n\n\n\n<figure class=\"wp-block-image size-large\"><img data-recalc-dims=\"1\" loading=\"lazy\" decoding=\"async\" width=\"640\" height=\"363\" data-attachment-id=\"24671\" data-permalink=\"https:\/\/elabrevaderojm.com\/en\/cuentos\/diploma-demencia\/\" data-orig-file=\"https:\/\/i0.wp.com\/elabrevaderojm.com\/wp-content\/uploads\/2025\/05\/diploma-Demencia-rotated.jpeg?fit=3032%2C1716&amp;ssl=1\" data-orig-size=\"3032,1716\" data-comments-opened=\"1\" data-image-meta=\"{&quot;aperture&quot;:&quot;0&quot;,&quot;credit&quot;:&quot;&quot;,&quot;camera&quot;:&quot;&quot;,&quot;caption&quot;:&quot;&quot;,&quot;created_timestamp&quot;:&quot;0&quot;,&quot;copyright&quot;:&quot;&quot;,&quot;focal_length&quot;:&quot;0&quot;,&quot;iso&quot;:&quot;0&quot;,&quot;shutter_speed&quot;:&quot;0&quot;,&quot;title&quot;:&quot;&quot;,&quot;orientation&quot;:&quot;1&quot;}\" data-image-title=\"diploma Demencia\" data-image-description=\"\" data-image-caption=\"\" data-large-file=\"https:\/\/i0.wp.com\/elabrevaderojm.com\/wp-content\/uploads\/2025\/05\/diploma-Demencia-rotated.jpeg?fit=640%2C363&amp;ssl=1\" src=\"https:\/\/i0.wp.com\/elabrevaderojm.com\/wp-content\/uploads\/2025\/05\/diploma-Demencia.jpeg?resize=640%2C363&#038;ssl=1\" alt=\"\" class=\"wp-image-24671\" srcset=\"https:\/\/i0.wp.com\/elabrevaderojm.com\/wp-content\/uploads\/2025\/05\/diploma-Demencia-rotated.jpeg?resize=1024%2C580&amp;ssl=1 1024w, https:\/\/i0.wp.com\/elabrevaderojm.com\/wp-content\/uploads\/2025\/05\/diploma-Demencia-rotated.jpeg?resize=300%2C170&amp;ssl=1 300w, https:\/\/i0.wp.com\/elabrevaderojm.com\/wp-content\/uploads\/2025\/05\/diploma-Demencia-rotated.jpeg?resize=768%2C435&amp;ssl=1 768w, https:\/\/i0.wp.com\/elabrevaderojm.com\/wp-content\/uploads\/2025\/05\/diploma-Demencia-rotated.jpeg?resize=1536%2C869&amp;ssl=1 1536w, https:\/\/i0.wp.com\/elabrevaderojm.com\/wp-content\/uploads\/2025\/05\/diploma-Demencia-rotated.jpeg?resize=2048%2C1159&amp;ssl=1 2048w, https:\/\/i0.wp.com\/elabrevaderojm.com\/wp-content\/uploads\/2025\/05\/diploma-Demencia-rotated.jpeg?resize=1200%2C679&amp;ssl=1 1200w, https:\/\/i0.wp.com\/elabrevaderojm.com\/wp-content\/uploads\/2025\/05\/diploma-Demencia-rotated.jpeg?resize=850%2C481&amp;ssl=1 850w, https:\/\/i0.wp.com\/elabrevaderojm.com\/wp-content\/uploads\/2025\/05\/diploma-Demencia-rotated.jpeg?w=1280&amp;ssl=1 1280w, https:\/\/i0.wp.com\/elabrevaderojm.com\/wp-content\/uploads\/2025\/05\/diploma-Demencia-rotated.jpeg?w=1920&amp;ssl=1 1920w\" sizes=\"auto, (max-width: 640px) 100vw, 640px\" \/><\/figure>\n\n\n\n<div class=\"wp-block-group\"><div class=\"wp-block-group__inner-container is-layout-flow wp-block-group-is-layout-flow\">\n<p class=\"has-text-align-justify wp-block-paragraph\">A continuaci\u00f3n, a\u00f1ado un documento <em>pdf<\/em> que prepar\u00e9 con el cuento tal y como lo public\u00f3 la revista en su #29 que, por un motivo para m\u00ed desconocido, no aparece hoy en la p\u00e1gina de internet (enlace a ella aqu\u00ed: <a href=\"https:\/\/issuu.com\/revistademencia\">https:\/\/issuu.com\/revistademencia<\/a>). Por fortuna, al momento de recibir la noticia de mi selecci\u00f3n, imprim\u00ed las p\u00e1ginas editadas por la revista.<\/p>\n<\/div><\/div>\n\n\n\n<div data-wp-interactive=\"core\/file\" class=\"wp-block-file\"><object data-wp-bind--hidden=\"!state.hasPdfPreview\" hidden class=\"wp-block-file__embed\" data=\"https:\/\/elabrevaderojm.com\/wp-content\/uploads\/2025\/05\/Preferencia-sexual.pdf\" type=\"application\/pdf\" style=\"width:100%;height:600px\" aria-label=\"Embed of Preferencia sexual.\"><\/object><a id=\"wp-block-file--media-673de8cf-04e3-4fc1-bbaa-8424384cc207\" href=\"https:\/\/elabrevaderojm.com\/wp-content\/uploads\/2025\/05\/Preferencia-sexual.pdf\">Preferencia sexual<\/a><a href=\"https:\/\/elabrevaderojm.com\/wp-content\/uploads\/2025\/05\/Preferencia-sexual.pdf\" class=\"wp-block-file__button wp-element-button\" download aria-describedby=\"wp-block-file--media-673de8cf-04e3-4fc1-bbaa-8424384cc207\">Descarga<\/a><\/div>\n\n\n\n<p class=\"has-text-align-justify wp-block-paragraph\">Si te gust\u00f3 el cuento, demu\u00e9stralo con un \u00abpulgar arriba\u00bb y un \u00abaplauso\u00bb, y compartiendo el contenido con tus amistades y en tus redes sociales. Es muy gratificante. Y quiz\u00e1s otras personas compartan tu gusto por lo que has le\u00eddo hoy, y hasta se decidan a leer el resto del contenido de esta secci\u00f3n.<\/p>\n\n\n\n<p class=\"has-text-align-justify wp-block-paragraph\">Si tienes algo que comentar, preguntar o agregar, o decirme como expositor, por favor hazlo dejando tu comentario.<\/p>\n\n\n\n<p class=\"has-text-align-justify wp-block-paragraph\">Siempre lo mejor para estar al tanto de estas interesantes entregas es suscribirte a mi blog, que trato de surtir con nuevos trabajos siempre que me sea posible.<\/p>\n\n\n\n<p class=\"wp-block-paragraph\">Gracias por leer.<\/p>\n\n\n\n<div class=\"wp-block-comments\">\n\t\t<div id=\"respond\" class=\"comment-respond wp-block-post-comments-form\">\n\t\t\t<h3 id=\"reply-title\" class=\"comment-reply-title\">Leave a Reply<small><a rel=\"nofollow\" id=\"cancel-comment-reply-link\" href=\"\/en\/wp-json\/wp\/v2\/pages\/22#respond\" style=\"display:none;\">Cancel reply<\/a><\/small><\/h3>\t\t\t<form id=\"commentform\" class=\"comment-form\">\n\t\t\t\t<iframe\n\t\t\t\t\ttitle=\"Comment Form\"\n\t\t\t\t\tsrc=\"https:\/\/jetpack.wordpress.com\/jetpack-comment\/?blogid=153735515&#038;postid=22&#038;comment_registration=0&#038;require_name_email=0&#038;stc_enabled=1&#038;stb_enabled=1&#038;show_avatars=1&#038;avatar_default=identicon&#038;greeting=Leave+a+Reply&#038;jetpack_comments_nonce=97ea88e9ff&#038;greeting_reply=Leave+a+Reply+to+%25s&#038;color_scheme=light&#038;lang=en_US&#038;jetpack_version=16.2-a.5&#038;iframe_unique_id=1&#038;show_cookie_consent=10&#038;has_cookie_consent=0&#038;is_current_user_subscribed=0&#038;token_key=%3Bnormal%3B&#038;sig=cb14932bfadebfb895bd9b1554c394105b67bca1#parent=https%3A%2F%2Felabrevaderojm.com%2Fen%2Fwp-json%2Fwp%2Fv2%2Fpages%2F22\"\n\t\t\t\t\t\t\t\t\t\t\tname=\"jetpack_remote_comment\"\n\t\t\t\t\t\tstyle=\"width:100%; height: 430px; border:0;\"\n\t\t\t\t\t\t\t\t\t\tclass=\"jetpack_remote_comment\"\n\t\t\t\t\tid=\"jetpack_remote_comment\"\n\t\t\t\t\tsandbox=\"allow-same-origin allow-top-navigation allow-scripts allow-forms allow-popups\"\n\t\t\t\t>\n\t\t\t\t\t\t\t\t\t<\/iframe>\n\t\t\t\t\t\t\t\t\t<!--[if !IE]><!-->\n\t\t\t\t\t<script>\n\t\t\t\t\t\tdocument.addEventListener('DOMContentLoaded', function () {\n\t\t\t\t\t\t\tvar commentForms = document.getElementsByClassName('jetpack_remote_comment');\n\t\t\t\t\t\t\tfor (var i = 0; i < commentForms.length; i++) {\n\t\t\t\t\t\t\t\tcommentForms[i].allowTransparency = false;\n\t\t\t\t\t\t\t\tcommentForms[i].scrolling = 'no';\n\t\t\t\t\t\t\t}\n\t\t\t\t\t\t});\n\t\t\t\t\t<\/script>\n\t\t\t\t\t<!--<![endif]-->\n\t\t\t\t\t\t\t<\/form>\n\t\t<\/div>\n\n\t\t\n\t\t<input type=\"hidden\" name=\"comment_parent\" id=\"comment_parent\" value=\"\" \/>\n\n\t\t<\/div>\n\n\n<div class=\"crowdsignal-vote-wrapper\" data-crowdsignal-vote=\"{&quot;pollId&quot;:&quot;1bdf7e1b-4f80-4241-a106-4471bbcf591f&quot;,&quot;title&quot;:&quot;Votaci\\u00f3n sin t\\u00edtulo 3&quot;,&quot;hideBranding&quot;:false,&quot;pollStatus&quot;:&quot;open&quot;,&quot;size&quot;:&quot;medium&quot;,&quot;borderWidth&quot;:1,&quot;borderRadius&quot;:5,&quot;hideResults&quot;:false,&quot;TrpContentRestriction&quot;:{&quot;restriction_type&quot;:&quot;exclude&quot;,&quot;selected_languages&quot;:[],&quot;panel_open&quot;:true},&quot;apiPollData&quot;:{&quot;id&quot;:15450509,&quot;question&quot;:&quot;&quot;,&quot;note&quot;:&quot;&quot;,&quot;settings&quot;:{&quot;title&quot;:&quot;Votaci\\u00f3n sin t\\u00edtulo 3&quot;,&quot;after_vote&quot;:&quot;results&quot;,&quot;after_message&quot;:&quot;&quot;,&quot;randomize_answers&quot;:false,&quot;restrict_vote_repeat&quot;:false,&quot;captcha&quot;:false,&quot;multiple_choice&quot;:false,&quot;redirect_url&quot;:&quot;&quot;,&quot;close_status&quot;:&quot;open&quot;,&quot;close_after&quot;:false},&quot;answers&quot;:[{&quot;answer_text&quot;:&quot;up&quot;,&quot;id&quot;:68254667,&quot;client_id&quot;:&quot;10465ca0-874b-4bb2-bb42-2075ad50e36b&quot;},{&quot;answer_text&quot;:&quot;down&quot;,&quot;id&quot;:68254668,&quot;client_id&quot;:&quot;6a8f30b3-c38d-451f-8f31-841b6dfda61a&quot;}],&quot;source_link&quot;:&quot;https:\\\/\\\/elabrevaderojm.com&quot;,&quot;client_id&quot;:&quot;1bdf7e1b-4f80-4241-a106-4471bbcf591f&quot;}}\">\n<div data-crowdsignal-vote-item=\"{&quot;answerId&quot;:&quot;10465ca0-874b-4bb2-bb42-2075ad50e36b&quot;,&quot;type&quot;:&quot;up&quot;,&quot;TrpContentRestriction&quot;:{&quot;restriction_type&quot;:&quot;exclude&quot;,&quot;selected_languages&quot;:[],&quot;panel_open&quot;:true}}\"><\/div>\n\n<div data-crowdsignal-vote-item=\"{&quot;answerId&quot;:&quot;6a8f30b3-c38d-451f-8f31-841b6dfda61a&quot;,&quot;type&quot;:&quot;down&quot;,&quot;TrpContentRestriction&quot;:{&quot;restriction_type&quot;:&quot;exclude&quot;,&quot;selected_languages&quot;:[],&quot;panel_open&quot;:true}}\"><\/div>\n<\/div>\n\n<div class=\"crowdsignal-applause-wrapper\" data-crowdsignal-applause=\"{&quot;pollId&quot;:&quot;6633220f-c8fb-4f89-a042-e0835b10e9b6&quot;,&quot;title&quot;:&quot;Aplauso sin t\\u00edtulo 3&quot;,&quot;answerId&quot;:&quot;d0847077-2832-4e14-85ec-b279570fa1fc&quot;,&quot;hideBranding&quot;:false,&quot;size&quot;:&quot;medium&quot;,&quot;pollStatus&quot;:&quot;open&quot;,&quot;TrpContentRestriction&quot;:{&quot;restriction_type&quot;:&quot;exclude&quot;,&quot;selected_languages&quot;:[],&quot;panel_open&quot;:true},&quot;apiPollData&quot;:{&quot;id&quot;:15450510,&quot;question&quot;:&quot;&quot;,&quot;note&quot;:&quot;&quot;,&quot;settings&quot;:{&quot;title&quot;:&quot;Aplauso sin t\\u00edtulo 3&quot;,&quot;after_vote&quot;:&quot;results&quot;,&quot;after_message&quot;:&quot;&quot;,&quot;randomize_answers&quot;:false,&quot;restrict_vote_repeat&quot;:false,&quot;captcha&quot;:false,&quot;multiple_choice&quot;:false,&quot;redirect_url&quot;:&quot;&quot;,&quot;close_status&quot;:&quot;open&quot;,&quot;close_after&quot;:false},&quot;answers&quot;:[{&quot;answer_text&quot;:&quot;clap&quot;,&quot;id&quot;:68254669,&quot;client_id&quot;:&quot;d0847077-2832-4e14-85ec-b279570fa1fc&quot;}],&quot;source_link&quot;:&quot;https:\\\/\\\/elabrevaderojm.com&quot;,&quot;client_id&quot;:&quot;6633220f-c8fb-4f89-a042-e0835b10e9b6&quot;}}\"><\/div>\n\n\n<!--nextpage-->\n\n\n\n<h2 class=\"wp-block-heading has-abril-fatface-font-family has-custom-font\" style=\"font-family:Abril Fatface;font-size:40px\">La primera hora<\/h2>\n\n\n\n<div class=\"wp-block-media-text alignfull is-stacked-on-mobile\" style=\"grid-template-columns:65% auto\"><figure class=\"wp-block-media-text__media\"><img data-recalc-dims=\"1\" loading=\"lazy\" decoding=\"async\" width=\"371\" height=\"157\" data-attachment-id=\"273\" data-permalink=\"https:\/\/elabrevaderojm.com\/en\/652cfe34-952a-48a7-a9e1-efe828c59b24-1\/\" data-orig-file=\"https:\/\/i0.wp.com\/elabrevaderojm.com\/wp-content\/uploads\/2020\/02\/652cfe34-952a-48a7-a9e1-efe828c59b24-1.jpeg?fit=371%2C157&amp;ssl=1\" data-orig-size=\"371,157\" data-comments-opened=\"1\" data-image-meta=\"{&quot;aperture&quot;:&quot;0&quot;,&quot;credit&quot;:&quot;&quot;,&quot;camera&quot;:&quot;&quot;,&quot;caption&quot;:&quot;&quot;,&quot;created_timestamp&quot;:&quot;0&quot;,&quot;copyright&quot;:&quot;&quot;,&quot;focal_length&quot;:&quot;0&quot;,&quot;iso&quot;:&quot;0&quot;,&quot;shutter_speed&quot;:&quot;0&quot;,&quot;title&quot;:&quot;&quot;,&quot;orientation&quot;:&quot;0&quot;}\" data-image-title=\"652cfe34-952a-48a7-a9e1-efe828c59b24-1\" data-image-description=\"\" data-image-caption=\"\" data-large-file=\"https:\/\/i0.wp.com\/elabrevaderojm.com\/wp-content\/uploads\/2020\/02\/652cfe34-952a-48a7-a9e1-efe828c59b24-1.jpeg?fit=371%2C157&amp;ssl=1\" src=\"https:\/\/i0.wp.com\/elabrevaderojm.com\/wp-content\/uploads\/2020\/02\/652cfe34-952a-48a7-a9e1-efe828c59b24-1.jpeg?resize=371%2C157&#038;ssl=1\" alt=\"\" class=\"wp-image-273 size-full\"\/><\/figure><div class=\"wp-block-media-text__content\">\n<p class=\"has-drop-cap has-text-align-justify has-small-font-size wp-block-paragraph\">Menci\u00f3n cuento de ciencia ficci\u00f3n en el concurso de cuento \u00abOscar Hurtado 2018\u00bb, en Ciudad de la Habana, y luego publicado en la revista digital de literatura fant\u00e1stica y de ciencia-ficci\u00f3n <strong>Korad<\/strong>. Fue un honor participar y una gran alegr\u00eda recibir un reconocimiento de instituciones literarias de nuestra isla. Este cuento pertenece a la serie \u00abDe lo fant\u00e1stico y antinatural\u00bb. Espero que les guste y lo comenten.<\/p>\n<\/div><\/div>\n\n\n\n<figure class=\"wp-block-image size-large\"><img data-recalc-dims=\"1\" loading=\"lazy\" decoding=\"async\" width=\"640\" height=\"481\" data-attachment-id=\"24665\" data-permalink=\"https:\/\/elabrevaderojm.com\/en\/cuentos\/diploma-jose-mario\/\" data-orig-file=\"https:\/\/i0.wp.com\/elabrevaderojm.com\/wp-content\/uploads\/2025\/05\/Diploma-Jose-Mario-rotated.jpg?fit=2121%2C1594&amp;ssl=1\" data-orig-size=\"2121,1594\" data-comments-opened=\"1\" data-image-meta=\"{&quot;aperture&quot;:&quot;0&quot;,&quot;credit&quot;:&quot;&quot;,&quot;camera&quot;:&quot;&quot;,&quot;caption&quot;:&quot;&quot;,&quot;created_timestamp&quot;:&quot;0&quot;,&quot;copyright&quot;:&quot;&quot;,&quot;focal_length&quot;:&quot;0&quot;,&quot;iso&quot;:&quot;0&quot;,&quot;shutter_speed&quot;:&quot;0&quot;,&quot;title&quot;:&quot;&quot;,&quot;orientation&quot;:&quot;1&quot;}\" data-image-title=\"Diploma Jose Mario\" data-image-description=\"\" data-image-caption=\"\" data-large-file=\"https:\/\/i0.wp.com\/elabrevaderojm.com\/wp-content\/uploads\/2025\/05\/Diploma-Jose-Mario-rotated.jpg?fit=640%2C481&amp;ssl=1\" src=\"https:\/\/i0.wp.com\/elabrevaderojm.com\/wp-content\/uploads\/2025\/05\/Diploma-Jose-Mario.jpg?resize=640%2C481&#038;ssl=1\" alt=\"\" class=\"wp-image-24665\" srcset=\"https:\/\/i0.wp.com\/elabrevaderojm.com\/wp-content\/uploads\/2025\/05\/Diploma-Jose-Mario-rotated.jpg?resize=1024%2C770&amp;ssl=1 1024w, https:\/\/i0.wp.com\/elabrevaderojm.com\/wp-content\/uploads\/2025\/05\/Diploma-Jose-Mario-rotated.jpg?resize=300%2C225&amp;ssl=1 300w, https:\/\/i0.wp.com\/elabrevaderojm.com\/wp-content\/uploads\/2025\/05\/Diploma-Jose-Mario-rotated.jpg?resize=768%2C577&amp;ssl=1 768w, https:\/\/i0.wp.com\/elabrevaderojm.com\/wp-content\/uploads\/2025\/05\/Diploma-Jose-Mario-rotated.jpg?resize=1536%2C1154&amp;ssl=1 1536w, https:\/\/i0.wp.com\/elabrevaderojm.com\/wp-content\/uploads\/2025\/05\/Diploma-Jose-Mario-rotated.jpg?resize=2048%2C1539&amp;ssl=1 2048w, https:\/\/i0.wp.com\/elabrevaderojm.com\/wp-content\/uploads\/2025\/05\/Diploma-Jose-Mario-rotated.jpg?resize=600%2C450&amp;ssl=1 600w, https:\/\/i0.wp.com\/elabrevaderojm.com\/wp-content\/uploads\/2025\/05\/Diploma-Jose-Mario-rotated.jpg?resize=400%2C300&amp;ssl=1 400w, https:\/\/i0.wp.com\/elabrevaderojm.com\/wp-content\/uploads\/2025\/05\/Diploma-Jose-Mario-rotated.jpg?resize=200%2C150&amp;ssl=1 200w, https:\/\/i0.wp.com\/elabrevaderojm.com\/wp-content\/uploads\/2025\/05\/Diploma-Jose-Mario-rotated.jpg?resize=1200%2C902&amp;ssl=1 1200w, https:\/\/i0.wp.com\/elabrevaderojm.com\/wp-content\/uploads\/2025\/05\/Diploma-Jose-Mario-rotated.jpg?resize=850%2C639&amp;ssl=1 850w, https:\/\/i0.wp.com\/elabrevaderojm.com\/wp-content\/uploads\/2025\/05\/Diploma-Jose-Mario-rotated.jpg?w=1280&amp;ssl=1 1280w, https:\/\/i0.wp.com\/elabrevaderojm.com\/wp-content\/uploads\/2025\/05\/Diploma-Jose-Mario-rotated.jpg?w=1920&amp;ssl=1 1920w\" sizes=\"auto, (max-width: 640px) 100vw, 640px\" \/><\/figure>\n\n\n\n<div data-wp-interactive=\"core\/file\" class=\"wp-block-file\"><object data-wp-bind--hidden=\"!state.hasPdfPreview\" hidden class=\"wp-block-file__embed\" data=\"https:\/\/elabrevaderojm.com\/wp-content\/uploads\/2025\/05\/Korad-31.pdf.crdownload.pdf\" type=\"application\/pdf\" style=\"width:100%;height:600px\" aria-label=\"Embed of Korad 31.pdf.crdownload.\"><\/object><a id=\"wp-block-file--media-35261bcc-c26d-445b-9938-3573feaf1990\" href=\"https:\/\/elabrevaderojm.com\/wp-content\/uploads\/2025\/05\/Korad-31.pdf.crdownload.pdf\">Korad 31.pdf.crdownload<\/a><a href=\"https:\/\/elabrevaderojm.com\/wp-content\/uploads\/2025\/05\/Korad-31.pdf.crdownload.pdf\" class=\"wp-block-file__button wp-element-button\" download aria-describedby=\"wp-block-file--media-35261bcc-c26d-445b-9938-3573feaf1990\">Descarga<\/a><\/div>\n\n\n\n<p class=\"has-text-align-justify wp-block-paragraph\">Este documento <em>pdf<\/em> fue bajado desde la p\u00e1gina de la revista <strong>Korad<\/strong> en l\u00ednea (enlace a ella: <a href=\"http:\/\/korad.alexpadron.es\/\">https:\/\/revistakorad.wordpress.com\/<\/a>) y editado para ser publicado en esta p\u00e1gina. Puedes, por supuesto, navegar por todo el contenido de este n\u00famero, o ir directamente a la p\u00e1gina 19, donde comienza mi cuento. <\/p>\n\n\n\n<p class=\"has-text-align-justify wp-block-paragraph\">Si te ha gustado la revista, puedes visitarlos y dejar all\u00ed un comentario. Que tambi\u00e9n lo puedes dejar aqu\u00ed.<\/p>\n\n\n\n<p class=\"has-text-align-justify wp-block-paragraph\">En lo que a m\u00ed respecta, si te gust\u00f3 el cuento, demu\u00e9stralo con un \u00abpulgar arriba\u00bb y un \u00abaplauso\u00bb, y compartiendo el contenido con tus amistades y en tus redes sociales. Es muy gratificante. Y quiz\u00e1s otras personas compartan tu gusto por lo que has le\u00eddo hoy, y hasta se decidan a leer el resto del contenido de esta secci\u00f3n.<\/p>\n\n\n\n<p class=\"has-text-align-justify wp-block-paragraph\">Si tienes algo que comentar, preguntar o agregar, o decirme como expositor, por favor hazlo dejando tu comentario.<\/p>\n\n\n\n<p class=\"has-text-align-justify wp-block-paragraph\">Siempre lo mejor para estar al tanto de estas interesantes entregas es suscribirte a mi blog, que trato de surtir con nuevos trabajos siempre que me sea posible.<\/p>\n\n\n\n<p class=\"wp-block-paragraph\">Gracias por leer.<\/p>\n\n\n\n<div class=\"wp-block-comments\">\n\t\t<div id=\"respond\" class=\"comment-respond wp-block-post-comments-form\">\n\t\t\t<h3 id=\"reply-title\" class=\"comment-reply-title\">Leave a Reply<small><a rel=\"nofollow\" id=\"cancel-comment-reply-link\" href=\"\/en\/wp-json\/wp\/v2\/pages\/22#respond\" style=\"display:none;\">Cancel reply<\/a><\/small><\/h3>\t\t\t<form id=\"commentform\" class=\"comment-form\">\n\t\t\t\t<iframe\n\t\t\t\t\ttitle=\"Comment Form\"\n\t\t\t\t\tsrc=\"https:\/\/jetpack.wordpress.com\/jetpack-comment\/?blogid=153735515&#038;postid=22&#038;comment_registration=0&#038;require_name_email=0&#038;stc_enabled=1&#038;stb_enabled=1&#038;show_avatars=1&#038;avatar_default=identicon&#038;greeting=Leave+a+Reply&#038;jetpack_comments_nonce=97ea88e9ff&#038;greeting_reply=Leave+a+Reply+to+%25s&#038;color_scheme=light&#038;lang=en_US&#038;jetpack_version=16.2-a.5&#038;iframe_unique_id=2&#038;show_cookie_consent=10&#038;has_cookie_consent=0&#038;is_current_user_subscribed=0&#038;token_key=%3Bnormal%3B&#038;sig=e0b944c05efe877e2033d7b6913266d51d990c87#parent=https%3A%2F%2Felabrevaderojm.com%2Fen%2Fwp-json%2Fwp%2Fv2%2Fpages%2F22\"\n\t\t\t\t\t\t\t\t\t\t\tname=\"jetpack_remote_comment\"\n\t\t\t\t\t\tstyle=\"width:100%; height: 430px; border:0;\"\n\t\t\t\t\t\t\t\t\t\tclass=\"jetpack_remote_comment\"\n\t\t\t\t\tid=\"jetpack_remote_comment\"\n\t\t\t\t\tsandbox=\"allow-same-origin allow-top-navigation allow-scripts allow-forms allow-popups\"\n\t\t\t\t>\n\t\t\t\t\t\t\t\t\t<\/iframe>\n\t\t\t\t\t\t\t\t\t<!--[if !IE]><!-->\n\t\t\t\t\t<script>\n\t\t\t\t\t\tdocument.addEventListener('DOMContentLoaded', function () {\n\t\t\t\t\t\t\tvar commentForms = document.getElementsByClassName('jetpack_remote_comment');\n\t\t\t\t\t\t\tfor (var i = 0; i < commentForms.length; i++) {\n\t\t\t\t\t\t\t\tcommentForms[i].allowTransparency = false;\n\t\t\t\t\t\t\t\tcommentForms[i].scrolling = 'no';\n\t\t\t\t\t\t\t}\n\t\t\t\t\t\t});\n\t\t\t\t\t<\/script>\n\t\t\t\t\t<!--<![endif]-->\n\t\t\t\t\t\t\t<\/form>\n\t\t<\/div>\n\n\t\t\n\t\t<input type=\"hidden\" name=\"comment_parent\" id=\"comment_parent\" value=\"\" \/>\n\n\t\t<\/div>\n\n\n<div class=\"crowdsignal-vote-wrapper\" data-crowdsignal-vote=\"{&quot;pollId&quot;:&quot;62371467-f9e6-47cc-80e6-98f19336126d&quot;,&quot;title&quot;:&quot;Votaci\\u00f3n sin t\\u00edtulo 2&quot;,&quot;hideBranding&quot;:false,&quot;pollStatus&quot;:&quot;open&quot;,&quot;size&quot;:&quot;medium&quot;,&quot;borderWidth&quot;:1,&quot;borderRadius&quot;:5,&quot;hideResults&quot;:false,&quot;TrpContentRestriction&quot;:{&quot;restriction_type&quot;:&quot;exclude&quot;,&quot;selected_languages&quot;:[],&quot;panel_open&quot;:true},&quot;apiPollData&quot;:{&quot;id&quot;:15450283,&quot;question&quot;:&quot;&quot;,&quot;note&quot;:&quot;&quot;,&quot;settings&quot;:{&quot;title&quot;:&quot;Votaci\\u00f3n sin t\\u00edtulo 2&quot;,&quot;after_vote&quot;:&quot;results&quot;,&quot;after_message&quot;:&quot;&quot;,&quot;randomize_answers&quot;:false,&quot;restrict_vote_repeat&quot;:false,&quot;captcha&quot;:false,&quot;multiple_choice&quot;:false,&quot;redirect_url&quot;:&quot;&quot;,&quot;close_status&quot;:&quot;open&quot;,&quot;close_after&quot;:false},&quot;answers&quot;:[{&quot;answer_text&quot;:&quot;up&quot;,&quot;id&quot;:68253807,&quot;client_id&quot;:&quot;4a09c19f-058e-4cdb-ad7a-ce033b066646&quot;},{&quot;answer_text&quot;:&quot;down&quot;,&quot;id&quot;:68253808,&quot;client_id&quot;:&quot;be139a38-6165-42f6-985c-6cb4255d4aed&quot;}],&quot;source_link&quot;:&quot;https:\\\/\\\/elabrevaderojm.com&quot;,&quot;client_id&quot;:&quot;62371467-f9e6-47cc-80e6-98f19336126d&quot;}}\">\n<div data-crowdsignal-vote-item=\"{&quot;answerId&quot;:&quot;4a09c19f-058e-4cdb-ad7a-ce033b066646&quot;,&quot;type&quot;:&quot;up&quot;,&quot;TrpContentRestriction&quot;:{&quot;restriction_type&quot;:&quot;exclude&quot;,&quot;selected_languages&quot;:[],&quot;panel_open&quot;:true}}\"><\/div>\n\n<div data-crowdsignal-vote-item=\"{&quot;answerId&quot;:&quot;be139a38-6165-42f6-985c-6cb4255d4aed&quot;,&quot;type&quot;:&quot;down&quot;,&quot;TrpContentRestriction&quot;:{&quot;restriction_type&quot;:&quot;exclude&quot;,&quot;selected_languages&quot;:[],&quot;panel_open&quot;:true}}\"><\/div>\n<\/div>\n\n<div class=\"crowdsignal-applause-wrapper\" data-crowdsignal-applause=\"{&quot;pollId&quot;:&quot;8caf1a9a-2455-4741-ad03-e7bb0a2380be&quot;,&quot;title&quot;:&quot;Aplauso sin t\\u00edtulo 2&quot;,&quot;answerId&quot;:&quot;a5bf6d91-9171-49cf-a719-9cca6f9b4615&quot;,&quot;hideBranding&quot;:false,&quot;size&quot;:&quot;medium&quot;,&quot;pollStatus&quot;:&quot;open&quot;,&quot;TrpContentRestriction&quot;:{&quot;restriction_type&quot;:&quot;exclude&quot;,&quot;selected_languages&quot;:[],&quot;panel_open&quot;:true},&quot;apiPollData&quot;:{&quot;id&quot;:15450284,&quot;question&quot;:&quot;&quot;,&quot;note&quot;:&quot;&quot;,&quot;settings&quot;:{&quot;title&quot;:&quot;Aplauso sin t\\u00edtulo 2&quot;,&quot;after_vote&quot;:&quot;results&quot;,&quot;after_message&quot;:&quot;&quot;,&quot;randomize_answers&quot;:false,&quot;restrict_vote_repeat&quot;:false,&quot;captcha&quot;:false,&quot;multiple_choice&quot;:false,&quot;redirect_url&quot;:&quot;&quot;,&quot;close_status&quot;:&quot;open&quot;,&quot;close_after&quot;:false},&quot;answers&quot;:[{&quot;answer_text&quot;:&quot;clap&quot;,&quot;id&quot;:68253809,&quot;client_id&quot;:&quot;a5bf6d91-9171-49cf-a719-9cca6f9b4615&quot;}],&quot;source_link&quot;:&quot;https:\\\/\\\/elabrevaderojm.com&quot;,&quot;client_id&quot;:&quot;8caf1a9a-2455-4741-ad03-e7bb0a2380be&quot;}}\"><\/div>\n\n\n<!--nextpage-->\n\n\n\n<h2 class=\"wp-block-heading has-abril-fatface-font-family has-custom-font\" style=\"font-family:Abril Fatface;font-size:40px\">Por los caminos de la <span class=\"uppercase\">\u00f1<\/span> (1)<\/h2>\n\n\n\n<div class=\"wp-block-media-text alignfull is-stacked-on-mobile\"><figure class=\"wp-block-media-text__media\"><img data-recalc-dims=\"1\" loading=\"lazy\" decoding=\"async\" width=\"640\" height=\"807\" data-attachment-id=\"321\" data-permalink=\"https:\/\/elabrevaderojm.com\/en\/libro-por-los-caminos\/\" data-orig-file=\"https:\/\/i0.wp.com\/elabrevaderojm.com\/wp-content\/uploads\/2020\/02\/libro-por-los-caminos.jpg?fit=2736%2C3449&amp;ssl=1\" data-orig-size=\"2736,3449\" data-comments-opened=\"1\" data-image-meta=\"{&quot;aperture&quot;:&quot;2.4&quot;,&quot;credit&quot;:&quot;&quot;,&quot;camera&quot;:&quot;SM-G975F&quot;,&quot;caption&quot;:&quot;&quot;,&quot;created_timestamp&quot;:&quot;1581367531&quot;,&quot;copyright&quot;:&quot;&quot;,&quot;focal_length&quot;:&quot;4.32&quot;,&quot;iso&quot;:&quot;50&quot;,&quot;shutter_speed&quot;:&quot;0.0019960079840319&quot;,&quot;title&quot;:&quot;&quot;,&quot;orientation&quot;:&quot;1&quot;,&quot;latitude&quot;:&quot;25.731839347222&quot;,&quot;longitude&quot;:&quot;-80.3738594&quot;}\" data-image-title=\"libro-por-los-caminos\" data-image-description=\"\" data-image-caption=\"\" data-large-file=\"https:\/\/i0.wp.com\/elabrevaderojm.com\/wp-content\/uploads\/2020\/02\/libro-por-los-caminos.jpg?fit=640%2C807&amp;ssl=1\" src=\"https:\/\/i0.wp.com\/elabrevaderojm.com\/wp-content\/uploads\/2020\/02\/libro-por-los-caminos.jpg?resize=640%2C807&#038;ssl=1\" alt=\"\" class=\"wp-image-321 size-full\"\/><\/figure><div class=\"wp-block-media-text__content\">\n<p class=\"has-drop-cap has-text-align-justify has-small-font-size wp-block-paragraph\">Durante mi etapa de maestro en las escuelas p\u00fablicas de Miami-Dade, tuve la suerte y el honor de participar en un taller de escritura creativa para los maestros, organizado por el Departamento de Educaci\u00f3n Biling\u00fce y Lenguas Extranjeras y la Fundaci\u00f3n Cuatro Gatos en el 2017. \u00a1Fue una oportunidad \u00fanica! All\u00ed estuvimos trabajando con escritores de la talla de Da\u00edna Chaviano, Antonio Orlando Rodr\u00edguez, Sergio Andrica\u00edn, Jos\u00e9 Ignacio Valenzuela, Ver\u00f3nica Murgu\u00eda, entre otros. No hubo quien no se divirtiera y, sobre todo, desatara su creaci\u00f3n de la mano de esos expertos. De todo lo que all\u00ed hicimos sali\u00f3 el libro cuya foto est\u00e1 a la izquierda, donde ellos publicaron trabajos de todas las tareas que se nos asignaron. <\/p>\n<\/div><\/div>\n\n\n\n<p class=\"has-text-align-justify wp-block-paragraph\">Desafortunadamente, fue como el \u00absue\u00f1o de una semana de verano\u00bb. No m\u00e1s. Sin embargo, para m\u00ed fue parte de esa llamita que me ha empujado hacia el abrevadero. De esa experiencia voy a compartir con ustedes los trabajos que yo hice como parte de mi asistencia. Los primeros ser\u00e1n los que aparecen en el libro. Este es mi modesto homenaje a ese esfuerzo. Gracias por leerlos y comentar qu\u00e9 te parecen.<\/p>\n\n\n\n<div class=\"wp-block-group alignwide\"><div class=\"wp-block-group__inner-container is-layout-flow wp-block-group-is-layout-flow\">\n<div class=\"wp-block-media-text alignwide is-stacked-on-mobile\" style=\"grid-template-columns:15% auto\"><figure class=\"wp-block-media-text__media\"><img data-recalc-dims=\"1\" loading=\"lazy\" decoding=\"async\" width=\"210\" height=\"240\" data-attachment-id=\"324\" data-permalink=\"https:\/\/elabrevaderojm.com\/en\/hector\/\" data-orig-file=\"https:\/\/i0.wp.com\/elabrevaderojm.com\/wp-content\/uploads\/2020\/02\/hector.jpg?fit=210%2C240&amp;ssl=1\" data-orig-size=\"210,240\" data-comments-opened=\"1\" data-image-meta=\"{&quot;aperture&quot;:&quot;0&quot;,&quot;credit&quot;:&quot;&quot;,&quot;camera&quot;:&quot;&quot;,&quot;caption&quot;:&quot;&quot;,&quot;created_timestamp&quot;:&quot;0&quot;,&quot;copyright&quot;:&quot;&quot;,&quot;focal_length&quot;:&quot;0&quot;,&quot;iso&quot;:&quot;0&quot;,&quot;shutter_speed&quot;:&quot;0&quot;,&quot;title&quot;:&quot;&quot;,&quot;orientation&quot;:&quot;0&quot;}\" data-image-title=\"hector\" data-image-description=\"\" data-image-caption=\"\" data-large-file=\"https:\/\/i0.wp.com\/elabrevaderojm.com\/wp-content\/uploads\/2020\/02\/hector.jpg?fit=210%2C240&amp;ssl=1\" src=\"https:\/\/i0.wp.com\/elabrevaderojm.com\/wp-content\/uploads\/2020\/02\/hector.jpg?resize=210%2C240&#038;ssl=1\" alt=\"\" class=\"wp-image-324 size-full\"\/><\/figure><div class=\"wp-block-media-text__content\">\n<p class=\"wp-block-paragraph\" style=\"font-size:28px\"><strong>Tarea: Caracterizaci\u00f3n de personaje. \u00abEl domador de caballos\u00bb<\/strong><\/p>\n<\/div><\/div>\n\n\n\n<p class=\"has-text-align-justify wp-block-paragraph\">Tras controlar su miedo, el guerrero hace retornar su carroza. Avanza resuelto entre los compatriotas que se repliegan hacia la muralla, espantados por la peligrosa cercan\u00eda del matador indiscutible, de la presencia omnipotente, del semidi\u00f3s, del de \u201clos pies ligeros\u201d.<\/p>\n\n\n\n<p class=\"has-text-align-justify wp-block-paragraph\">Su yelmo, sus vestiduras, su armadura, su lanza brillan como el sol mismo que, en contubernio con el enemigo, ilumina el campo con obscena intensidad para que todos, hasta quienes, tr\u00e9mulos, se asoman al borde superior de la infranqueable fachada, no pierdan un detalle de este sacrificio.<\/p>\n\n\n\n<p class=\"has-text-align-justify wp-block-paragraph\">Claro que el guerrero conoce su destino: la muerte viene hacia \u00e9l en carroza, furioso, indetenible, como le corresponde al matador indiscutible, a la presencia omnipotente, al semidi\u00f3s, al de \u201clos pies ligeros\u201d. Va a morir \u2013no puede imaginar un golpe de suerte\u2013, pues solamente los dioses est\u00e1n por encima de este le\u00f3n en piel de hombre.<\/p>\n\n\n\n<p class=\"has-text-align-justify wp-block-paragraph\">Pero no le tiembla la mano que ase la lanza cuando baja de la carroza, porque \u00e9l mismo es m\u00e1s que un pr\u00edncipe: \u00c9l es el padre que morir\u00eda por proteger a su hijo y el esposo que defiende a su amada, el caudillo proyectado en sus hombres, el s\u00fabdito respetado hasta por su rey. Es la inspiraci\u00f3n del amor y el honor, el orgullo de la ciudad, codiciada pero indomable.<\/p>\n\n\n\n<p class=\"has-text-align-justify wp-block-paragraph\">Y avanza, resuelto, al encuentro de la muerte, de los dioses, del destino, que cierran filas con los invasores, porque en su saco de coraje lleva a su hijo, a la esposa, a sus hombres, al rey, y a la ciudad indomable.<\/p>\n<\/div><\/div>\n\n\n\n<div class=\"wp-block-group alignwide\"><div class=\"wp-block-group__inner-container is-layout-flow wp-block-group-is-layout-flow\">\n<div class=\"wp-block-media-text alignwide is-stacked-on-mobile\" style=\"grid-template-columns:15% auto\"><figure class=\"wp-block-media-text__media\"><img data-recalc-dims=\"1\" loading=\"lazy\" decoding=\"async\" width=\"640\" height=\"369\" data-attachment-id=\"327\" data-permalink=\"https:\/\/elabrevaderojm.com\/en\/cartoon-man-pushes-elephant-vector-3984548-1\/\" data-orig-file=\"https:\/\/i0.wp.com\/elabrevaderojm.com\/wp-content\/uploads\/2020\/02\/cartoon-man-pushes-elephant-vector-3984548-1.jpg?fit=991%2C571&amp;ssl=1\" data-orig-size=\"991,571\" data-comments-opened=\"1\" data-image-meta=\"{&quot;aperture&quot;:&quot;0&quot;,&quot;credit&quot;:&quot;&quot;,&quot;camera&quot;:&quot;&quot;,&quot;caption&quot;:&quot;&quot;,&quot;created_timestamp&quot;:&quot;1581372114&quot;,&quot;copyright&quot;:&quot;&quot;,&quot;focal_length&quot;:&quot;0&quot;,&quot;iso&quot;:&quot;0&quot;,&quot;shutter_speed&quot;:&quot;0&quot;,&quot;title&quot;:&quot;&quot;,&quot;orientation&quot;:&quot;1&quot;}\" data-image-title=\"cartoon-man-pushes-elephant-vector-3984548-1\" data-image-description=\"\" data-image-caption=\"\" data-large-file=\"https:\/\/i0.wp.com\/elabrevaderojm.com\/wp-content\/uploads\/2020\/02\/cartoon-man-pushes-elephant-vector-3984548-1.jpg?fit=640%2C369&amp;ssl=1\" src=\"https:\/\/i0.wp.com\/elabrevaderojm.com\/wp-content\/uploads\/2020\/02\/cartoon-man-pushes-elephant-vector-3984548-1.jpg?resize=640%2C369&#038;ssl=1\" alt=\"\" class=\"wp-image-327 size-full\"\/><\/figure><div class=\"wp-block-media-text__content\">\n<p class=\"has-large-font-size wp-block-paragraph\"><strong>Tarea: Carta a un amigo<\/strong><\/p>\n<\/div><\/div>\n\n\n\n<p class=\"wp-block-paragraph\">Querido amigo:<\/p>\n\n\n\n<p class=\"wp-block-paragraph\">Hoy ser\u00e1 un d\u00eda maravilloso. No por la lluvia temprana que me acompa\u00f1\u00f3 durante buena parte del camino hasta ac\u00e1, este gigante de la educaci\u00f3n al norte de Miami-Dade \u2013 y ya sabes cu\u00e1nto me gustan los d\u00edas lluviosos -, sino por la magia comunicativa que la primera oradora del curso esparci\u00f3 sobre nuestro grupo, como si extendiese sobre una mesa yerma uno de esos manteles m\u00e1gicos de historias fant\u00e1sticas que, al posarse sobre la mesa, hacen aparecer las delicias que invitan a disfrutar de un fabuloso fest\u00edn.<\/p>\n\n\n\n<p class=\"wp-block-paragraph\">Hasta el lugar en s\u00ed se ha presentado como salido de un sue\u00f1o. Camino del aula, tuve que detenerme para complacer mis ojos con la imagen propia de una f\u00e1bula: un carpintero y su ayudante. El maestro, afanoso, diestro, daba forma a la madera que necesitaba para reparar ciertos muebles deteriorados por el uso y el tiempo. Su ayudante, un sol\u00edcito elefante de afable rostro, pon\u00eda cada tronco necesitado junto a su compa\u00f1ero.<\/p>\n\n\n\n<p class=\"wp-block-paragraph\">\u00bfNo te parece algo extraordinario para un d\u00eda com\u00fan? \u00a1Si los hubieses visto, como yo, compartir el caf\u00e9!<\/p>\n\n\n\n<p class=\"wp-block-paragraph\">Como te dije: una maravilla en colores.<\/p>\n\n\n\n<p class=\"wp-block-paragraph\">Un abrazo.<\/p>\n\n\n\n<p class=\"wp-block-paragraph\">Tu hermano,<\/p>\n\n\n\n<p class=\"wp-block-paragraph\">Jos\u00e9<\/p>\n<\/div><\/div>\n\n\n\n<div class=\"wp-block-media-text alignwide is-stacked-on-mobile\" style=\"grid-template-columns:15% auto\"><figure class=\"wp-block-media-text__media\"><img data-recalc-dims=\"1\" loading=\"lazy\" decoding=\"async\" width=\"640\" height=\"440\" data-attachment-id=\"330\" data-permalink=\"https:\/\/elabrevaderojm.com\/en\/a64c3257817c0bb206a08c5b8523969b\/\" data-orig-file=\"https:\/\/i0.wp.com\/elabrevaderojm.com\/wp-content\/uploads\/2020\/02\/a64c3257817c0bb206a08c5b8523969b.jpg?fit=728%2C500&amp;ssl=1\" data-orig-size=\"728,500\" data-comments-opened=\"1\" data-image-meta=\"{&quot;aperture&quot;:&quot;0&quot;,&quot;credit&quot;:&quot;&quot;,&quot;camera&quot;:&quot;&quot;,&quot;caption&quot;:&quot;&quot;,&quot;created_timestamp&quot;:&quot;0&quot;,&quot;copyright&quot;:&quot;&quot;,&quot;focal_length&quot;:&quot;0&quot;,&quot;iso&quot;:&quot;0&quot;,&quot;shutter_speed&quot;:&quot;0&quot;,&quot;title&quot;:&quot;&quot;,&quot;orientation&quot;:&quot;0&quot;}\" data-image-title=\"a64c3257817c0bb206a08c5b8523969b\" data-image-description=\"\" data-image-caption=\"\" data-large-file=\"https:\/\/i0.wp.com\/elabrevaderojm.com\/wp-content\/uploads\/2020\/02\/a64c3257817c0bb206a08c5b8523969b.jpg?fit=640%2C440&amp;ssl=1\" src=\"https:\/\/i0.wp.com\/elabrevaderojm.com\/wp-content\/uploads\/2020\/02\/a64c3257817c0bb206a08c5b8523969b.jpg?resize=640%2C440&#038;ssl=1\" alt=\"\" class=\"wp-image-330 size-full\"\/><\/figure><div class=\"wp-block-media-text__content\">\n<p class=\"wp-block-paragraph\" style=\"font-size:28px\"><strong>Tarea: Burl\u00e1ndose de uno mismo. \u00abQuerida dentadura\u00bb.<\/strong><\/p>\n<\/div><\/div>\n\n\n\n<p class=\"wp-block-paragraph\">Hachas sin filo, inservibles para cortar madera.<\/p>\n\n\n\n<p class=\"wp-block-paragraph\">Bloques sin fortaleza necesaria para construir.<\/p>\n\n\n\n<p class=\"wp-block-paragraph\">Paletas de molino imposibilitadas de girar en el viento.<\/p>\n\n\n\n<p class=\"wp-block-paragraph\">Sin embargo\u2026<\/p>\n\n\n\n<p class=\"wp-block-paragraph\">Tambi\u00e9n puerta frontal de la salud por dentro.<\/p>\n\n\n\n<p class=\"wp-block-paragraph\">Balcones siempre abiertos a la carcajada sincera.<\/p>\n\n\n\n<p class=\"wp-block-paragraph\">Terribles, pero funcionales.<\/p>\n\n\n\n<p class=\"wp-block-paragraph\">As\u00ed son mis dientes.<\/p>\n\n\n\n<div class=\"wp-block-media-text alignwide is-stacked-on-mobile\" style=\"grid-template-columns:15% auto\"><figure class=\"wp-block-media-text__media\"><img data-recalc-dims=\"1\" loading=\"lazy\" decoding=\"async\" width=\"640\" height=\"837\" data-attachment-id=\"333\" data-permalink=\"https:\/\/elabrevaderojm.com\/en\/king-skull-in-royal-gold-crown-vector-8241892-1\/\" data-orig-file=\"https:\/\/i0.wp.com\/elabrevaderojm.com\/wp-content\/uploads\/2020\/02\/king-skull-in-royal-gold-crown-vector-8241892-1.jpg?fit=772%2C1010&amp;ssl=1\" data-orig-size=\"772,1010\" data-comments-opened=\"1\" data-image-meta=\"{&quot;aperture&quot;:&quot;0&quot;,&quot;credit&quot;:&quot;&quot;,&quot;camera&quot;:&quot;&quot;,&quot;caption&quot;:&quot;&quot;,&quot;created_timestamp&quot;:&quot;1581373248&quot;,&quot;copyright&quot;:&quot;&quot;,&quot;focal_length&quot;:&quot;0&quot;,&quot;iso&quot;:&quot;0&quot;,&quot;shutter_speed&quot;:&quot;0&quot;,&quot;title&quot;:&quot;&quot;,&quot;orientation&quot;:&quot;1&quot;}\" data-image-title=\"king-skull-in-royal-gold-crown-vector-8241892-1\" data-image-description=\"\" data-image-caption=\"\" data-large-file=\"https:\/\/i0.wp.com\/elabrevaderojm.com\/wp-content\/uploads\/2020\/02\/king-skull-in-royal-gold-crown-vector-8241892-1.jpg?fit=640%2C837&amp;ssl=1\" src=\"https:\/\/i0.wp.com\/elabrevaderojm.com\/wp-content\/uploads\/2020\/02\/king-skull-in-royal-gold-crown-vector-8241892-1.jpg?resize=640%2C837&#038;ssl=1\" alt=\"\" class=\"wp-image-333 size-full\"\/><\/figure><div class=\"wp-block-media-text__content\">\n<p class=\"wp-block-paragraph\" style=\"font-size:30px\"><strong>Tarea: Microficciones. \u00abMonarcas\u00bb.<\/strong><\/p>\n<\/div><\/div>\n\n\n\n<p class=\"wp-block-paragraph\">El rey grit\u00f3: \u201c\u00a1Al combate!\u201d Y al campo salieron los perros de la guerra, ladrando, mordiendo, despedaz\u00e1ndose la carne mutuamente, de ambos bandos. Lo hac\u00edan por el honor, por la gloria, por la eternidad.<\/p>\n\n\n\n<p class=\"wp-block-paragraph\">Tras el silencio, el rey vencedor ascendi\u00f3 la monta\u00f1a de los inm\u00f3viles valientes y, en la cima, con inmensa satisfacci\u00f3n, llen\u00f3 sus pulmones con el aire cargado de su honor, su gloria, su eternidad.<\/p>\n\n\n\n<div class=\"wp-block-media-text alignwide is-stacked-on-mobile\" style=\"grid-template-columns:15% auto\"><figure class=\"wp-block-media-text__media\"><img data-recalc-dims=\"1\" loading=\"lazy\" decoding=\"async\" width=\"640\" height=\"425\" data-attachment-id=\"338\" data-permalink=\"https:\/\/elabrevaderojm.com\/en\/pintura-olas-del-mar\/\" data-orig-file=\"https:\/\/i0.wp.com\/elabrevaderojm.com\/wp-content\/uploads\/2020\/02\/pintura-olas-del-mar.jpg?fit=912%2C606&amp;ssl=1\" data-orig-size=\"912,606\" data-comments-opened=\"1\" data-image-meta=\"{&quot;aperture&quot;:&quot;0&quot;,&quot;credit&quot;:&quot;&quot;,&quot;camera&quot;:&quot;&quot;,&quot;caption&quot;:&quot;&quot;,&quot;created_timestamp&quot;:&quot;0&quot;,&quot;copyright&quot;:&quot;&quot;,&quot;focal_length&quot;:&quot;0&quot;,&quot;iso&quot;:&quot;0&quot;,&quot;shutter_speed&quot;:&quot;0&quot;,&quot;title&quot;:&quot;&quot;,&quot;orientation&quot;:&quot;0&quot;}\" data-image-title=\"pintura-olas-del-mar\" data-image-description=\"\" data-image-caption=\"\" data-large-file=\"https:\/\/i0.wp.com\/elabrevaderojm.com\/wp-content\/uploads\/2020\/02\/pintura-olas-del-mar.jpg?fit=640%2C425&amp;ssl=1\" src=\"https:\/\/i0.wp.com\/elabrevaderojm.com\/wp-content\/uploads\/2020\/02\/pintura-olas-del-mar.jpg?resize=640%2C425&#038;ssl=1\" alt=\"\" class=\"wp-image-338 size-full\"\/><\/figure><div class=\"wp-block-media-text__content\">\n<p class=\"wp-block-paragraph\" style=\"font-size:28px\"><strong>Tarea: Leyendas. \u00ab\u00bfPor qu\u00e9 el mar nunca se seca?\u00bb<\/strong><\/p>\n<\/div><\/div>\n\n\n\n<p class=\"wp-block-paragraph\">El mar nunca se seca para que podamos admirar la belleza de los corales, temer la furia de las tormentas o la mordida del tibur\u00f3n, y enamorarnos de las ballenas y los delfines. Para que podamos degustar las delicias que nos regala y respirar la gloria de aventurarnos m\u00e1s all\u00e1 del horizonte y as\u00ed sentir la satisfacci\u00f3n de ver una nueva cara. <\/p>\n\n\n\n<hr class=\"wp-block-separator has-alpha-channel-opacity\"\/>\n\n\n\n<p class=\"has-text-align-justify wp-block-paragraph\">Si te gustaron los trabajos, demu\u00e9stralo con un \u00abpulgar arriba\u00bb y un \u00abaplauso\u00bb, y compartiendo el contenido con tus amistades y en tus redes sociales. Es muy gratificante. Y quiz\u00e1s otras personas se enteren de estas cosas interesantes que has le\u00eddo hoy.<\/p>\n\n\n\n<p class=\"has-text-align-justify wp-block-paragraph\">Si tienes algo que comentar, preguntar o agregar, o decirme como expositor, por favor hazlo dejando tu comentario.<\/p>\n\n\n\n<p class=\"has-text-align-justify wp-block-paragraph\">Siempre lo mejor para estar al tanto de estas interesantes entregas es suscribirte a mi blog, que trato de surtir con nuevos trabajos siempre que me sea posible.<\/p>\n\n\n\n<p class=\"wp-block-paragraph\">Gracias por leer.<\/p>\n\n\n\n<div class=\"wp-block-comments\">\n\t\t<div id=\"respond\" class=\"comment-respond wp-block-post-comments-form\">\n\t\t\t<h3 id=\"reply-title\" class=\"comment-reply-title\">Leave a Reply<small><a rel=\"nofollow\" id=\"cancel-comment-reply-link\" href=\"\/en\/wp-json\/wp\/v2\/pages\/22#respond\" style=\"display:none;\">Cancel reply<\/a><\/small><\/h3>\t\t\t<form id=\"commentform\" class=\"comment-form\">\n\t\t\t\t<iframe\n\t\t\t\t\ttitle=\"Comment Form\"\n\t\t\t\t\tsrc=\"https:\/\/jetpack.wordpress.com\/jetpack-comment\/?blogid=153735515&#038;postid=22&#038;comment_registration=0&#038;require_name_email=0&#038;stc_enabled=1&#038;stb_enabled=1&#038;show_avatars=1&#038;avatar_default=identicon&#038;greeting=Leave+a+Reply&#038;jetpack_comments_nonce=97ea88e9ff&#038;greeting_reply=Leave+a+Reply+to+%25s&#038;color_scheme=light&#038;lang=en_US&#038;jetpack_version=16.2-a.5&#038;iframe_unique_id=3&#038;show_cookie_consent=10&#038;has_cookie_consent=0&#038;is_current_user_subscribed=0&#038;token_key=%3Bnormal%3B&#038;sig=92fbe381d25427dc411e249c75f8e1e2d09b8738#parent=https%3A%2F%2Felabrevaderojm.com%2Fen%2Fwp-json%2Fwp%2Fv2%2Fpages%2F22\"\n\t\t\t\t\t\t\t\t\t\t\tname=\"jetpack_remote_comment\"\n\t\t\t\t\t\tstyle=\"width:100%; height: 430px; border:0;\"\n\t\t\t\t\t\t\t\t\t\tclass=\"jetpack_remote_comment\"\n\t\t\t\t\tid=\"jetpack_remote_comment\"\n\t\t\t\t\tsandbox=\"allow-same-origin allow-top-navigation allow-scripts allow-forms allow-popups\"\n\t\t\t\t>\n\t\t\t\t\t\t\t\t\t<\/iframe>\n\t\t\t\t\t\t\t\t\t<!--[if !IE]><!-->\n\t\t\t\t\t<script>\n\t\t\t\t\t\tdocument.addEventListener('DOMContentLoaded', function () {\n\t\t\t\t\t\t\tvar commentForms = document.getElementsByClassName('jetpack_remote_comment');\n\t\t\t\t\t\t\tfor (var i = 0; i < commentForms.length; i++) {\n\t\t\t\t\t\t\t\tcommentForms[i].allowTransparency = false;\n\t\t\t\t\t\t\t\tcommentForms[i].scrolling = 'no';\n\t\t\t\t\t\t\t}\n\t\t\t\t\t\t});\n\t\t\t\t\t<\/script>\n\t\t\t\t\t<!--<![endif]-->\n\t\t\t\t\t\t\t<\/form>\n\t\t<\/div>\n\n\t\t\n\t\t<input type=\"hidden\" name=\"comment_parent\" id=\"comment_parent\" value=\"\" \/>\n\n\t\t<\/div>\n\n\n<div class=\"crowdsignal-vote-wrapper\" data-crowdsignal-vote=\"{&quot;pollId&quot;:&quot;4cf0e0de-660d-448a-af88-38cedd7decdf&quot;,&quot;title&quot;:&quot;Votaci\\u00f3n sin t\\u00edtulo 4&quot;,&quot;hideBranding&quot;:false,&quot;pollStatus&quot;:&quot;open&quot;,&quot;size&quot;:&quot;medium&quot;,&quot;borderWidth&quot;:1,&quot;borderRadius&quot;:5,&quot;hideResults&quot;:false,&quot;TrpContentRestriction&quot;:{&quot;restriction_type&quot;:&quot;exclude&quot;,&quot;selected_languages&quot;:[],&quot;panel_open&quot;:true},&quot;apiPollData&quot;:{&quot;id&quot;:15450562,&quot;question&quot;:&quot;&quot;,&quot;note&quot;:&quot;&quot;,&quot;settings&quot;:{&quot;title&quot;:&quot;Votaci\\u00f3n sin t\\u00edtulo 4&quot;,&quot;after_vote&quot;:&quot;results&quot;,&quot;after_message&quot;:&quot;&quot;,&quot;randomize_answers&quot;:false,&quot;restrict_vote_repeat&quot;:false,&quot;captcha&quot;:false,&quot;multiple_choice&quot;:false,&quot;redirect_url&quot;:&quot;&quot;,&quot;close_status&quot;:&quot;open&quot;,&quot;close_after&quot;:false},&quot;answers&quot;:[{&quot;answer_text&quot;:&quot;up&quot;,&quot;id&quot;:68254876,&quot;client_id&quot;:&quot;10ba29b8-b988-4a91-a0ea-0a518050bdef&quot;},{&quot;answer_text&quot;:&quot;down&quot;,&quot;id&quot;:68254877,&quot;client_id&quot;:&quot;799c01d7-2e34-48cd-9b11-72bc578615b1&quot;}],&quot;source_link&quot;:&quot;https:\\\/\\\/elabrevaderojm.com&quot;,&quot;client_id&quot;:&quot;4cf0e0de-660d-448a-af88-38cedd7decdf&quot;}}\">\n<div data-crowdsignal-vote-item=\"{&quot;answerId&quot;:&quot;10ba29b8-b988-4a91-a0ea-0a518050bdef&quot;,&quot;type&quot;:&quot;up&quot;,&quot;TrpContentRestriction&quot;:{&quot;restriction_type&quot;:&quot;exclude&quot;,&quot;selected_languages&quot;:[],&quot;panel_open&quot;:true}}\"><\/div>\n\n<div data-crowdsignal-vote-item=\"{&quot;answerId&quot;:&quot;799c01d7-2e34-48cd-9b11-72bc578615b1&quot;,&quot;type&quot;:&quot;down&quot;,&quot;TrpContentRestriction&quot;:{&quot;restriction_type&quot;:&quot;exclude&quot;,&quot;selected_languages&quot;:[],&quot;panel_open&quot;:true}}\"><\/div>\n<\/div>\n\n<div class=\"crowdsignal-applause-wrapper\" data-crowdsignal-applause=\"{&quot;pollId&quot;:&quot;b064a534-3f03-44cd-8207-8b7c39eb8159&quot;,&quot;title&quot;:&quot;Aplauso sin t\\u00edtulo 4&quot;,&quot;answerId&quot;:&quot;5c52406c-79ce-40e0-8793-c774a41538e8&quot;,&quot;hideBranding&quot;:false,&quot;size&quot;:&quot;medium&quot;,&quot;pollStatus&quot;:&quot;open&quot;,&quot;TrpContentRestriction&quot;:{&quot;restriction_type&quot;:&quot;exclude&quot;,&quot;selected_languages&quot;:[],&quot;panel_open&quot;:true},&quot;apiPollData&quot;:{&quot;id&quot;:15450563,&quot;question&quot;:&quot;&quot;,&quot;note&quot;:&quot;&quot;,&quot;settings&quot;:{&quot;title&quot;:&quot;Aplauso sin t\\u00edtulo 4&quot;,&quot;after_vote&quot;:&quot;results&quot;,&quot;after_message&quot;:&quot;&quot;,&quot;randomize_answers&quot;:false,&quot;restrict_vote_repeat&quot;:false,&quot;captcha&quot;:false,&quot;multiple_choice&quot;:false,&quot;redirect_url&quot;:&quot;&quot;,&quot;close_status&quot;:&quot;open&quot;,&quot;close_after&quot;:false},&quot;answers&quot;:[{&quot;answer_text&quot;:&quot;clap&quot;,&quot;id&quot;:68254878,&quot;client_id&quot;:&quot;5c52406c-79ce-40e0-8793-c774a41538e8&quot;}],&quot;source_link&quot;:&quot;https:\\\/\\\/elabrevaderojm.com&quot;,&quot;client_id&quot;:&quot;b064a534-3f03-44cd-8207-8b7c39eb8159&quot;}}\"><\/div>\n\n\n<!--nextpage-->\n\n\n\n<h2 class=\"wp-block-heading has-abril-fatface-font-family has-custom-font\" style=\"font-family:Abril Fatface;font-size:40px\">Por los caminos de la <span class=\"uppercase\">\u00f1<\/span> (2)<\/h2>\n\n\n\n<div class=\"wp-block-media-text alignwide is-stacked-on-mobile\" style=\"grid-template-columns:29% auto\"><figure class=\"wp-block-media-text__media\"><img data-recalc-dims=\"1\" loading=\"lazy\" decoding=\"async\" width=\"640\" height=\"807\" data-attachment-id=\"381\" data-permalink=\"https:\/\/elabrevaderojm.com\/en\/libro-por-los-caminos-1\/\" data-orig-file=\"https:\/\/i0.wp.com\/elabrevaderojm.com\/wp-content\/uploads\/2020\/02\/libro-por-los-caminos-1.jpg?fit=2736%2C3449&amp;ssl=1\" data-orig-size=\"2736,3449\" data-comments-opened=\"1\" data-image-meta=\"{&quot;aperture&quot;:&quot;2.4&quot;,&quot;credit&quot;:&quot;&quot;,&quot;camera&quot;:&quot;SM-G975F&quot;,&quot;caption&quot;:&quot;&quot;,&quot;created_timestamp&quot;:&quot;1581367531&quot;,&quot;copyright&quot;:&quot;&quot;,&quot;focal_length&quot;:&quot;4.32&quot;,&quot;iso&quot;:&quot;50&quot;,&quot;shutter_speed&quot;:&quot;0.0019960079840319&quot;,&quot;title&quot;:&quot;&quot;,&quot;orientation&quot;:&quot;1&quot;,&quot;latitude&quot;:&quot;25.731839347222&quot;,&quot;longitude&quot;:&quot;-80.3738594&quot;}\" data-image-title=\"libro-por-los-caminos-1\" data-image-description=\"\" data-image-caption=\"\" data-large-file=\"https:\/\/i0.wp.com\/elabrevaderojm.com\/wp-content\/uploads\/2020\/02\/libro-por-los-caminos-1.jpg?fit=640%2C807&amp;ssl=1\" src=\"https:\/\/i0.wp.com\/elabrevaderojm.com\/wp-content\/uploads\/2020\/02\/libro-por-los-caminos-1.jpg?resize=640%2C807&#038;ssl=1\" alt=\"\" class=\"wp-image-381 size-full\"\/><\/figure><div class=\"wp-block-media-text__content\">\n<p class=\"has-drop-cap has-text-align-justify has-medium-font-size wp-block-paragraph\">Regreso a compartir las tareas que se nos asignaron en este taller del cual les habl\u00e9 con anterioridad. Como la vez anterior, espero que les guste y me dejen sus comentarios al respecto. <\/p>\n<\/div><\/div>\n\n\n\n<p class=\"wp-block-paragraph\"><\/p>\n\n\n\n<div class=\"wp-block-group alignwide\"><div class=\"wp-block-group__inner-container is-layout-flow wp-block-group-is-layout-flow\">\n<div class=\"wp-block-media-text alignwide is-stacked-on-mobile\" style=\"grid-template-columns:15% auto\"><figure class=\"wp-block-media-text__media\"><img data-recalc-dims=\"1\" loading=\"lazy\" decoding=\"async\" width=\"600\" height=\"600\" data-attachment-id=\"384\" data-permalink=\"https:\/\/elabrevaderojm.com\/en\/palabras-regadas\/\" data-orig-file=\"https:\/\/i0.wp.com\/elabrevaderojm.com\/wp-content\/uploads\/2020\/02\/palabras-regadas.png?fit=600%2C600&amp;ssl=1\" data-orig-size=\"600,600\" data-comments-opened=\"1\" data-image-meta=\"{&quot;aperture&quot;:&quot;0&quot;,&quot;credit&quot;:&quot;&quot;,&quot;camera&quot;:&quot;&quot;,&quot;caption&quot;:&quot;&quot;,&quot;created_timestamp&quot;:&quot;0&quot;,&quot;copyright&quot;:&quot;&quot;,&quot;focal_length&quot;:&quot;0&quot;,&quot;iso&quot;:&quot;0&quot;,&quot;shutter_speed&quot;:&quot;0&quot;,&quot;title&quot;:&quot;&quot;,&quot;orientation&quot;:&quot;0&quot;}\" data-image-title=\"palabras-regadas\" data-image-description=\"\" data-image-caption=\"\" data-large-file=\"https:\/\/i0.wp.com\/elabrevaderojm.com\/wp-content\/uploads\/2020\/02\/palabras-regadas.png?fit=600%2C600&amp;ssl=1\" src=\"https:\/\/i0.wp.com\/elabrevaderojm.com\/wp-content\/uploads\/2020\/02\/palabras-regadas.png?resize=600%2C600&#038;ssl=1\" alt=\"\" class=\"wp-image-384 size-full\"\/><\/figure><div class=\"wp-block-media-text__content\">\n<p class=\"has-normal-font-size wp-block-paragraph\"><strong>Tarea: Mon\u00f3logo con palabras. \u00abNuestro parque\u00bb<\/strong>. Las palabras asignadas, en las que deb\u00eda basarse el texto, est\u00e1n en negrita.<\/p>\n<\/div><\/div>\n\n\n\n<div class=\"wp-block-media-text alignwide is-stacked-on-mobile\" style=\"grid-template-columns:25% auto\"><figure class=\"wp-block-media-text__media\"><img data-recalc-dims=\"1\" loading=\"lazy\" decoding=\"async\" width=\"640\" height=\"427\" data-attachment-id=\"386\" data-permalink=\"https:\/\/elabrevaderojm.com\/en\/parque-maceo\/\" data-orig-file=\"https:\/\/i0.wp.com\/elabrevaderojm.com\/wp-content\/uploads\/2020\/02\/parque-maceo.jpg?fit=2048%2C1365&amp;ssl=1\" data-orig-size=\"2048,1365\" data-comments-opened=\"1\" data-image-meta=\"{&quot;aperture&quot;:&quot;0&quot;,&quot;credit&quot;:&quot;&quot;,&quot;camera&quot;:&quot;&quot;,&quot;caption&quot;:&quot;&quot;,&quot;created_timestamp&quot;:&quot;0&quot;,&quot;copyright&quot;:&quot;&quot;,&quot;focal_length&quot;:&quot;0&quot;,&quot;iso&quot;:&quot;0&quot;,&quot;shutter_speed&quot;:&quot;0&quot;,&quot;title&quot;:&quot;&quot;,&quot;orientation&quot;:&quot;0&quot;}\" data-image-title=\"parque-maceo\" data-image-description=\"\" data-image-caption=\"\" data-large-file=\"https:\/\/i0.wp.com\/elabrevaderojm.com\/wp-content\/uploads\/2020\/02\/parque-maceo.jpg?fit=640%2C427&amp;ssl=1\" src=\"https:\/\/i0.wp.com\/elabrevaderojm.com\/wp-content\/uploads\/2020\/02\/parque-maceo.jpg?resize=640%2C427&#038;ssl=1\" alt=\"\" class=\"wp-image-386 size-full\"\/><\/figure><div class=\"wp-block-media-text__content\">\n<p class=\"has-text-align-right wp-block-paragraph\"><em>Al \u00fanico sabio que conoc\u00ed en persona: mi padre.<\/em><\/p>\n\n\n\n<p class=\"has-text-align-justify has-small-font-size wp-block-paragraph\">He vuelto a sentarme en el <strong>banco amarillo<\/strong> junto a la <strong>farola<\/strong> en el parque del barrio. M\u00e1s all\u00e1 de la avenida y el muro el <strong>mar<\/strong> insiste en precipitarse tras el <strong>horizonte<\/strong>. Como siempre, no hace falta la <strong>primavera<\/strong> para que la traviesa naturaleza ponga a su jardinero a regarnos con su <strong>lluvia<\/strong> c\u00e1lida, sonora, viva, pero no perpetua, pues llega el momento en que el <strong>sol <\/strong>extiende los brazos y separa la cortina, aparece tras ella, lento, pero indetenible como un <strong>elefante<\/strong> celeste, volviendo a ganar la batalla, ahora con su <strong>luz<\/strong>, como en otro momento lo hizo con su calor para quitarle la camisa al caminante, lo cual no pudo el viento. Ese inconfundible olor a <strong>tierra<\/strong> mojada llena mis pulmones.<\/p>\n<\/div><\/div>\n\n\n\n<p class=\"wp-block-paragraph\">Grita de ganas por imponerse el <strong>amanecer<\/strong>.<\/p>\n\n\n\n<p class=\"has-text-align-justify wp-block-paragraph\">Los rayos van secando bajo mis pies el empedrado <strong>camino<\/strong> que atraviesa el t\u00fanel \u2014puente si se mira desde la avenida\u2014 y se abre en la explanada en arco donde el muro semeja un <strong>balc\u00f3n<\/strong> p\u00fablico, pues cualquiera puede asomarse a la bah\u00eda en \u00e9l.<\/p>\n\n\n\n<p class=\"has-text-align-justify wp-block-paragraph\">Ya no se escucha al <strong>carpintero<\/strong> anunciarnos su horario de trabajo en el sucio \u00e1rbol de la esquina, ni existe tampoco un ej\u00e9rcito de peque\u00f1os detalles que anta\u00f1o parec\u00edan pueriles, irrelevantes. Por eso aprieto los ojos y, entonces, todo se materializa como tocado por una vara m\u00e1gica.<\/p>\n\n\n\n<p class=\"has-text-align-justify wp-block-paragraph\">Mi mente se aferra como un <strong>pulpo<\/strong> a tu recuerdo: de <strong>voz<\/strong> sonando a <strong>poema<\/strong> en el cual los ojos tras las <strong>gafas<\/strong> remendadas son sus versos. Y tus dedos en mi <strong>cabello<\/strong>. \u00a1Me duele el <strong>reloj<\/strong> porque no se detiene en el tiempo! El que terci\u00f3 la carroza, los pajes y los caballos en la ordinaria <strong>calabaza<\/strong> rodeada de ratas.<\/p>\n\n\n\n<p class=\"wp-block-paragraph\">Abro los ojos; el paisaje cambia.<\/p>\n\n\n\n<p class=\"has-text-align-justify wp-block-paragraph\">Beethoven se empecina con su novena sinfon\u00eda en mis o\u00eddos a pesar de que esto es una oda a la tristeza. Quiz\u00e1s sea solamente la imagen que explica tu esencia: un ser capaz de admirar la belleza del entorno con la sexta aun cuando la turbulencia por dentro tronara con acordes de la quinta. Pr\u00edncipe y mendigo. Portento intelectual que jam\u00e1s repar\u00f3 en la intrascendencia de su <strong>zapato<\/strong> o su <strong>pantal\u00f3n<\/strong>.<\/p>\n\n\n\n<p class=\"has-text-align-justify wp-block-paragraph\">Pero muy bien pudiste haber sido de Tchaikovsky. Igual no llegu\u00e9 a conocerte a fondo tras el hermetismo emocional de tu sonrisa y tus chistes. Y tu sabidur\u00eda en cascadas. As\u00ed que tampoco podr\u00eda decir si eras de orqu\u00eddeas o margaritas. Sin embargo, el poeta cultiv\u00f3 una <strong>rosa<\/strong> blanca. Por eso fue mi elecci\u00f3n. Su fr\u00e1gil, clara, po\u00e9tica presencia como epitafio en tu l\u00e1pida.<\/p>\n\n\n\n<p class=\"wp-block-paragraph\">Y los recuerdos.<\/p>\n<\/div><\/div>\n\n\n\n<div class=\"wp-block-group alignwide\"><div class=\"wp-block-group__inner-container is-layout-flow wp-block-group-is-layout-flow\">\n<div class=\"wp-block-media-text alignwide is-stacked-on-mobile\" style=\"grid-template-columns:28% auto\"><figure class=\"wp-block-media-text__media\"><img data-recalc-dims=\"1\" loading=\"lazy\" decoding=\"async\" width=\"640\" height=\"360\" data-attachment-id=\"388\" data-permalink=\"https:\/\/elabrevaderojm.com\/en\/excalibur\/\" data-orig-file=\"https:\/\/i0.wp.com\/elabrevaderojm.com\/wp-content\/uploads\/2020\/02\/excalibur.jpg?fit=1800%2C1012&amp;ssl=1\" data-orig-size=\"1800,1012\" data-comments-opened=\"1\" data-image-meta=\"{&quot;aperture&quot;:&quot;0&quot;,&quot;credit&quot;:&quot;&quot;,&quot;camera&quot;:&quot;&quot;,&quot;caption&quot;:&quot;&quot;,&quot;created_timestamp&quot;:&quot;0&quot;,&quot;copyright&quot;:&quot;&quot;,&quot;focal_length&quot;:&quot;0&quot;,&quot;iso&quot;:&quot;0&quot;,&quot;shutter_speed&quot;:&quot;0&quot;,&quot;title&quot;:&quot;&quot;,&quot;orientation&quot;:&quot;0&quot;}\" data-image-title=\"excalibur\" data-image-description=\"\" data-image-caption=\"\" data-large-file=\"https:\/\/i0.wp.com\/elabrevaderojm.com\/wp-content\/uploads\/2020\/02\/excalibur.jpg?fit=640%2C360&amp;ssl=1\" src=\"https:\/\/i0.wp.com\/elabrevaderojm.com\/wp-content\/uploads\/2020\/02\/excalibur.jpg?resize=640%2C360&#038;ssl=1\" alt=\"\" class=\"wp-image-388 size-full\"\/><\/figure><div class=\"wp-block-media-text__content\">\n<p class=\"wp-block-paragraph\" style=\"font-size:28px\"><strong>TAREA: Describir un objeto o persona de renombre en la literatura. \u00abExcalibur\u00bb<\/strong><\/p>\n<\/div><\/div>\n\n\n\n<p class=\"has-text-align-justify wp-block-paragraph\">Aun sin estar desnuda, en la funda, es una imagen de fuerza abrumadora. Nadie puede decir si la forj\u00f3 Vulcano y la furia del martillo le dio la fortaleza a su cuerpo, pero todos saben que su alma lleva la musculatura de la piedra \u00fanicamente vencida por la mano del l\u00edder indiscutible, para cuyo agarre se remat\u00f3 la longitud precisa de la hoja con la empu\u00f1adura destinada a encontrar su igual perfecto, m\u00e1gico, real.<\/p>\n<\/div><\/div>\n\n\n\n<p class=\"wp-block-paragraph\"><\/p>\n\n\n\n<p class=\"has-text-align-center has-barlow-font-family has-custom-font wp-block-paragraph\" style=\"font-family:Barlow;font-size:30px\"><strong>\u00abLa alegr\u00eda en el sacrificio de Sandita\u00bb<\/strong><\/p>\n\n\n\n<div class=\"wp-block-group alignwide\"><div class=\"wp-block-group__inner-container is-layout-flow wp-block-group-is-layout-flow\">\n<div class=\"wp-block-media-text alignwide\" style=\"grid-template-columns:26% auto\"><figure class=\"wp-block-media-text__media\"><img data-recalc-dims=\"1\" loading=\"lazy\" decoding=\"async\" width=\"223\" height=\"335\" data-attachment-id=\"391\" data-permalink=\"https:\/\/elabrevaderojm.com\/en\/libro-de-las-preguntas-obras-postuma-73707\/\" data-orig-file=\"https:\/\/i0.wp.com\/elabrevaderojm.com\/wp-content\/uploads\/2020\/02\/libro-de-las-preguntas-obras-postuma-73707.jpg?fit=223%2C335&amp;ssl=1\" data-orig-size=\"223,335\" data-comments-opened=\"1\" data-image-meta=\"{&quot;aperture&quot;:&quot;0&quot;,&quot;credit&quot;:&quot;&quot;,&quot;camera&quot;:&quot;&quot;,&quot;caption&quot;:&quot;&quot;,&quot;created_timestamp&quot;:&quot;0&quot;,&quot;copyright&quot;:&quot;&quot;,&quot;focal_length&quot;:&quot;0&quot;,&quot;iso&quot;:&quot;0&quot;,&quot;shutter_speed&quot;:&quot;0&quot;,&quot;title&quot;:&quot;&quot;,&quot;orientation&quot;:&quot;0&quot;}\" data-image-title=\"libro-de-las-preguntas-obras-postuma-73707\" data-image-description=\"\" data-image-caption=\"\" data-large-file=\"https:\/\/i0.wp.com\/elabrevaderojm.com\/wp-content\/uploads\/2020\/02\/libro-de-las-preguntas-obras-postuma-73707.jpg?fit=223%2C335&amp;ssl=1\" src=\"https:\/\/i0.wp.com\/elabrevaderojm.com\/wp-content\/uploads\/2020\/02\/libro-de-las-preguntas-obras-postuma-73707.jpg?resize=223%2C335&#038;ssl=1\" alt=\"\" class=\"wp-image-391 size-full\"\/><\/figure><div class=\"wp-block-media-text__content\">\n<p class=\"has-drop-cap wp-block-paragraph\">Una de las cosas bellas que me he le\u00eddo en mi vida es el Libro de las preguntas, obra p\u00f3stuma del poeta chileno Pablo Neruda, que plantea preguntas po\u00e9ticas a las que el poeta dej\u00f3 sin respuestas. Naci\u00f3 de la compilaci\u00f3n de cuestiones que Neruda iba plante\u00e1ndose a lo largo de su vida: animales, cosas, personajes hist\u00f3ricos, plantas, el sol, a los villanos, al mundo y a s\u00ed mismo. Tengo, como uno de mis proyectos, \u00abcontestarle a Neruda\u00bb, y de esas respuestas aqu\u00ed les traigo la primera.<\/p>\n<\/div><\/div>\n\n\n\n<div class=\"wp-block-media-text alignwide is-stacked-on-mobile\" style=\"grid-template-columns:26% auto\"><figure class=\"wp-block-media-text__media\"><img data-recalc-dims=\"1\" loading=\"lazy\" decoding=\"async\" width=\"620\" height=\"413\" data-attachment-id=\"393\" data-permalink=\"https:\/\/elabrevaderojm.com\/en\/sandita\/\" data-orig-file=\"https:\/\/i0.wp.com\/elabrevaderojm.com\/wp-content\/uploads\/2020\/02\/sandita.jpg?fit=620%2C413&amp;ssl=1\" data-orig-size=\"620,413\" data-comments-opened=\"1\" data-image-meta=\"{&quot;aperture&quot;:&quot;0&quot;,&quot;credit&quot;:&quot;&quot;,&quot;camera&quot;:&quot;&quot;,&quot;caption&quot;:&quot;&quot;,&quot;created_timestamp&quot;:&quot;0&quot;,&quot;copyright&quot;:&quot;&quot;,&quot;focal_length&quot;:&quot;0&quot;,&quot;iso&quot;:&quot;0&quot;,&quot;shutter_speed&quot;:&quot;0&quot;,&quot;title&quot;:&quot;&quot;,&quot;orientation&quot;:&quot;0&quot;}\" data-image-title=\"sandita\" data-image-description=\"\" data-image-caption=\"\" data-large-file=\"https:\/\/i0.wp.com\/elabrevaderojm.com\/wp-content\/uploads\/2020\/02\/sandita.jpg?fit=620%2C413&amp;ssl=1\" src=\"https:\/\/i0.wp.com\/elabrevaderojm.com\/wp-content\/uploads\/2020\/02\/sandita.jpg?resize=620%2C413&#038;ssl=1\" alt=\"\" class=\"wp-image-393 size-full\"\/><\/figure><div class=\"wp-block-media-text__content\">\n<p class=\"wp-block-paragraph\"><strong>\u00abLa alegr\u00eda en el sacrificio de Sandita\u00bb<\/strong><\/p>\n\n\n\n<p class=\"wp-block-paragraph\"><strong>\u00bfDe qu\u00e9 se r\u00ede la sand\u00eda cuando la est\u00e1n asesinando?<\/strong><\/p>\n\n\n\n<p class=\"wp-block-paragraph\"><strong>Pablo Neruda: El libro de las preguntas<\/strong><\/p>\n<\/div><\/div>\n\n\n\n<p class=\"wp-block-paragraph\">Sandita parece \u00ednfima entre todas las sand\u00edas del huerto. Un d\u00eda que se fij\u00f3 en c\u00f3mo los hombres se llevaban a los mayores de su familia, pregunt\u00f3 a su madre por qu\u00e9 no eso no la entristec\u00eda.<\/p>\n\n\n\n<p class=\"wp-block-paragraph\">\u2014Hijita \u2014dijo la madre\u2014, todos en la vida tenemos un prop\u00f3sito. El nuestro es alimentar a los hombres, as\u00ed que es un honor y un placer ser escogida para cumplir ese objetivo.<\/p>\n\n\n\n<p class=\"wp-block-paragraph\">A partir de ah\u00ed, Sandita esperaba cada d\u00eda que la escogieran para alimentar a alguien. Pero la noche siempre ca\u00eda con tristeza sobre ella por perder su turno ante el resto de los adultos.<\/p>\n\n\n\n<p class=\"wp-block-paragraph\">Un d\u00eda, dos hombres caminaban por el surco:<\/p>\n\n\n\n<p class=\"wp-block-paragraph\">\u2014Recuerda, Celedonio, tiene que ser muy tierna para el caldo \u2014le se\u00f1al\u00f3 uno al otro\u2014. Solamente as\u00ed le podemos curar el malestar, sino ser\u00e1 peor.<\/p>\n\n\n\n<p class=\"wp-block-paragraph\">\u00a1Celedonio la escogi\u00f3 a ella! Sandita sinti\u00f3 una alegr\u00eda sin l\u00edmites por haber sido seleccionada para alimentar a los hombres. Mas, al entrar en la casa de manos del campesino y ver a la peque\u00f1a de la familia sudorosa, febril, con carita compungida en su cama, comprendi\u00f3 cu\u00e1l era su prop\u00f3sito.<\/p>\n\n\n\n<p class=\"wp-block-paragraph\">\u2014Mira, Celina \u2014le mostr\u00f3 Celedonio a su esposa\u2014. Esta es la \u00fanica sand\u00eda tierna que tenemos.<\/p>\n\n\n\n<p class=\"wp-block-paragraph\">\u2014\u00a1Gracias a Dios! \u2014exclam\u00f3 la mujer\u2014. Con esa curaremos a la ni\u00f1a, Celedonio.<\/p>\n\n\n\n<p class=\"wp-block-paragraph\">Sandita ya sab\u00eda que los hombres no entienden el lenguaje de las sand\u00edas, por eso no le entristeci\u00f3 que no oyeran su agradecida risa mientras la cortaban.<\/p>\n<\/div><\/div>\n\n\n\n<hr class=\"wp-block-separator has-alpha-channel-opacity\"\/>\n\n\n\n<p class=\"has-text-align-justify wp-block-paragraph\">Si te gustaron los trabajos, demu\u00e9stralo con un \u00abpulgar arriba\u00bb y un \u00abaplauso\u00bb, y compartiendo el contenido con tus amistades y en tus redes sociales. Es muy gratificante. Y quiz\u00e1s otras personas se enteren de estas cosas interesantes que has le\u00eddo hoy.<\/p>\n\n\n\n<p class=\"has-text-align-justify wp-block-paragraph\">Si tienes algo que comentar, preguntar o agregar, o decirme como expositor, por favor hazlo dejando tu comentario.<\/p>\n\n\n\n<p class=\"has-text-align-justify wp-block-paragraph\">Siempre lo mejor para estar al tanto de estas interesantes entregas es suscribirte a mi blog, que trato de surtir con nuevos trabajos siempre que me sea posible.<\/p>\n\n\n\n<p class=\"wp-block-paragraph\">Gracias por leer.<\/p>\n\n\n\n<div class=\"wp-block-comments\">\n\t\t<div id=\"respond\" class=\"comment-respond wp-block-post-comments-form\">\n\t\t\t<h3 id=\"reply-title\" class=\"comment-reply-title\">Leave a Reply<small><a rel=\"nofollow\" id=\"cancel-comment-reply-link\" href=\"\/en\/wp-json\/wp\/v2\/pages\/22#respond\" style=\"display:none;\">Cancel reply<\/a><\/small><\/h3>\t\t\t<form id=\"commentform\" class=\"comment-form\">\n\t\t\t\t<iframe\n\t\t\t\t\ttitle=\"Comment Form\"\n\t\t\t\t\tsrc=\"https:\/\/jetpack.wordpress.com\/jetpack-comment\/?blogid=153735515&#038;postid=22&#038;comment_registration=0&#038;require_name_email=0&#038;stc_enabled=1&#038;stb_enabled=1&#038;show_avatars=1&#038;avatar_default=identicon&#038;greeting=Leave+a+Reply&#038;jetpack_comments_nonce=97ea88e9ff&#038;greeting_reply=Leave+a+Reply+to+%25s&#038;color_scheme=light&#038;lang=en_US&#038;jetpack_version=16.2-a.5&#038;iframe_unique_id=4&#038;show_cookie_consent=10&#038;has_cookie_consent=0&#038;is_current_user_subscribed=0&#038;token_key=%3Bnormal%3B&#038;sig=f34778504aaf22a4d528e461566a4861b41efe6e#parent=https%3A%2F%2Felabrevaderojm.com%2Fen%2Fwp-json%2Fwp%2Fv2%2Fpages%2F22\"\n\t\t\t\t\t\t\t\t\t\t\tname=\"jetpack_remote_comment\"\n\t\t\t\t\t\tstyle=\"width:100%; height: 430px; border:0;\"\n\t\t\t\t\t\t\t\t\t\tclass=\"jetpack_remote_comment\"\n\t\t\t\t\tid=\"jetpack_remote_comment\"\n\t\t\t\t\tsandbox=\"allow-same-origin allow-top-navigation allow-scripts allow-forms allow-popups\"\n\t\t\t\t>\n\t\t\t\t\t\t\t\t\t<\/iframe>\n\t\t\t\t\t\t\t\t\t<!--[if !IE]><!-->\n\t\t\t\t\t<script>\n\t\t\t\t\t\tdocument.addEventListener('DOMContentLoaded', function () {\n\t\t\t\t\t\t\tvar commentForms = document.getElementsByClassName('jetpack_remote_comment');\n\t\t\t\t\t\t\tfor (var i = 0; i < commentForms.length; i++) {\n\t\t\t\t\t\t\t\tcommentForms[i].allowTransparency = false;\n\t\t\t\t\t\t\t\tcommentForms[i].scrolling = 'no';\n\t\t\t\t\t\t\t}\n\t\t\t\t\t\t});\n\t\t\t\t\t<\/script>\n\t\t\t\t\t<!--<![endif]-->\n\t\t\t\t\t\t\t<\/form>\n\t\t<\/div>\n\n\t\t\n\t\t<input type=\"hidden\" name=\"comment_parent\" id=\"comment_parent\" value=\"\" \/>\n\n\t\t<\/div>\n\n\n<div class=\"crowdsignal-vote-wrapper\" data-crowdsignal-vote=\"{&quot;pollId&quot;:&quot;14e33c80-d4d7-4710-b676-641765e726b7&quot;,&quot;title&quot;:&quot;Votaci\\u00f3n sin t\\u00edtulo 5&quot;,&quot;hideBranding&quot;:false,&quot;pollStatus&quot;:&quot;open&quot;,&quot;size&quot;:&quot;medium&quot;,&quot;borderWidth&quot;:1,&quot;borderRadius&quot;:5,&quot;hideResults&quot;:false,&quot;TrpContentRestriction&quot;:{&quot;restriction_type&quot;:&quot;exclude&quot;,&quot;selected_languages&quot;:[],&quot;panel_open&quot;:true},&quot;apiPollData&quot;:{&quot;id&quot;:15450571,&quot;question&quot;:&quot;&quot;,&quot;note&quot;:&quot;&quot;,&quot;settings&quot;:{&quot;title&quot;:&quot;Votaci\\u00f3n sin t\\u00edtulo 5&quot;,&quot;after_vote&quot;:&quot;results&quot;,&quot;after_message&quot;:&quot;&quot;,&quot;randomize_answers&quot;:false,&quot;restrict_vote_repeat&quot;:false,&quot;captcha&quot;:false,&quot;multiple_choice&quot;:false,&quot;redirect_url&quot;:&quot;&quot;,&quot;close_status&quot;:&quot;open&quot;,&quot;close_after&quot;:false},&quot;answers&quot;:[{&quot;answer_text&quot;:&quot;up&quot;,&quot;id&quot;:68254914,&quot;client_id&quot;:&quot;70849614-7219-47c6-952e-b802ddea47a5&quot;},{&quot;answer_text&quot;:&quot;down&quot;,&quot;id&quot;:68254915,&quot;client_id&quot;:&quot;9aea4603-9318-4dcf-aa13-7e0847b61b1a&quot;}],&quot;source_link&quot;:&quot;https:\\\/\\\/elabrevaderojm.com&quot;,&quot;client_id&quot;:&quot;14e33c80-d4d7-4710-b676-641765e726b7&quot;}}\">\n<div data-crowdsignal-vote-item=\"{&quot;answerId&quot;:&quot;70849614-7219-47c6-952e-b802ddea47a5&quot;,&quot;type&quot;:&quot;up&quot;,&quot;TrpContentRestriction&quot;:{&quot;restriction_type&quot;:&quot;exclude&quot;,&quot;selected_languages&quot;:[],&quot;panel_open&quot;:true}}\"><\/div>\n\n<div data-crowdsignal-vote-item=\"{&quot;answerId&quot;:&quot;9aea4603-9318-4dcf-aa13-7e0847b61b1a&quot;,&quot;type&quot;:&quot;down&quot;,&quot;TrpContentRestriction&quot;:{&quot;restriction_type&quot;:&quot;exclude&quot;,&quot;selected_languages&quot;:[],&quot;panel_open&quot;:true}}\"><\/div>\n<\/div>\n\n<div class=\"crowdsignal-applause-wrapper\" data-crowdsignal-applause=\"{&quot;pollId&quot;:&quot;83fc273a-bd7b-48a9-a001-76322b39d646&quot;,&quot;title&quot;:&quot;Aplauso sin t\\u00edtulo 5&quot;,&quot;answerId&quot;:&quot;b4638834-9016-4d18-998d-22856b33d87c&quot;,&quot;hideBranding&quot;:false,&quot;size&quot;:&quot;medium&quot;,&quot;pollStatus&quot;:&quot;open&quot;,&quot;TrpContentRestriction&quot;:{&quot;restriction_type&quot;:&quot;exclude&quot;,&quot;selected_languages&quot;:[],&quot;panel_open&quot;:true},&quot;apiPollData&quot;:{&quot;id&quot;:15450572,&quot;question&quot;:&quot;&quot;,&quot;note&quot;:&quot;&quot;,&quot;settings&quot;:{&quot;title&quot;:&quot;Aplauso sin t\\u00edtulo 5&quot;,&quot;after_vote&quot;:&quot;results&quot;,&quot;after_message&quot;:&quot;&quot;,&quot;randomize_answers&quot;:false,&quot;restrict_vote_repeat&quot;:false,&quot;captcha&quot;:false,&quot;multiple_choice&quot;:false,&quot;redirect_url&quot;:&quot;&quot;,&quot;close_status&quot;:&quot;open&quot;,&quot;close_after&quot;:false},&quot;answers&quot;:[{&quot;answer_text&quot;:&quot;clap&quot;,&quot;id&quot;:68254916,&quot;client_id&quot;:&quot;b4638834-9016-4d18-998d-22856b33d87c&quot;}],&quot;source_link&quot;:&quot;https:\\\/\\\/elabrevaderojm.com&quot;,&quot;client_id&quot;:&quot;83fc273a-bd7b-48a9-a001-76322b39d646&quot;}}\"><\/div>\n\n\n<!--nextpage-->\n\n\n\n<h2 class=\"wp-block-heading has-abril-fatface-font-family has-custom-font\" style=\"font-family:Abril Fatface;font-size:40px\">Otras historias \u00abmenores\u00bb (1)<\/h2>\n\n\n\n<div class=\"wp-block-media-text alignwide is-stacked-on-mobile\" style=\"grid-template-columns:27% auto\"><figure class=\"wp-block-media-text__media\"><img data-recalc-dims=\"1\" loading=\"lazy\" decoding=\"async\" width=\"225\" height=\"225\" data-attachment-id=\"783\" data-permalink=\"https:\/\/elabrevaderojm.com\/en\/collage\/\" data-orig-file=\"https:\/\/i0.wp.com\/elabrevaderojm.com\/wp-content\/uploads\/2020\/07\/collage.jpg?fit=225%2C225&amp;ssl=1\" data-orig-size=\"225,225\" data-comments-opened=\"1\" data-image-meta=\"{&quot;aperture&quot;:&quot;0&quot;,&quot;credit&quot;:&quot;&quot;,&quot;camera&quot;:&quot;&quot;,&quot;caption&quot;:&quot;&quot;,&quot;created_timestamp&quot;:&quot;0&quot;,&quot;copyright&quot;:&quot;&quot;,&quot;focal_length&quot;:&quot;0&quot;,&quot;iso&quot;:&quot;0&quot;,&quot;shutter_speed&quot;:&quot;0&quot;,&quot;title&quot;:&quot;&quot;,&quot;orientation&quot;:&quot;0&quot;}\" data-image-title=\"collage\" data-image-description=\"\" data-image-caption=\"\" data-large-file=\"https:\/\/i0.wp.com\/elabrevaderojm.com\/wp-content\/uploads\/2020\/07\/collage.jpg?fit=225%2C225&amp;ssl=1\" src=\"https:\/\/i0.wp.com\/elabrevaderojm.com\/wp-content\/uploads\/2020\/07\/collage.jpg?resize=225%2C225&#038;ssl=1\" alt=\"\" class=\"wp-image-783 size-full\"\/><\/figure><div class=\"wp-block-media-text__content\">\n<p class=\"has-drop-cap has-text-align-justify has-medium-font-size wp-block-paragraph\">Como antesala a un proyecto m\u00e1s ambicioso, quiz\u00e1s en un futuro pr\u00f3ximo, aqu\u00ed les dejo algunos cuentos para que se hagan una idea si valdr\u00e1 o no la pena darle un chance a los otros que, a mi entender, son mejores. Es por eso que a esta selecci\u00f3n les he llamado <strong>\u00abHistorias menores\u00bb<\/strong>. Espero que las disfruten, comenten y compartan. Gracias. <\/p>\n<\/div><\/div>\n\n\n\n<p class=\"wp-block-paragraph\"><\/p>\n\n\n\n<div class=\"wp-block-media-text alignwide is-stacked-on-mobile\" style=\"grid-template-columns:45% auto\"><figure class=\"wp-block-media-text__media\"><img data-recalc-dims=\"1\" loading=\"lazy\" decoding=\"async\" width=\"308\" height=\"185\" data-attachment-id=\"785\" data-permalink=\"https:\/\/elabrevaderojm.com\/en\/abominable\/\" data-orig-file=\"https:\/\/i0.wp.com\/elabrevaderojm.com\/wp-content\/uploads\/2020\/07\/abominable.jpg?fit=308%2C185&amp;ssl=1\" data-orig-size=\"308,185\" data-comments-opened=\"1\" data-image-meta=\"{&quot;aperture&quot;:&quot;0&quot;,&quot;credit&quot;:&quot;&quot;,&quot;camera&quot;:&quot;&quot;,&quot;caption&quot;:&quot;&quot;,&quot;created_timestamp&quot;:&quot;0&quot;,&quot;copyright&quot;:&quot;&quot;,&quot;focal_length&quot;:&quot;0&quot;,&quot;iso&quot;:&quot;0&quot;,&quot;shutter_speed&quot;:&quot;0&quot;,&quot;title&quot;:&quot;&quot;,&quot;orientation&quot;:&quot;0&quot;}\" data-image-title=\"abominable\" data-image-description=\"\" data-image-caption=\"\" data-large-file=\"https:\/\/i0.wp.com\/elabrevaderojm.com\/wp-content\/uploads\/2020\/07\/abominable.jpg?fit=308%2C185&amp;ssl=1\" src=\"https:\/\/i0.wp.com\/elabrevaderojm.com\/wp-content\/uploads\/2020\/07\/abominable.jpg?resize=308%2C185&#038;ssl=1\" alt=\"\" class=\"wp-image-785 size-full\"\/><\/figure><div class=\"wp-block-media-text__content\">\n<p class=\"wp-block-paragraph\"><strong>ABOMINABLES<\/strong><\/p>\n\n\n\n<p class=\"has-text-align-justify has-small-font-size wp-block-paragraph\">\u2014\u00a1No debiste hacerlo y ya! \u2014grit\u00f3 el del medio, quien era el m\u00e1s viejo.<\/p>\n\n\n\n<p class=\"has-text-align-justify has-small-font-size wp-block-paragraph\">\u2014No le grites, no es necesario \u2014intermedi\u00f3 el m\u00e1s alto, que era el m\u00e1s joven.<\/p>\n\n\n\n<p class=\"has-text-align-justify has-small-font-size wp-block-paragraph\">\u2014D\u00e9jalo \u2014dijo el tercero, el m\u00e1s bajito\u2014. No es sino un \u00abtra\u00adcat\u00e1n\u00bb.<\/p>\n<\/div><\/div>\n\n\n\n<div class=\"wp-block-group\"><div class=\"wp-block-group__inner-container is-layout-flow wp-block-group-is-layout-flow\">\n<p class=\"has-text-align-justify has-small-font-size wp-block-paragraph\">\u2014\u00a1\u00bfQu\u00e9 cosa?! \u2014chill\u00f3 el primero\u2014. \u00bfQu\u00e9 palabra \u00abterrestre\u00bb es esa, <em>cromchit\u00f3n<\/em>?<\/p>\n\n\n\n<p class=\"has-text-align-justify has-small-font-size wp-block-paragraph\">\u2014\u00a1Por favor! \u2014se alarm\u00f3 el alto\u2014. No usen ofensas. No llevan a nada y no voy a interceder en una ri\u00f1a.<\/p>\n\n\n\n<p class=\"has-text-align-justify has-small-font-size wp-block-paragraph\">\u2014\u00a1Tracat\u00e1n! \u2014grit\u00f3 con \u00e9nfasis especial el peque\u00f1o, tambi\u00e9n el m\u00e1s gordo\u2014. \u00a1Mequetrefe!<\/p>\n\n\n\n<p class=\"has-text-align-justify has-small-font-size wp-block-paragraph\">\u2014\u00a1Otra m\u00e1s! \u2014El viejo se llev\u00f3 dos tent\u00e1culos delgados al ovoide remate de su parte superior\u2014. \u00a1\u00a1<em>Gramchacaful<\/em>!!<\/p>\n\n\n\n<p class=\"has-small-font-size wp-block-paragraph\">\u2014\u00a1Bastaaaaaaaaaaaaaaaaaaaaaaaaaaaaaaaaaa!<\/p>\n\n\n\n<p class=\"has-text-align-justify has-small-font-size wp-block-paragraph\">La puerta de la cabina se corri\u00f3 en silencio y alguien apareci\u00f3, gigante, voluminoso, de un verde fosforescente m\u00e1s brillante que el de los tres ocupantes de la habitaci\u00f3n: el jefe de la expedici\u00f3n avanz\u00f3 sin prisa hacia ellos.<\/p>\n\n\n\n<p class=\"has-text-align-justify has-small-font-size wp-block-paragraph\">\u2014Artog \u2014dijo con suavidad y el nombre llen\u00f3 el recinto con el eco peculiar de la voz salida de un pozo profundo\u2014. Te marchas ma\u00f1ana.<\/p>\n\n\n\n<p class=\"has-text-align-justify has-small-font-size wp-block-paragraph\">El mutismo cay\u00f3 como \u00e1guila sobre su presa entre los tres j\u00f3venes. Por un largo minuto ni se movieron. Luego, el aludido, sacando ligeramente las ventosas del ap\u00e9ndice superior, balbuce\u00f3:<\/p>\n\n\n\n<p class=\"has-small-font-size wp-block-paragraph\">\u2014CUMMANTEK..., yo....<\/p>\n\n\n\n<p class=\"has-text-align-justify has-small-font-size wp-block-paragraph\">\u2014Sin comentarios, Artog \u2014le cort\u00f3 el reci\u00e9n llegado, alzando las ventosas con rapidez y resoplando\u2014. Est\u00e1 decidido por el KU.<\/p>\n\n\n\n<p class=\"has-text-align-justify has-small-font-size wp-block-paragraph\">\u2014CUMMANTEK... \u2014balbuce\u00f3 el del medio, haciendo vibrar las ventosas\u2014. Perm\u00edtame...<\/p>\n\n\n\n<p class=\"has-small-font-size wp-block-paragraph\">\u2014Dime, Cor\u00edn.<\/p>\n\n\n\n<p class=\"has-text-align-justify has-small-font-size wp-block-paragraph\">\u2014CUMMANTEK... \u2014Cor\u00edn pareci\u00f3 tomar aliento\u2014. Creo que la decisi\u00f3n es dr\u00e1stica. Quiz\u00e1s un correctivo severo vendr\u00eda muy bien, pero no la expulsi\u00f3n.<\/p>\n\n\n\n<p class=\"has-text-align-justify has-small-font-size wp-block-paragraph\">\u2014Cor\u00edn. \u2014Las ventosas del jefe se alzaron con suavidad; el tono fue paternal\u2014. Que Artog te agradezca el haber intercedido por \u00e9l, lo cual demuestra el fino sentido del compa\u00f1erismo que siem\u00adpre he elogiado en ti. Pero te recuerdo que ha puesto en peligro el exitoso desenvolvimiento de nuestra misi\u00f3n en este planeta. Tu juego, Artog, fue muy peligroso, porque las intenciones de ese terr\u00edcola, descubiertas por los especialistas al someterlo a hipnosis, estaban bien lejos de ser sanas. Entre sus pertenencias fueron hallados todos tus \u00abregalos\u00bb, las fotos que te tom\u00f3 \u2014ahora, ya veladas\u2014, y varios equipos de caza para grandes anima\u00adles. As\u00ed que, ent\u00e9rate, no iba a atraparte para realizar un estudio cient\u00edfico de tu persona ni tampoco para su cena, sino para enriquecerse con tu exhibici\u00f3n. \u00bfQu\u00e9 hubiese sucedido al conocer\u00adse la verdad?<\/p>\n\n\n\n<p class=\"has-small-font-size wp-block-paragraph\">El color de los j\u00f3venes fue palideciendo. CUMMANTEK concluy\u00f3:<\/p>\n\n\n\n<p class=\"has-text-align-justify has-small-font-size wp-block-paragraph\">&nbsp;\u2014Recuerden que no vinimos aqu\u00ed a burlarnos de seres con mentali\u00addad tan mezquina y atrasada como la de aquel sujeto, sino para realizar un estudio profundo de lo m\u00e1s avanzado de esta especie y, al final, establecer el contacto entre ellos y nosotros. Mereces el castigo. Ma\u00f1ana, temprano, el transportador tiempo\u2011espacio te llevar\u00e1 de vuelta.<\/p>\n\n\n\n<p class=\"has-text-align-justify has-small-font-size wp-block-paragraph\">Bill se irgui\u00f3 con el rostro deformado por el susto. Al mirar en derredor, se alarm\u00f3 a\u00fan m\u00e1s. Se abalanz\u00f3 sobre sus cosas y registr\u00f3, con desesperaci\u00f3n, hallando las cintas fotogr\u00e1ficas veladas sobre sus c\u00e1maras. Lanz\u00f3 una imprecaci\u00f3n, furioso, al notar la ausencia de los objetos primitivos obtenidos de mano del abominable....<\/p>\n\n\n\n<p class=\"has-text-align-justify has-small-font-size wp-block-paragraph\"><em>SHIT!<\/em> \u00a1C\u00f3mo era posible que le hubiesen estropeado el trabajo de varios meses..., <em>GOD DAMNED!<\/em> Hab\u00eda logrado tomar fotograf\u00edas hasta la saciedad, luego de encontrar las famosas huellas y seguirlas como un sabueso. <em>FUCK ME, MAN!<\/em> \u00a1Casi hab\u00eda tocado con sus manos al abominable hombre de las nieves! \u00c9l, primero que cualquier otro mortal en esta vida, en toda la Historia. Y aquel le hab\u00eda regalado varios objetos. <em>JESUS CHRIST!<\/em>&nbsp; Ten\u00eda al Yeti casi en su mano\u00bc al no, <em>a los<\/em>\u00bc: aquel peque\u00f1o peludo era la evidencia que exist\u00edan otros, pues todo lo anterior giraba en torno a un ejemplar alto, fuerte.... <em>SUCKERS!<\/em> \u00bfQui\u00e9n le hab\u00eda fulminado, de pronto, mientras preparaba la trampa para atraparlo? \u00bfC\u00f3mo era posible que se le escurrieran entre los dedos esos millones con los que so\u00f1ara tanto?<\/p>\n\n\n\n<p class=\"has-small-font-size wp-block-paragraph\"><em>FUCK YOU, BASTARD, SON OF A BIIIIIIIIIIIIIIIIIIIIIIIIIIIIIIIIIIIIIIIITCH!<\/em><\/p>\n\n\n\n<p class=\"wp-block-paragraph\"><\/p>\n<\/div><\/div>\n\n\n\n<div class=\"wp-block-media-text alignwide is-stacked-on-mobile\" style=\"grid-template-columns:29% auto\"><figure class=\"wp-block-media-text__media\"><img data-recalc-dims=\"1\" loading=\"lazy\" decoding=\"async\" width=\"640\" height=\"633\" data-attachment-id=\"786\" data-permalink=\"https:\/\/elabrevaderojm.com\/en\/brindis\/\" data-orig-file=\"https:\/\/i0.wp.com\/elabrevaderojm.com\/wp-content\/uploads\/2020\/07\/brindis.jpg?fit=1916%2C1895&amp;ssl=1\" data-orig-size=\"1916,1895\" data-comments-opened=\"1\" data-image-meta=\"{&quot;aperture&quot;:&quot;0&quot;,&quot;credit&quot;:&quot;&quot;,&quot;camera&quot;:&quot;&quot;,&quot;caption&quot;:&quot;&quot;,&quot;created_timestamp&quot;:&quot;0&quot;,&quot;copyright&quot;:&quot;&quot;,&quot;focal_length&quot;:&quot;0&quot;,&quot;iso&quot;:&quot;0&quot;,&quot;shutter_speed&quot;:&quot;0&quot;,&quot;title&quot;:&quot;&quot;,&quot;orientation&quot;:&quot;0&quot;}\" data-image-title=\"brindis\" data-image-description=\"\" data-image-caption=\"\" data-large-file=\"https:\/\/i0.wp.com\/elabrevaderojm.com\/wp-content\/uploads\/2020\/07\/brindis.jpg?fit=640%2C633&amp;ssl=1\" src=\"https:\/\/i0.wp.com\/elabrevaderojm.com\/wp-content\/uploads\/2020\/07\/brindis.jpg?resize=640%2C633&#038;ssl=1\" alt=\"\" class=\"wp-image-786 size-full\"\/><\/figure><div class=\"wp-block-media-text__content\">\n<p class=\"wp-block-paragraph\"><strong>BRINDIS DE CUMPLEA\u00d1OS<\/strong><\/p>\n\n\n\n<p class=\"has-text-align-justify wp-block-paragraph\">El marido le elogi\u00f3 el sabor de la cena por ella preparada, pero meterse en la cocina nuevamente, despu\u00e9s de haber dejado esa vida de mesera maloliente atr\u00e1s, fue un sacrificio que tuvo que hacer, pues ya urg\u00eda alcanzar su meta: deshacerse del viejo asqueroso y quedarse con su dinero.<\/p>\n<\/div><\/div>\n\n\n\n<div class=\"wp-block-group\"><div class=\"wp-block-group__inner-container is-layout-flow wp-block-group-is-layout-flow\">\n<p class=\"has-text-align-justify has-small-font-size wp-block-paragraph\">Por eso regres\u00f3 a la cocina como parte del plan que no pod\u00eda ser descubierto por la criada: envenenar cada plato de comida del condenado (bebida no porque la hab\u00eda dejado). La idea se la dio la propia botella que vio, casualmente, entre los productos de limpieza; la enorme calavera y la estricta advertencia (\u201c\u00a1NO INGERIR! PELIGRO DE MUERTE\u201d) le mostraron la soluci\u00f3n divina a su problema. As\u00ed que, con la diab\u00f3lica saz\u00f3n, esperaba que el hombre un d\u00eda defecara los intestinos. \u00a1Pero nada aun! El muy burro parec\u00eda tener mejor digesti\u00f3n cada vez. Entre eso, y el tener que compartir su delicioso cuerpo que devoraban los lobos de sus amantes con el peque\u00f1o gusarapo de este baboso, se estaba enfermando; esas palpitaciones que le daban le provocar\u00edan un infarto en cualquier momento.<\/p>\n\n\n\n<p class=\"has-small-font-size wp-block-paragraph\">La criada apareci\u00f3 con dos copitas de licor y se retir\u00f3. Ella puso cara de asombro.<\/p>\n\n\n\n<p class=\"has-small-font-size wp-block-paragraph\">\u2014Yo s\u00e9, amorcito, yo s\u00e9, pero te lo voy a explicar.<\/p>\n\n\n\n<p class=\"has-text-align-justify has-small-font-size wp-block-paragraph\">El esposo se puso de pie para el brindis, pero antes que pudiese pronunciar palabra alguna, ella le arranc\u00f3 de una mano la copa que el hombre le extend\u00eda y baj\u00f3 el contenido de un tir\u00f3n. Y lo mismo hizo con la de \u00e9l. La criada regres\u00f3 con el recipiente del l\u00edquido.<\/p>\n\n\n\n<p class=\"has-text-align-justify has-small-font-size wp-block-paragraph\">\u2014No sab\u00eda c\u00f3mo enfrentar mi culpa, amorcito, por eso esper\u00e9 mi cumplea\u00f1os para confes\u00e1rtelo \u2014balbuce\u00f3 el marido, tomando la botella en sus manos.<\/p>\n\n\n\n<p class=\"has-text-align-justify has-small-font-size wp-block-paragraph\">Al \u00e9l voltearse\u2026 \u00a1ah, <strong>la botella<\/strong>! \u201cAmorcito\u201d peg\u00f3 un grito al ver la risa del cr\u00e1neo sobre la advertencia.<\/p>\n\n\n\n<p class=\"has-text-align-justify has-small-font-size wp-block-paragraph\">\u2014No te pongas as\u00ed, amorcito. S\u00e9 que he sido d\u00e9bil al volver a tomar, pero\u2026 era solo un sorbito por vez, peque\u00f1ito\u2026 Nada m\u00e1s que para la digesti\u00f3n despu\u00e9s de las comidas.<\/p>\n\n\n\n<p class=\"has-small-font-size wp-block-paragraph\">No pod\u00eda respirar.<\/p>\n\n\n\n<p class=\"has-text-align-justify has-small-font-size wp-block-paragraph\">\u2014Te he jugado sucio al ocult\u00e1rtelo, amorcito, lo s\u00e9 \u2014continu\u00f3 confesando \u00e9l, mientras retiraba la truculenta etiqueta que ocultaba otra, debajo\u2014. Pero hoy te lo contar\u00e9 todo para que me perdones, si pudieses.<\/p>\n\n\n\n<p class=\"has-text-align-justify has-small-font-size wp-block-paragraph\">\u00a1La taquicardia! El coraz\u00f3n\u2026 Se le cerraron los ojos y la cabeza cay\u00f3 como una bola de ca\u00f1\u00f3n contra el plato. El hombre y la criada se asustaron.<\/p>\n\n\n\n<p class=\"has-small-font-size wp-block-paragraph\">\u2014\u00bfTan mal le cay\u00f3 la noticia? \u2014pregunt\u00f3 \u00e9l\u2014. No pudo haber sido el brandy.<\/p>\n\n\n\n<p class=\"wp-block-paragraph\"><\/p>\n<\/div><\/div>\n\n\n\n<div class=\"wp-block-media-text alignwide is-stacked-on-mobile\" style=\"grid-template-columns:42% auto\"><figure class=\"wp-block-media-text__media\"><img data-recalc-dims=\"1\" loading=\"lazy\" decoding=\"async\" width=\"640\" height=\"346\" data-attachment-id=\"787\" data-permalink=\"https:\/\/elabrevaderojm.com\/en\/vampiro\/\" data-orig-file=\"https:\/\/i0.wp.com\/elabrevaderojm.com\/wp-content\/uploads\/2020\/07\/vampiro.jpg?fit=1000%2C541&amp;ssl=1\" data-orig-size=\"1000,541\" data-comments-opened=\"1\" data-image-meta=\"{&quot;aperture&quot;:&quot;0&quot;,&quot;credit&quot;:&quot;&quot;,&quot;camera&quot;:&quot;&quot;,&quot;caption&quot;:&quot;&quot;,&quot;created_timestamp&quot;:&quot;0&quot;,&quot;copyright&quot;:&quot;&quot;,&quot;focal_length&quot;:&quot;0&quot;,&quot;iso&quot;:&quot;0&quot;,&quot;shutter_speed&quot;:&quot;0&quot;,&quot;title&quot;:&quot;&quot;,&quot;orientation&quot;:&quot;0&quot;}\" data-image-title=\"vampiro\" data-image-description=\"\" data-image-caption=\"\" data-large-file=\"https:\/\/i0.wp.com\/elabrevaderojm.com\/wp-content\/uploads\/2020\/07\/vampiro.jpg?fit=640%2C346&amp;ssl=1\" src=\"https:\/\/i0.wp.com\/elabrevaderojm.com\/wp-content\/uploads\/2020\/07\/vampiro.jpg?resize=640%2C346&#038;ssl=1\" alt=\"\" class=\"wp-image-787 size-full\"\/><\/figure><div class=\"wp-block-media-text__content\">\n<p class=\"wp-block-paragraph\"><strong>DECISI\u00d3N INEXPERTA<\/strong><\/p>\n\n\n\n<p class=\"has-text-align-justify has-small-font-size wp-block-paragraph\">El hombre avanzaba dando tumbos por la estrecha calle casi a oscuras, cuando una sombra difusa salt\u00f3 sobre \u00e9l. Las discordantes notas de la canci\u00f3n que entonaba fueron cercenadas de golpe, dada la fuerza de las mand\u00edbulas que se cerraron en torno a su cuello. Con los \u00faltimos estertores de la presa, el depredador se levant\u00f3, satisfecho\u2026, y con un profuso v\u00f3mito de color carmes\u00ed reg\u00f3 el pavimento enfrente de \u00e9l.<\/p>\n<\/div><\/div>\n\n\n\n<div class=\"wp-block-group\"><div class=\"wp-block-group__inner-container is-layout-flow wp-block-group-is-layout-flow\">\n<p class=\"has-text-align-justify has-small-font-size wp-block-paragraph\">Un murci\u00e9lago de inusitado tama\u00f1o baj\u00f3 en picada sobre el lugar y, muy cerca del piso, extendi\u00f3 las alas, convirti\u00e9ndose en un hombre de seis pies de estatura, tez muy p\u00e1lida, y atuendo oscuro.<\/p>\n\n\n\n<p class=\"has-small-font-size wp-block-paragraph\">\u2014Te advert\u00ed que no atacaras al borracho \u2014dijo.<\/p>\n\n\n\n<p class=\"has-small-font-size wp-block-paragraph\">Despu\u00e9s, le extendi\u00f3 una botella al vampiro m\u00e1s joven, sentado en la acera.<\/p>\n\n\n\n<p class=\"has-small-font-size wp-block-paragraph\">\u2014Bebe \u2014le indic\u00f3\u2014. No hay nada mejor para una chupada indigesta que un buen jerez.<\/p>\n\n\n\n<p class=\"wp-block-paragraph\"><\/p>\n<\/div><\/div>\n\n\n\n<div class=\"wp-block-media-text alignwide is-stacked-on-mobile\"><figure class=\"wp-block-media-text__media\"><img data-recalc-dims=\"1\" loading=\"lazy\" decoding=\"async\" width=\"450\" height=\"300\" data-attachment-id=\"789\" data-permalink=\"https:\/\/elabrevaderojm.com\/en\/tribu-1\/\" data-orig-file=\"https:\/\/i0.wp.com\/elabrevaderojm.com\/wp-content\/uploads\/2020\/07\/tribu-1.jpg?fit=450%2C300&amp;ssl=1\" data-orig-size=\"450,300\" data-comments-opened=\"1\" data-image-meta=\"{&quot;aperture&quot;:&quot;0&quot;,&quot;credit&quot;:&quot;&quot;,&quot;camera&quot;:&quot;&quot;,&quot;caption&quot;:&quot;&quot;,&quot;created_timestamp&quot;:&quot;0&quot;,&quot;copyright&quot;:&quot;&quot;,&quot;focal_length&quot;:&quot;0&quot;,&quot;iso&quot;:&quot;0&quot;,&quot;shutter_speed&quot;:&quot;0&quot;,&quot;title&quot;:&quot;&quot;,&quot;orientation&quot;:&quot;0&quot;}\" data-image-title=\"tribu-1\" data-image-description=\"\" data-image-caption=\"\" data-large-file=\"https:\/\/i0.wp.com\/elabrevaderojm.com\/wp-content\/uploads\/2020\/07\/tribu-1.jpg?fit=450%2C300&amp;ssl=1\" src=\"https:\/\/i0.wp.com\/elabrevaderojm.com\/wp-content\/uploads\/2020\/07\/tribu-1.jpg?resize=450%2C300&#038;ssl=1\" alt=\"\" class=\"wp-image-789 size-full\"\/><\/figure><div class=\"wp-block-media-text__content\">\n<p class=\"wp-block-paragraph\"><strong>DECRETO TRIBAL<\/strong> <\/p>\n\n\n\n<p class=\"has-text-align-justify wp-block-paragraph\">El guerrero entr\u00f3 a la choza donde el Consejo de la tribu estaba en pleno reunido. A la se\u00f1a del jefe, le pas\u00f3 la botella que tra\u00eda al brujo, quien la alz\u00f3 a la altura de sus ojos y mir\u00f3 la etiqueta pegada a ella. Como no entendi\u00f3 nada, la oli\u00f3 detenidamente antes de darse un trago.<\/p>\n<\/div><\/div>\n\n\n\n<div class=\"wp-block-group\"><div class=\"wp-block-group__inner-container is-layout-flow wp-block-group-is-layout-flow\">\n<p class=\"has-text-align-justify has-small-font-size wp-block-paragraph\">Expectantes, los otros le vieron cerrar los ojos, chasquear la lengua, y levantar su pulgar izquierdo. Acto seguido, trag\u00f3 otro sorbo y eruct\u00f3 tres veces, con las consiguientes exclamaciones de aprobaci\u00f3n del resto.<\/p>\n\n\n\n<p class=\"has-text-align-justify has-small-font-size wp-block-paragraph\">Detr\u00e1s del jefe, la botella pas\u00f3 de boca en boca, comenzando un concierto de tubas que alcanz\u00f3 su <em>crescendo<\/em>, y se apag\u00f3 finalmente. Los abor\u00edgenes se palmearon las barrigas, complacidos. El jefe orden\u00f3:<\/p>\n\n\n\n<p class=\"has-text-align-justify has-small-font-size wp-block-paragraph\">\u2014Liberen a los blancos como se les prometi\u00f3 en cambio por la medicina. No nos los comeremos m\u00e1s. Ten\u00edas raz\u00f3n, brujo: est\u00e1n llenos de mierda.<\/p>\n\n\n\n<p class=\"has-text-align-justify has-small-font-size wp-block-paragraph\">\u2014A menos que tengamos la medicina \u2014a\u00f1adi\u00f3 el brujo, levantando la botella de brandy.<\/p>\n\n\n\n<p class=\"wp-block-paragraph\"><\/p>\n<\/div><\/div>\n\n\n\n<div class=\"wp-block-media-text alignwide is-stacked-on-mobile\" style=\"grid-template-columns:27% auto\"><figure class=\"wp-block-media-text__media\"><img data-recalc-dims=\"1\" loading=\"lazy\" decoding=\"async\" width=\"346\" height=\"519\" data-attachment-id=\"790\" data-permalink=\"https:\/\/elabrevaderojm.com\/en\/mujer-en-playa\/\" data-orig-file=\"https:\/\/i0.wp.com\/elabrevaderojm.com\/wp-content\/uploads\/2020\/07\/mujer-en-playa.jpg?fit=346%2C519&amp;ssl=1\" data-orig-size=\"346,519\" data-comments-opened=\"1\" data-image-meta=\"{&quot;aperture&quot;:&quot;0&quot;,&quot;credit&quot;:&quot;&quot;,&quot;camera&quot;:&quot;&quot;,&quot;caption&quot;:&quot;&quot;,&quot;created_timestamp&quot;:&quot;0&quot;,&quot;copyright&quot;:&quot;&quot;,&quot;focal_length&quot;:&quot;0&quot;,&quot;iso&quot;:&quot;0&quot;,&quot;shutter_speed&quot;:&quot;0&quot;,&quot;title&quot;:&quot;&quot;,&quot;orientation&quot;:&quot;0&quot;}\" data-image-title=\"mujer-en-playa\" data-image-description=\"\" data-image-caption=\"\" data-large-file=\"https:\/\/i0.wp.com\/elabrevaderojm.com\/wp-content\/uploads\/2020\/07\/mujer-en-playa.jpg?fit=346%2C519&amp;ssl=1\" src=\"https:\/\/i0.wp.com\/elabrevaderojm.com\/wp-content\/uploads\/2020\/07\/mujer-en-playa.jpg?resize=346%2C519&#038;ssl=1\" alt=\"\" class=\"wp-image-790 size-full\"\/><\/figure><div class=\"wp-block-media-text__content\">\n<p class=\"wp-block-paragraph\"><strong>D\u00cdA DE GLORIA<\/strong><\/p>\n\n\n\n<p class=\"has-text-align-justify has-small-font-size wp-block-paragraph\">Para el est\u00e1ndar de cualquier persona su vida hab\u00eda sido una p\u00e9rdida de tiempo: llena de derrotas y sin ninguna gloria. A lo largo de sus d\u00edas, los adjetivos recibidos se fueron reduciendo a una corta lista: perdedora para su familia, mediocre para sus colegas, payasa para sus conocidos \u2014imposible catalogarlos de \u00abamigos\u00bb\u2014, incompetente para sus jefes, inservible y fr\u00edgida para los hombres.<\/p>\n\n\n\n<p class=\"has-text-align-justify has-small-font-size wp-block-paragraph\">As\u00ed creci\u00f3 y vivi\u00f3 convencida que su momento especial ser\u00eda el de su muerte. Sab\u00eda que ese d\u00eda ser\u00eda un gran acontecimiento, inolvidable hasta para todos aquellos seres superiores que la trataron como a una alima\u00f1a.<\/p>\n<\/div><\/div>\n\n\n\n<div class=\"wp-block-group\"><div class=\"wp-block-group__inner-container is-layout-flow wp-block-group-is-layout-flow\">\n<p class=\"has-text-align-justify has-small-font-size wp-block-paragraph\">Ese d\u00eda era hoy. Y lo esperaba tranquila, pero con algo de ansiedad, por estar convencida de su grandeza. Y de su fina iron\u00eda: todo el mundo termina el camino de su vida a la puerta de la muerte. Por tanto, el perdedor-mediocre-payaso-incompetente-inservible insecto que era, iba a vivir su d\u00eda final como todos los seres superiores que le hab\u00edan situado en el escal\u00f3n m\u00e1s bajo de la espiral evolutiva del homo sapiens.<\/p>\n\n\n\n<p class=\"has-text-align-justify has-small-font-size wp-block-paragraph\">Aqu\u00ed suceder\u00e1 el magno evento, a doscientos metros de esta costa, de este para\u00edso de fina arena. Sus ojos se regocijan con las tonalidades de verde y azul que plagan el agua. \u00a1Esa suave, fresca, temprana brisa que bate sus cabellos, acaricia su rostro, inunda cada poro de su desnudo cuerpo!<\/p>\n\n\n\n<p class=\"has-text-align-justify has-small-font-size wp-block-paragraph\">Hincha su pecho con una tonelada de ox\u00edgeno. \u00bfQu\u00e9 ser\u00e1 de todos sus detractores en este momento? Le hubiese gustado tenerlos de espectadores al bajar el tel\u00f3n de su vida. Lo cual, de hecho, si se piensa bien, es triste: No poder mostrarles la grandeza de su despedida, y el coraje de enfrentar esta con entereza. Al final, \u00bfestar\u00edan ganando, de nuevo? No, no, porque en este instante ellos est\u00e1n gritando y llorando de angustia, arrastr\u00e1ndose a un hueco como gusanos para esconderse de este gran suceso, para no verlo, para ignorarlo, no creerlo.<\/p>\n\n\n\n<p class=\"has-text-align-justify has-small-font-size wp-block-paragraph\">Una ola ahoga sus pies. El sol queda oculto por la sombra que se hace enorme a cada segundo. El estruendo no la asusta. Sonr\u00ede y levanta la vista. La escena de su muerte comienza a rodar. Y con la de ella, la del resto de la humanidad, porque su destino est\u00e1 encadenado al de todos los dem\u00e1s seres del planeta que sucumbir\u00e1n al \u00faltimo mazazo del juez del d\u00eda final, a este evento de extinci\u00f3n.<\/p>\n\n\n\n<p class=\"has-text-align-justify has-small-font-size wp-block-paragraph\">El airado gigante ruge ahora con mayor intensidad por su cercan\u00eda a la superficie. El ruido ya parece el bramido incesante de un oso descomunal. La brisa se torna en una masa de aire que, en un momento dado, arrastra el cuerpo de la mujer varios metros por la arena. El asteroide descarga su ira contra el mar a doscientos metros de ella, como se predijo. Sin embargo, en su accidentada posici\u00f3n, ella alcanza a ver la sonrisa que le regala antes de zambullirse.<\/p>\n\n\n\n<p class=\"has-small-font-size wp-block-paragraph\">Renuente a perderse ni un segundo de imagen, sin cerrar los ojos, ella devuelve el gesto.<\/p>\n\n\n\n<p class=\"wp-block-paragraph\"><\/p>\n\n\n\n<div class=\"wp-block-media-text alignwide is-stacked-on-mobile\"><figure class=\"wp-block-media-text__media\"><img data-recalc-dims=\"1\" loading=\"lazy\" decoding=\"async\" width=\"640\" height=\"332\" data-attachment-id=\"793\" data-permalink=\"https:\/\/elabrevaderojm.com\/en\/invierno-nuclear\/\" data-orig-file=\"https:\/\/i0.wp.com\/elabrevaderojm.com\/wp-content\/uploads\/2020\/07\/invierno-nuclear.jpg?fit=780%2C405&amp;ssl=1\" data-orig-size=\"780,405\" data-comments-opened=\"1\" data-image-meta=\"{&quot;aperture&quot;:&quot;0&quot;,&quot;credit&quot;:&quot;&quot;,&quot;camera&quot;:&quot;&quot;,&quot;caption&quot;:&quot;&quot;,&quot;created_timestamp&quot;:&quot;0&quot;,&quot;copyright&quot;:&quot;&quot;,&quot;focal_length&quot;:&quot;0&quot;,&quot;iso&quot;:&quot;0&quot;,&quot;shutter_speed&quot;:&quot;0&quot;,&quot;title&quot;:&quot;&quot;,&quot;orientation&quot;:&quot;1&quot;}\" data-image-title=\"invierno-nuclear\" data-image-description=\"\" data-image-caption=\"\" data-large-file=\"https:\/\/i0.wp.com\/elabrevaderojm.com\/wp-content\/uploads\/2020\/07\/invierno-nuclear.jpg?fit=640%2C332&amp;ssl=1\" src=\"https:\/\/i0.wp.com\/elabrevaderojm.com\/wp-content\/uploads\/2020\/07\/invierno-nuclear.jpg?resize=640%2C332&#038;ssl=1\" alt=\"\" class=\"wp-image-793 size-full\"\/><\/figure><div class=\"wp-block-media-text__content\">\n<p class=\"wp-block-paragraph\"><strong>INVIERNO<\/strong><\/p>\n\n\n\n<p class=\"has-text-align-justify has-small-font-size wp-block-paragraph\"> Julio se levanta con lentitud y mira al cielo, hacia el horizonte. \u00a1Cu\u00e1nto so\u00f1\u00f3 con el \u00c1rtico! Tremendo, blanco, vasto. Y fr\u00edo, est\u00e9ril, hostil. Con r\u00e1fagas heladas que calan hasta los huesos y reflejos n\u00edveos de la superficie, enceguecedores, deslumbrantes.<\/p>\n<\/div><\/div>\n\n\n\n<div class=\"wp-block-group\"><div class=\"wp-block-group__inner-container is-layout-flow wp-block-group-is-layout-flow\">\n<p class=\"has-text-align-justify has-small-font-size wp-block-paragraph\">Y no obstante saberlo ind\u00f3mito, desafiante, se hab\u00eda complacido con las historias de Amundsen y Scott, grandes hombres que conquistaron y enfrentaron la inconmensurable masa de hielo, lanz\u00e1ndose en expediciones arriesgad\u00edsimas, aunque en ello apostaran la vida.<\/p>\n\n\n\n<p class=\"has-text-align-justify has-small-font-size wp-block-paragraph\">Por supuesto que no le disgustaba el clima caribe\u00f1o, tan fuerte en verano que agota y sofoca, pero el clima que ama, al fin y al cabo: de sol radiante, de verde vegetaci\u00f3n con altas palmas que elevan su cabellera al cielo azul; cielo que descarga su sereno color sobre el inmenso mar; mar que, calmado o tormentoso, besa de constante las costas de esta enso\u00f1aci\u00f3n en forma de isla.<\/p>\n\n\n\n<p class=\"has-small-font-size wp-block-paragraph\">Sin embargo\u2026<\/p>\n\n\n\n<p class=\"has-text-align-justify has-small-font-size wp-block-paragraph\">\u00a1Cu\u00e1nto so\u00f1\u00f3 con un invierno nevado! Le fascinaban las historias de Jack London, llenas de perros y trineos, bosques cubiertos por la coposa nieve, renos y lobos, hombres luchando contra las vicisitudes del clima, caba\u00f1as de madera calentadas por el fuego de las chimeneas.<\/p>\n\n\n\n<p class=\"has-text-align-justify has-small-font-size wp-block-paragraph\">\u00a1Cu\u00e1nto so\u00f1\u00f3 con algo as\u00ed! La ventisca que lanza la nieve a la cara, atacando los ojos, y se arremolina, y silba entre las ramas abatidas de la vegetaci\u00f3n. Pero en la calma tiende un lecho esponjoso, suave, que incita a los esqu\u00eds a deslizarse sobre \u00e9l, o a formar mu\u00f1ecos graciosos, estatuas de hielo, y juegos, juegos, porque tambi\u00e9n se desbordan la alegr\u00eda y las energ\u00edas. Y el paisaje aparece como una obra maestra esculpida en una descomunal placa de la m\u00e1s pura y pulida plata, salida de las manos del mejor orfebre: la Naturaleza, sabia y divina.<\/p>\n\n\n\n<p class=\"has-text-align-justify has-small-font-size wp-block-paragraph\">Todo ello lo hab\u00eda disfrutado desde la butaca de un cine, en oscura complicidad con la sala y la pantalla. Lo hab\u00eda disfrutado desde las p\u00e1ginas de un libro de cuentos llegados a sus manos desde tierras tan lejanas que hasta en el mapa aparec\u00edan inalcanzables. Lo hab\u00eda disfrutado desde postales navide\u00f1as en idiomas tan ajenos, que los hac\u00edan incomprensibles. \u00a1Cu\u00e1nto lo hab\u00eda disfrutado!<\/p>\n\n\n\n<p class=\"has-small-font-size wp-block-paragraph\">Sin embargo\u2026<\/p>\n\n\n\n<p class=\"has-text-align-justify has-small-font-size wp-block-paragraph\">Una g\u00e9lida brisa bate su escaso pelo, arrancando un mech\u00f3n ya suelto y humedeciendo sus hinchados y rojizos ojos; a su cuerpo se pega aun m\u00e1s la vestimenta de pieles ra\u00eddas que fueron arrancadas de los pocos animales que pueden encontrarse, y prendas robadas a los ya escasamente visibles cad\u00e1veres. Ahora son harapos que dejan parte de su piel expuesta al castigo del fr\u00edo.<\/p>\n\n\n\n<p class=\"has-text-align-justify has-small-font-size wp-block-paragraph\">Siente el cuerpo de su hijo apretarse contra uno de sus costados e intenta arroparlo lo mejor posible para evitar que se congele. Aun presintiendo el destino fatal que se avecina para ambos, intenta conservar su \u00ednfima esperanza de futuro en su v\u00e1stago, tal como los primeros hombres proteg\u00edan con celo la brizna encendida en el fondo de una cueva. Todav\u00eda vibran en su mente las horrendas escenas de la muerte de su esposa \u2014o lo que quedara de ella\u2014, y el entierro de sus despojos en territorio de nadie, en el seno de una tierra que grita al aire su desesperado y desgarrado morir.<\/p>\n\n\n\n<p class=\"has-text-align-justify has-small-font-size wp-block-paragraph\">Su hijo. Julio ha tenido la suerte de experimentar la sublime sensaci\u00f3n de ser padre, de moldear un engendro de sus entra\u00f1as, de cultivar la suave y bienamada flor que constituye un hijo. Su v\u00e1stago ha tenido la desgracia de abrir sus ojos a un mundo denso, oscuro, fr\u00edo y muerto, en el cual sus sobrevivientes luchan por no ser historia, ni polvo en el viento, sino seres humanos pertenecientes a este planeta. Suerte y desdicha, ambas coexistiendo entre ellos, separadas por una frontera tan endeble y borrosa.<\/p>\n\n\n\n<p class=\"has-text-align-justify has-small-font-size wp-block-paragraph\">Cae de rodillas bajo el empuje de la muerte. Porque Julio est\u00e1 muriendo irremediablemente. Y su suerte se trastoca en la amargura de la desgracia, pues pronto le faltar\u00e1 a su hijo, quien tendr\u00e1 que subsistir solo en esta Nueva Era.<\/p>\n\n\n\n<p class=\"has-text-align-justify has-small-font-size wp-block-paragraph\">Sus l\u00e1grimas ahora le nublan los ojos, que ya no pueden ver la sangre que brota por las heridas abiertas al desplomarse y ti\u00f1en el hielo, ni las laceraciones y deformaciones de su hijo, ni el paisaje raqu\u00edtico y ag\u00f3nico, ni la muerte galopante que se aproxima\u2026, para su suerte o desdicha.<\/p>\n\n\n\n<p class=\"has-text-align-justify has-small-font-size wp-block-paragraph\">Y, en este momento ag\u00f3nico, maldice, quiz\u00e1s por \u00faltima vez, las manos, las mentes, las almas de aquellos que, siempre abanderados de la intolerancia y la soberbia, sumieron su vida y la de los suyos, la naturaleza y al planeta en este holocaustico paisaje de invierno nuclear.<\/p>\n<\/div><\/div>\n\n\n\n<p class=\"wp-block-paragraph\"><\/p>\n<\/div><\/div>\n\n\n\n<div class=\"wp-block-media-text alignwide is-stacked-on-mobile\"><figure class=\"wp-block-media-text__media\"><img data-recalc-dims=\"1\" loading=\"lazy\" decoding=\"async\" width=\"626\" height=\"357\" data-attachment-id=\"795\" data-permalink=\"https:\/\/elabrevaderojm.com\/en\/naufrago\/\" data-orig-file=\"https:\/\/i0.wp.com\/elabrevaderojm.com\/wp-content\/uploads\/2020\/07\/naufrago.jpg?fit=626%2C357&amp;ssl=1\" data-orig-size=\"626,357\" data-comments-opened=\"1\" data-image-meta=\"{&quot;aperture&quot;:&quot;0&quot;,&quot;credit&quot;:&quot;&quot;,&quot;camera&quot;:&quot;&quot;,&quot;caption&quot;:&quot;&quot;,&quot;created_timestamp&quot;:&quot;0&quot;,&quot;copyright&quot;:&quot;&quot;,&quot;focal_length&quot;:&quot;0&quot;,&quot;iso&quot;:&quot;0&quot;,&quot;shutter_speed&quot;:&quot;0&quot;,&quot;title&quot;:&quot;&quot;,&quot;orientation&quot;:&quot;0&quot;}\" data-image-title=\"naufrago\" data-image-description=\"\" data-image-caption=\"\" data-large-file=\"https:\/\/i0.wp.com\/elabrevaderojm.com\/wp-content\/uploads\/2020\/07\/naufrago.jpg?fit=626%2C357&amp;ssl=1\" src=\"https:\/\/i0.wp.com\/elabrevaderojm.com\/wp-content\/uploads\/2020\/07\/naufrago.jpg?resize=626%2C357&#038;ssl=1\" alt=\"\" class=\"wp-image-795 size-full\"\/><\/figure><div class=\"wp-block-media-text__content\">\n<p class=\"wp-block-paragraph\"><strong>LA SUERTE DEL N\u00c1UFRAGO<\/strong><\/p>\n\n\n\n<p class=\"has-text-align-justify has-small-font-size wp-block-paragraph\">Lentamente, levant\u00f3 los p\u00e1rpados. Estaba exhausto, con la boca salada, la piel mojada y fr\u00eda, con la respiraci\u00f3n dificultosa\u2026, pero vivo.<\/p>\n\n\n\n<p class=\"has-text-align-justify has-small-font-size wp-block-paragraph\">Reuni\u00f3 fuerzas para voltearse, y luego sentarse. Empeque\u00f1eci\u00f3 los ojos cuando la claridad diurna hinc\u00f3 el sol en sus pupilas. La furia de la tormenta nocturna hall\u00f3 sosiego en el alba, en esta playa tranquila, desconocida, solitaria.<\/p>\n<\/div><\/div>\n\n\n\n<div class=\"wp-block-group\"><div class=\"wp-block-group__inner-container is-layout-flow wp-block-group-is-layout-flow\">\n<p class=\"has-text-align-justify has-small-font-size wp-block-paragraph\">Hasta el horizonte, no se ve\u00eda vestigio alguno del barco que unas horas antes bregaba con la ira de Poseid\u00f3n entre monta\u00f1as arrolladoras de mar y toda una serie de recursos desplegados por la inclemente tempestad. Estaba solo, desnudo, desamparado.<\/p>\n\n\n\n<p class=\"has-small-font-size wp-block-paragraph\">\u00bfO no?<\/p>\n\n\n\n<p class=\"has-text-align-justify has-small-font-size wp-block-paragraph\">A casi un centenar de metros vio un reflejo en la orilla; era como si la luz de la ma\u00f1ana le estuviese enviando un mensaje a trav\u00e9s de los destellos. Tom\u00f3 aliento, llen\u00f3 sus brazos y piernas de energ\u00eda, y ech\u00f3 a correr tras ponerse de pie. Cuando su vista enfoc\u00f3 el objetivo, estall\u00f3 en carcajadas. Y as\u00ed lleg\u00f3 junto a ella.<\/p>\n\n\n\n<p class=\"has-text-align-justify has-small-font-size wp-block-paragraph\">Se dej\u00f3 caer en la arena. Sin demora, estir\u00f3 un brazo hacia la caja, asi\u00f3 una botella de ron <em>Havana Club<\/em>, la destap\u00f3, y se dio un largo trago. Alz\u00f3 la botella al sol, y pens\u00f3: \u00abBueno, no todo est\u00e1 perdido\u00bb.<\/p>\n\n\n\n<div class=\"wp-block-media-text alignwide is-stacked-on-mobile\"><figure class=\"wp-block-media-text__media\"><img data-recalc-dims=\"1\" loading=\"lazy\" decoding=\"async\" width=\"400\" height=\"225\" data-attachment-id=\"797\" data-permalink=\"https:\/\/elabrevaderojm.com\/en\/parque-maceo1\/\" data-orig-file=\"https:\/\/i0.wp.com\/elabrevaderojm.com\/wp-content\/uploads\/2020\/07\/parque-maceo1.jpg?fit=400%2C225&amp;ssl=1\" data-orig-size=\"400,225\" data-comments-opened=\"1\" data-image-meta=\"{&quot;aperture&quot;:&quot;0&quot;,&quot;credit&quot;:&quot;&quot;,&quot;camera&quot;:&quot;&quot;,&quot;caption&quot;:&quot;&quot;,&quot;created_timestamp&quot;:&quot;0&quot;,&quot;copyright&quot;:&quot;&quot;,&quot;focal_length&quot;:&quot;0&quot;,&quot;iso&quot;:&quot;0&quot;,&quot;shutter_speed&quot;:&quot;0&quot;,&quot;title&quot;:&quot;&quot;,&quot;orientation&quot;:&quot;0&quot;}\" data-image-title=\"parque-maceo1\" data-image-description=\"\" data-image-caption=\"\" data-large-file=\"https:\/\/i0.wp.com\/elabrevaderojm.com\/wp-content\/uploads\/2020\/07\/parque-maceo1.jpg?fit=400%2C225&amp;ssl=1\" src=\"https:\/\/i0.wp.com\/elabrevaderojm.com\/wp-content\/uploads\/2020\/07\/parque-maceo1.jpg?resize=400%2C225&#038;ssl=1\" alt=\"\" class=\"wp-image-797 size-full\"\/><\/figure><div class=\"wp-block-media-text__content\">\n<p class=\"wp-block-paragraph\"><strong>NUESTRO PARQUE<\/strong><\/p>\n\n\n\n<p class=\"wp-block-paragraph\" style=\"font-size:30px\">Al \u00fanico sabio que conoc\u00ed en persona: mi padre.<\/p>\n<\/div><\/div>\n\n\n\n<div class=\"wp-block-group\"><div class=\"wp-block-group__inner-container is-layout-flow wp-block-group-is-layout-flow\">\n<p class=\"has-text-align-justify has-small-font-size wp-block-paragraph\">He vuelto a sentarme en el banco amarillo junto a la farola en el parque del barrio. M\u00e1s all\u00e1 de la avenida y el muro el mar insiste en precipitarse tras el horizonte. Como siempre, no hace falta la primavera para que la traviesa naturaleza ponga a su jardinero a regarnos con su lluvia c\u00e1lida, sonora, viva, pero no perpetua, pues llega el momento en que el sol extiende los brazos y separa la cortina, aparece tras ella, lento, pero indetenible como un elefante celeste, volviendo a ganar la batalla, ahora con su luz, como en otro momento lo hizo con su calor para quitarle la camisa al caminante, lo cual no pudo el viento. Ese inconfundible olor a tierra mojada llena mis pulmones.<\/p>\n\n\n\n<p class=\"has-small-font-size wp-block-paragraph\">Grita de ganas por imponerse el amanecer.<\/p>\n\n\n\n<p class=\"has-text-align-justify has-small-font-size wp-block-paragraph\">Los rayos van secando bajo mis pies el empedrado camino que atraviesa el t\u00fanel \u2014puente si se mira desde la avenida\u2014 y se abre en la explanada en arco donde el muro semeja un balc\u00f3n p\u00fablico, pues cualquiera puede asomarse a la bah\u00eda en \u00e9l.<\/p>\n\n\n\n<p class=\"has-text-align-justify has-small-font-size wp-block-paragraph\">Ya no se escucha al carpintero anunciarnos su horario de trabajo en el sucio \u00e1rbol de la esquina, ni existe tampoco un ej\u00e9rcito de peque\u00f1os detalles que anta\u00f1o parec\u00edan pueriles, irrelevantes. Por eso aprieto los ojos y, entonces, todo se materializa como tocado por una vara m\u00e1gica.<\/p>\n\n\n\n<p class=\"has-text-align-justify has-small-font-size wp-block-paragraph\">Mi mente se aferra como un pulpo a tu recuerdo: de voz sonando a poema en el cual los ojos tras las gafas remendadas son sus versos. Y tus dedos en mi cabello. \u00a1Me duele el reloj porque no se detiene en el tiempo! El que terci\u00f3 la carroza, los pajes y los caballos en la ordinaria calabaza rodeada de ratas.<\/p>\n\n\n\n<p class=\"has-small-font-size wp-block-paragraph\">Abro los ojos; el paisaje cambia.<\/p>\n\n\n\n<p class=\"has-text-align-justify has-small-font-size wp-block-paragraph\">Beethoven se empecina con su novena sinfon\u00eda en mis o\u00eddos a pesar de que esto es una oda a la tristeza. Quiz\u00e1s sea solamente la imagen que explica tu esencia: un ser capaz de admirar la belleza del entorno con la sexta aun cuando la turbulencia por dentro tronara con acordes de la quinta. Pr\u00edncipe y mendigo. Portento intelectual que jam\u00e1s repar\u00f3 en la intrascendencia de su zapato o su pantal\u00f3n.<\/p>\n\n\n\n<p class=\"has-text-align-justify has-small-font-size wp-block-paragraph\">Pero muy bien pudiste haber sido de Tchaikovsky. Igual no llegu\u00e9 a conocerte a fondo tras el hermetismo emocional de tu sonrisa y tus chistes. Y tu sabidur\u00eda en cascadas. As\u00ed que tampoco podr\u00eda decir si eras de orqu\u00eddeas o margaritas. Sin embargo, el poeta cultiv\u00f3 una rosa blanca. Por eso fue mi elecci\u00f3n. Su fr\u00e1gil, clara, po\u00e9tica presencia como epitafio en tu l\u00e1pida.<\/p>\n\n\n\n<p class=\"has-small-font-size wp-block-paragraph\">Y los recuerdos.<\/p>\n<\/div><\/div>\n\n\n\n<div class=\"wp-block-media-text alignwide is-stacked-on-mobile\" style=\"grid-template-columns:24% auto\"><figure class=\"wp-block-media-text__media\"><img data-recalc-dims=\"1\" loading=\"lazy\" decoding=\"async\" width=\"640\" height=\"896\" data-attachment-id=\"798\" data-permalink=\"https:\/\/elabrevaderojm.com\/en\/luna\/\" data-orig-file=\"https:\/\/i0.wp.com\/elabrevaderojm.com\/wp-content\/uploads\/2020\/07\/luna.jpg?fit=640%2C896&amp;ssl=1\" data-orig-size=\"640,896\" data-comments-opened=\"1\" data-image-meta=\"{&quot;aperture&quot;:&quot;0&quot;,&quot;credit&quot;:&quot;&quot;,&quot;camera&quot;:&quot;&quot;,&quot;caption&quot;:&quot;&quot;,&quot;created_timestamp&quot;:&quot;0&quot;,&quot;copyright&quot;:&quot;&quot;,&quot;focal_length&quot;:&quot;0&quot;,&quot;iso&quot;:&quot;0&quot;,&quot;shutter_speed&quot;:&quot;0&quot;,&quot;title&quot;:&quot;&quot;,&quot;orientation&quot;:&quot;0&quot;}\" data-image-title=\"luna\" data-image-description=\"\" data-image-caption=\"\" data-large-file=\"https:\/\/i0.wp.com\/elabrevaderojm.com\/wp-content\/uploads\/2020\/07\/luna.jpg?fit=640%2C896&amp;ssl=1\" src=\"https:\/\/i0.wp.com\/elabrevaderojm.com\/wp-content\/uploads\/2020\/07\/luna.jpg?resize=640%2C896&#038;ssl=1\" alt=\"\" class=\"wp-image-798 size-full\"\/><\/figure><div class=\"wp-block-media-text__content\">\n<p class=\"wp-block-paragraph\"><strong>OBSESI\u00d3N<\/strong><\/p>\n\n\n\n<p class=\"has-text-align-justify has-small-font-size wp-block-paragraph\">Naci\u00f3 un ni\u00f1o en cuna de oro. Naci\u00f3 entre bordadas s\u00e1banas de seda, cascabeles plateados y cantos de ruise\u00f1ores. Naci\u00f3 bajo un brillante arco\u00edris adornando su fina nave. Mas, sin la Luna, que apenas se filtraba por las persianas, en su almohada.<\/p>\n\n\n\n<p class=\"has-text-align-justify has-small-font-size wp-block-paragraph\">Creci\u00f3 el ni\u00f1o en un palacio de kil\u00f3metros de estrellas, con puertas costosas y enrejados de art\u00edsticos orfebres. Creci\u00f3 entre finos adornos de cara importaci\u00f3n, a la vista de famosos pintores y escultores diseminados por la vivienda, y entre juguetes dis\u00edmiles que abarrotaban centenares de metros c\u00fabicos de juegos. Mas, sin la distante Luna, la cual ve\u00eda desde el inmenso y siempre florecido jard\u00edn, en su cuarto.<\/p>\n<\/div><\/div>\n\n\n\n<div class=\"wp-block-group\"><div class=\"wp-block-group__inner-container is-layout-flow wp-block-group-is-layout-flow\">\n<p class=\"has-text-align-justify has-small-font-size wp-block-paragraph\">Se hizo hombre este ni\u00f1o, logrando el t\u00edtulo de una respetable profesi\u00f3n. Se hizo hombre entre m\u00e1scaras de alta sociedad y sonrisas insinuantes y complacientes de \u00abse\u00f1oritas\u00bb a granel, empujando cuesta arriba cualquier dificultad a su paso, con mayor ah\u00ednco que S\u00edsifo su piedra infernal. Y, asimismo, goz\u00f3 de flamantes autos y vida en rosas. Mas, sin la Luna, que alumbr\u00f3 en infinitas ocasiones su cuerpo desnudo cabalgando sobre un perfumado corcel de turno, en su bolsillo.<\/p>\n\n\n\n<p class=\"has-text-align-justify has-small-font-size wp-block-paragraph\">Subi\u00f3 este hombre a la cima de una prominente carrera, barriendo en su camino la mediocridad y tambi\u00e9n la amistad. Subi\u00f3 con un peque\u00f1o empuje de su n\u00edveo linaje y su talento \u2014que no era poco\u2014, descollando en la sociedad con su nombre y actuar, deslumbrando a las damas de diferente filiaci\u00f3n, creando familia como todo buen cristiano, mas, sin la Luna, que en interminables noches observara tras los cristales panor\u00e1micos de su descomunal oficina, en su cuenta bancaria.<\/p>\n\n\n\n<p class=\"has-text-align-justify has-small-font-size wp-block-paragraph\">Se convirti\u00f3 este empresario en presidente, fundando su magisterio en una s\u00f3lida base de millones de ceros. Se convirti\u00f3 en presidente tras aplastar a sus enemigos y sacar de ra\u00edz todo brote en contra de su gobierno o su pensamiento, o sus decisiones, siempre tan unipersonales, siempre omnipresentes, SIEMPRE. Mas, sin la Luna, simple sat\u00e9lite presente en peri\u00f3dicos, filmes o sue\u00f1os humanos, en su propio gabinete.<\/p>\n\n\n\n<p class=\"has-text-align-justify has-small-font-size wp-block-paragraph\">No quer\u00eda este hombre la Luna como hacen los poetas y los juglares, los amantes a la orilla del mar, los ni\u00f1os que la alcanzan en el reflejo de un diminuto oc\u00e9ano en el pavimento, los astr\u00f3nomos tras sus telescopios, los lobos en sus noches fr\u00edas. La deseaba para poder apretarla en su mano soberbia y dominarla a su antojo como todo lo de su propiedad: las riquezas de su pa\u00eds, la voluntad de su pueblo, la direcci\u00f3n de su gobierno.<\/p>\n\n\n\n<p class=\"has-text-align-justify has-small-font-size wp-block-paragraph\">Entonces, supo del <em>Lunaj\u00f3d<\/em> y de <em>Armstrong<\/em>, y pens\u00f3 en eso como la \u00fanica forma de lograrlo: pisar su superficie y reclamarla para s\u00ed, clavando en ella su propia bandera.<\/p>\n\n\n\n<p class=\"has-text-align-justify has-small-font-size wp-block-paragraph\">Una noche, su hijo peque\u00f1o, como de costumbre, sali\u00f3 al jard\u00edn y se sent\u00f3 sobre el mullido c\u00e9sped de una suave colina. Ten\u00eda en su breve regazo de fuerte mezclilla corta, como de costumbre, una flor y un libro de tapas oscuras. Mir\u00f3 al cielo estrellado y, rompiendo la costumbre, no invoc\u00f3 a la Luna, sino a los cintillos sensacionales de primera plana que anunciaban la muerte del padre en la escaramuza de cruzar el negro espacio c\u00f3smico. \u00abPobre pap\u00e1\u00bb, se lament\u00f3. \u00abEsta flor y este poema ser\u00e1n, hoy, para \u00e9l\u00bb.<\/p>\n\n\n\n<p class=\"has-text-align-justify has-small-font-size wp-block-paragraph\">No obstante, como de costumbre en cada noche, la Blanca Se\u00f1ora descendi\u00f3 de su g\u00e9lida morada para sentarse a su lado.<\/p>\n<\/div><\/div>\n\n\n\n<hr class=\"wp-block-separator has-alpha-channel-opacity\"\/>\n\n\n\n<div class=\"wp-block-media-text alignwide is-stacked-on-mobile\" style=\"grid-template-columns:32% auto\"><figure class=\"wp-block-media-text__media\"><img data-recalc-dims=\"1\" loading=\"lazy\" decoding=\"async\" width=\"570\" height=\"570\" data-attachment-id=\"800\" data-permalink=\"https:\/\/elabrevaderojm.com\/en\/microscopio-y-libro\/\" data-orig-file=\"https:\/\/i0.wp.com\/elabrevaderojm.com\/wp-content\/uploads\/2020\/07\/microscopio-y-libro.jpg?fit=570%2C570&amp;ssl=1\" data-orig-size=\"570,570\" data-comments-opened=\"1\" data-image-meta=\"{&quot;aperture&quot;:&quot;0&quot;,&quot;credit&quot;:&quot;&quot;,&quot;camera&quot;:&quot;&quot;,&quot;caption&quot;:&quot;&quot;,&quot;created_timestamp&quot;:&quot;0&quot;,&quot;copyright&quot;:&quot;&quot;,&quot;focal_length&quot;:&quot;0&quot;,&quot;iso&quot;:&quot;0&quot;,&quot;shutter_speed&quot;:&quot;0&quot;,&quot;title&quot;:&quot;&quot;,&quot;orientation&quot;:&quot;0&quot;}\" data-image-title=\"microscopio-y-libro\" data-image-description=\"\" data-image-caption=\"\" data-large-file=\"https:\/\/i0.wp.com\/elabrevaderojm.com\/wp-content\/uploads\/2020\/07\/microscopio-y-libro.jpg?fit=570%2C570&amp;ssl=1\" src=\"https:\/\/i0.wp.com\/elabrevaderojm.com\/wp-content\/uploads\/2020\/07\/microscopio-y-libro.jpg?resize=570%2C570&#038;ssl=1\" alt=\"\" class=\"wp-image-800 size-full\"\/><\/figure><div class=\"wp-block-media-text__content\">\n<p class=\"has-drop-cap has-medium-font-size wp-block-paragraph\"><strong><u>MICRORRELATOS<\/u><\/strong><\/p>\n<\/div><\/div>\n\n\n\n<div class=\"wp-block-group\"><div class=\"wp-block-group__inner-container is-layout-flow wp-block-group-is-layout-flow\">\n<p class=\"wp-block-paragraph\"><strong>ESCRUTINIO<\/strong><\/p>\n\n\n\n<p class=\"wp-block-paragraph\">Cuando despert\u00f3 tendido en la yerba, los mismos ojos pend\u00edan en el cielo.<\/p>\n\n\n\n<p class=\"wp-block-paragraph\"><a><strong>EL COMANDANTE<\/strong><\/a><\/p>\n\n\n\n<p class=\"wp-block-paragraph\">El Comandante venera a sus seguidores, por eso en el traspatio de la casa atesora sus cad\u00e1veres.<\/p>\n\n\n\n<p class=\"wp-block-paragraph\"><a><strong>EL REY<\/strong><\/a><\/p>\n\n\n\n<p class=\"wp-block-paragraph\">El rey grit\u00f3: \u201c\u00a1Al combate!\u201d Y all\u00ed salieron los perros de la guerra, ladrando, mordiendo, despedaz\u00e1ndose la carne mutuamente, de ambos bandos. Lo hac\u00edan por el honor, por la gloria, por la eternidad.<\/p>\n\n\n\n<p class=\"wp-block-paragraph\">Tras el silencio de cierre, el rey vencedor ascendi\u00f3 la monta\u00f1a de los inm\u00f3viles valientes y, en la cima, con inmensa satisfacci\u00f3n, llen\u00f3 sus pulmones con el aire cargado de su honor, su gloria, su eternidad.<\/p>\n\n\n\n<p class=\"wp-block-paragraph\"><strong>OBITUARIO AL BESO<\/strong><\/p>\n\n\n\n<p class=\"wp-block-paragraph\">Comunicamos la desastrosa muerte del <strong>Beso<\/strong>. En un arranque de celos e impotencia, el <strong>Desamor <\/strong>le dio muerte con un pu\u00f1al de odio.<\/p>\n\n\n\n<p class=\"wp-block-paragraph\">Con profundo pesar, le sobreviven los amantes, los padres y sus hijos, los pr\u00edncipes y las princesas, los juglares, los poetas, y el amor.<\/p>\n\n\n\n<p class=\"wp-block-paragraph\">El velatorio se realizar\u00e1 en la funeraria propiedad del <strong>Miedo<\/strong> y la <strong>Intolerancia<\/strong>, y se enterrar\u00e1 en el valle muy cort\u00e9smente cedido por el <strong>Dolor<\/strong>.<\/p>\n\n\n\n<p class=\"wp-block-paragraph\"><strong>ANUNCIO DE UN MARAVILLOSO NACIMIENTO<\/strong><\/p>\n\n\n\n<p class=\"wp-block-paragraph\">Comunicamos el maravilloso nacimiento del <strong>Cuento<\/strong>. Sus afortunados padres, la <strong>Realidad <\/strong>y la <strong>Fantas\u00eda<\/strong>, tienen el placer de invitar a las <strong>Palabras<\/strong> de todo el <strong>Universo<\/strong> a deleitarse con la fiesta de recibimiento.<\/p>\n\n\n\n<p class=\"wp-block-paragraph\">El bautizo, que tendr\u00e1 como padrinos a la <strong>Creatividad<\/strong> y la <strong>Magia<\/strong>, iluminar\u00e1 la <strong>Catedral de la Eternidad<\/strong> con una inolvidable fiesta preparada por las <strong>Estrellas<\/strong>, las <strong>Ideas<\/strong>, la <strong>Poes\u00eda<\/strong> y el <strong>Amor<\/strong>.<\/p>\n\n\n\n<p class=\"wp-block-paragraph\"><strong>AMANTE<\/strong><\/p>\n\n\n\n<p class=\"wp-block-paragraph\">Ardi\u00f3 con inconmensurables pasi\u00f3n y dicha; el coraz\u00f3n qued\u00f3 en la cima de las cenizas.<\/p>\n<\/div><\/div>\n<\/div><\/div>\n\n\n\n<hr class=\"wp-block-separator has-alpha-channel-opacity\"\/>\n\n\n\n<p class=\"has-text-align-justify wp-block-paragraph\">Si te gustaron los trabajos, demu\u00e9stralo con un \u00abpulgar arriba\u00bb y un \u00abaplauso\u00bb, y compartiendo el contenido con tus amistades y en tus redes sociales. Es muy gratificante. Y quiz\u00e1s otras personas se enteren de estas cosas interesantes que has le\u00eddo hoy.<\/p>\n\n\n\n<p class=\"has-text-align-justify wp-block-paragraph\">Si tienes algo que comentar, preguntar o agregar, o decirme como expositor, por favor hazlo dejando tu comentario.<\/p>\n\n\n\n<p class=\"has-text-align-justify wp-block-paragraph\">Siempre lo mejor para estar al tanto de estas interesantes entregas es suscribirte a mi blog, que trato de surtir con nuevos trabajos siempre que me sea posible.<\/p>\n\n\n\n<p class=\"wp-block-paragraph\">Gracias por leer.<\/p>\n\n\n\n<div class=\"wp-block-comments\">\n\t\t<div id=\"respond\" class=\"comment-respond wp-block-post-comments-form\">\n\t\t\t<h3 id=\"reply-title\" class=\"comment-reply-title\">Leave a Reply<small><a rel=\"nofollow\" id=\"cancel-comment-reply-link\" href=\"\/en\/wp-json\/wp\/v2\/pages\/22#respond\" style=\"display:none;\">Cancel reply<\/a><\/small><\/h3>\t\t\t<form id=\"commentform\" class=\"comment-form\">\n\t\t\t\t<iframe\n\t\t\t\t\ttitle=\"Comment Form\"\n\t\t\t\t\tsrc=\"https:\/\/jetpack.wordpress.com\/jetpack-comment\/?blogid=153735515&#038;postid=22&#038;comment_registration=0&#038;require_name_email=0&#038;stc_enabled=1&#038;stb_enabled=1&#038;show_avatars=1&#038;avatar_default=identicon&#038;greeting=Leave+a+Reply&#038;jetpack_comments_nonce=97ea88e9ff&#038;greeting_reply=Leave+a+Reply+to+%25s&#038;color_scheme=light&#038;lang=en_US&#038;jetpack_version=16.2-a.5&#038;iframe_unique_id=5&#038;show_cookie_consent=10&#038;has_cookie_consent=0&#038;is_current_user_subscribed=0&#038;token_key=%3Bnormal%3B&#038;sig=a5208e1b66590bd3851f855f695eb64494e5521f#parent=https%3A%2F%2Felabrevaderojm.com%2Fen%2Fwp-json%2Fwp%2Fv2%2Fpages%2F22\"\n\t\t\t\t\t\t\t\t\t\t\tname=\"jetpack_remote_comment\"\n\t\t\t\t\t\tstyle=\"width:100%; height: 430px; border:0;\"\n\t\t\t\t\t\t\t\t\t\tclass=\"jetpack_remote_comment\"\n\t\t\t\t\tid=\"jetpack_remote_comment\"\n\t\t\t\t\tsandbox=\"allow-same-origin allow-top-navigation allow-scripts allow-forms allow-popups\"\n\t\t\t\t>\n\t\t\t\t\t\t\t\t\t<\/iframe>\n\t\t\t\t\t\t\t\t\t<!--[if !IE]><!-->\n\t\t\t\t\t<script>\n\t\t\t\t\t\tdocument.addEventListener('DOMContentLoaded', function () {\n\t\t\t\t\t\t\tvar commentForms = document.getElementsByClassName('jetpack_remote_comment');\n\t\t\t\t\t\t\tfor (var i = 0; i < commentForms.length; i++) {\n\t\t\t\t\t\t\t\tcommentForms[i].allowTransparency = false;\n\t\t\t\t\t\t\t\tcommentForms[i].scrolling = 'no';\n\t\t\t\t\t\t\t}\n\t\t\t\t\t\t});\n\t\t\t\t\t<\/script>\n\t\t\t\t\t<!--<![endif]-->\n\t\t\t\t\t\t\t<\/form>\n\t\t<\/div>\n\n\t\t\n\t\t<input type=\"hidden\" name=\"comment_parent\" id=\"comment_parent\" value=\"\" \/>\n\n\t\t<\/div>\n\n\n<div class=\"crowdsignal-vote-wrapper\" data-crowdsignal-vote=\"{&quot;pollId&quot;:&quot;457d92f7-240a-4422-8c6b-6f418947f09d&quot;,&quot;title&quot;:&quot;Votaci\\u00f3n sin t\\u00edtulo 6&quot;,&quot;hideBranding&quot;:false,&quot;pollStatus&quot;:&quot;open&quot;,&quot;size&quot;:&quot;medium&quot;,&quot;borderWidth&quot;:1,&quot;borderRadius&quot;:5,&quot;hideResults&quot;:false,&quot;TrpContentRestriction&quot;:{&quot;restriction_type&quot;:&quot;exclude&quot;,&quot;selected_languages&quot;:[],&quot;panel_open&quot;:true},&quot;apiPollData&quot;:{&quot;id&quot;:15450578,&quot;question&quot;:&quot;&quot;,&quot;note&quot;:&quot;&quot;,&quot;settings&quot;:{&quot;title&quot;:&quot;Votaci\\u00f3n sin t\\u00edtulo 6&quot;,&quot;after_vote&quot;:&quot;results&quot;,&quot;after_message&quot;:&quot;&quot;,&quot;randomize_answers&quot;:false,&quot;restrict_vote_repeat&quot;:false,&quot;captcha&quot;:false,&quot;multiple_choice&quot;:false,&quot;redirect_url&quot;:&quot;&quot;,&quot;close_status&quot;:&quot;open&quot;,&quot;close_after&quot;:false},&quot;answers&quot;:[{&quot;answer_text&quot;:&quot;up&quot;,&quot;id&quot;:68254943,&quot;client_id&quot;:&quot;b909c13a-b6cb-4712-89d3-737e583b6fb6&quot;},{&quot;answer_text&quot;:&quot;down&quot;,&quot;id&quot;:68254944,&quot;client_id&quot;:&quot;8fa0562c-0b4f-4d62-9f52-d30106a215f6&quot;}],&quot;source_link&quot;:&quot;https:\\\/\\\/elabrevaderojm.com&quot;,&quot;client_id&quot;:&quot;457d92f7-240a-4422-8c6b-6f418947f09d&quot;}}\">\n<div data-crowdsignal-vote-item=\"{&quot;answerId&quot;:&quot;b909c13a-b6cb-4712-89d3-737e583b6fb6&quot;,&quot;type&quot;:&quot;up&quot;,&quot;TrpContentRestriction&quot;:{&quot;restriction_type&quot;:&quot;exclude&quot;,&quot;selected_languages&quot;:[],&quot;panel_open&quot;:true}}\"><\/div>\n\n<div data-crowdsignal-vote-item=\"{&quot;answerId&quot;:&quot;8fa0562c-0b4f-4d62-9f52-d30106a215f6&quot;,&quot;type&quot;:&quot;down&quot;,&quot;TrpContentRestriction&quot;:{&quot;restriction_type&quot;:&quot;exclude&quot;,&quot;selected_languages&quot;:[],&quot;panel_open&quot;:true}}\"><\/div>\n<\/div>\n\n<div class=\"crowdsignal-applause-wrapper\" data-crowdsignal-applause=\"{&quot;pollId&quot;:&quot;beff4cc2-c665-4bc9-a836-1ff895369ba9&quot;,&quot;title&quot;:&quot;Aplauso sin t\\u00edtulo 6&quot;,&quot;answerId&quot;:&quot;ed043b60-7887-4e36-9d08-e93e30e2152d&quot;,&quot;hideBranding&quot;:false,&quot;size&quot;:&quot;medium&quot;,&quot;pollStatus&quot;:&quot;open&quot;,&quot;TrpContentRestriction&quot;:{&quot;restriction_type&quot;:&quot;exclude&quot;,&quot;selected_languages&quot;:[],&quot;panel_open&quot;:true},&quot;apiPollData&quot;:{&quot;id&quot;:15450580,&quot;question&quot;:&quot;&quot;,&quot;note&quot;:&quot;&quot;,&quot;settings&quot;:{&quot;title&quot;:&quot;Aplauso sin t\\u00edtulo 6&quot;,&quot;after_vote&quot;:&quot;results&quot;,&quot;after_message&quot;:&quot;&quot;,&quot;randomize_answers&quot;:false,&quot;restrict_vote_repeat&quot;:false,&quot;captcha&quot;:false,&quot;multiple_choice&quot;:false,&quot;redirect_url&quot;:&quot;&quot;,&quot;close_status&quot;:&quot;open&quot;,&quot;close_after&quot;:false},&quot;answers&quot;:[{&quot;answer_text&quot;:&quot;clap&quot;,&quot;id&quot;:68254949,&quot;client_id&quot;:&quot;ed043b60-7887-4e36-9d08-e93e30e2152d&quot;}],&quot;source_link&quot;:&quot;https:\\\/\\\/elabrevaderojm.com&quot;,&quot;client_id&quot;:&quot;beff4cc2-c665-4bc9-a836-1ff895369ba9&quot;}}\"><\/div>\n\n\n<!--nextpage-->\n\n\n\n<h2 class=\"wp-block-heading has-abril-fatface-font-family has-custom-font\" style=\"font-family:Abril Fatface;font-size:40px\">Un lugar apacible<\/h2>\n\n\n\n<p class=\"has-text-align-justify wp-block-paragraph\">A\u00f1ado en esta p\u00e1gina, hecha a prop\u00f3sito para ello, un nuevo cuento que gan\u00f3 su publicaci\u00f3n en el concurso de la revista <strong>Nudo Gordiano<\/strong> en su edici\u00f3n #42. Se titula <strong>\u00abUn lugar apacible\u00bb<\/strong>. El enlace a esta secci\u00f3n de mi p\u00e1gina est\u00e1 hecho directamente desde la p\u00e1gina de la revista. <\/p>\n\n\n\n<p class=\"has-text-align-justify wp-block-paragraph\">Pueden ampliar la imagen con el bot\u00f3n de las 4 flechas en la esquina inferior derecha para leer mejor el contenido. Usen las flechas a los costados de la imagen para navegar en la revista (pasar las p\u00e1ginas). Mi cuento cierra la secci\u00f3n de los cuentos ganadores para ser publicados (p\u00e1ginas 20 y 21).<\/p>\n\n\n\n<figure class=\"wp-block-embed is-type-rich is-provider-issuu wp-block-embed-issuu\"><div class=\"wp-block-embed__wrapper\">\n<iframe title=\"Nudo Gordiano #42\" src=\"https:\/\/e.issuu.com\/embed.html?u=revistanudogordiano&#038;d=nudo_gordiano_42\" style=\"border:none; width: 640px; height: 491px;\" allow=\"clipboard-write,allow-top-navigation,allow-top-navigation-by-user-activation,allow-downloads,allow-scripts,allow-same-origin,allow-popups,allow-modals,allow-popups-to-escape-sandbox,allow-forms\"  allowfullscreen=\"true\"><\/iframe>\n<\/div><\/figure>\n\n\n\n<p class=\"has-text-align-justify wp-block-paragraph\">Si te ha gustado la revista, puedes visitarlos y dejar all\u00ed un comentario. Que tambi\u00e9n lo puedes dejar aqu\u00ed.<\/p>\n\n\n\n<p class=\"has-text-align-justify wp-block-paragraph\">En lo que a m\u00ed respecta, si te gust\u00f3 el cuento, demu\u00e9stralo con un \u00abpulgar arriba\u00bb y un \u00abaplauso\u00bb, y compartiendo el contenido con tus amistades y en tus redes sociales. Es muy gratificante. Y quiz\u00e1s otras personas compartan tu gusto por lo que has le\u00eddo hoy, y hasta se decidan a leer el resto del contenido de esta secci\u00f3n.<\/p>\n\n\n\n<p class=\"has-text-align-justify wp-block-paragraph\">Si tienes algo que comentar, preguntar o agregar, o decirme como expositor, por favor hazlo dejando tu comentario.<\/p>\n\n\n\n<p class=\"has-text-align-justify wp-block-paragraph\">Siempre lo mejor para estar al tanto de estas interesantes entregas es suscribirte a mi blog, que trato de surtir con nuevos trabajos siempre que me sea posible.<\/p>\n\n\n\n<p class=\"wp-block-paragraph\">Gracias por leer.<\/p>\n\n\n\n<div class=\"wp-block-comments\">\n\t\t<div id=\"respond\" class=\"comment-respond wp-block-post-comments-form\">\n\t\t\t<h3 id=\"reply-title\" class=\"comment-reply-title\">Leave a Reply<small><a rel=\"nofollow\" id=\"cancel-comment-reply-link\" href=\"\/en\/wp-json\/wp\/v2\/pages\/22#respond\" style=\"display:none;\">Cancel reply<\/a><\/small><\/h3>\t\t\t<form id=\"commentform\" class=\"comment-form\">\n\t\t\t\t<iframe\n\t\t\t\t\ttitle=\"Comment Form\"\n\t\t\t\t\tsrc=\"https:\/\/jetpack.wordpress.com\/jetpack-comment\/?blogid=153735515&#038;postid=22&#038;comment_registration=0&#038;require_name_email=0&#038;stc_enabled=1&#038;stb_enabled=1&#038;show_avatars=1&#038;avatar_default=identicon&#038;greeting=Leave+a+Reply&#038;jetpack_comments_nonce=97ea88e9ff&#038;greeting_reply=Leave+a+Reply+to+%25s&#038;color_scheme=light&#038;lang=en_US&#038;jetpack_version=16.2-a.5&#038;iframe_unique_id=6&#038;show_cookie_consent=10&#038;has_cookie_consent=0&#038;is_current_user_subscribed=0&#038;token_key=%3Bnormal%3B&#038;sig=8160832b73dbb278a881312ceb8da4c4e1fbcc74#parent=https%3A%2F%2Felabrevaderojm.com%2Fen%2Fwp-json%2Fwp%2Fv2%2Fpages%2F22\"\n\t\t\t\t\t\t\t\t\t\t\tname=\"jetpack_remote_comment\"\n\t\t\t\t\t\tstyle=\"width:100%; height: 430px; border:0;\"\n\t\t\t\t\t\t\t\t\t\tclass=\"jetpack_remote_comment\"\n\t\t\t\t\tid=\"jetpack_remote_comment\"\n\t\t\t\t\tsandbox=\"allow-same-origin allow-top-navigation allow-scripts allow-forms allow-popups\"\n\t\t\t\t>\n\t\t\t\t\t\t\t\t\t<\/iframe>\n\t\t\t\t\t\t\t\t\t<!--[if !IE]><!-->\n\t\t\t\t\t<script>\n\t\t\t\t\t\tdocument.addEventListener('DOMContentLoaded', function () {\n\t\t\t\t\t\t\tvar commentForms = document.getElementsByClassName('jetpack_remote_comment');\n\t\t\t\t\t\t\tfor (var i = 0; i < commentForms.length; i++) {\n\t\t\t\t\t\t\t\tcommentForms[i].allowTransparency = false;\n\t\t\t\t\t\t\t\tcommentForms[i].scrolling = 'no';\n\t\t\t\t\t\t\t}\n\t\t\t\t\t\t});\n\t\t\t\t\t<\/script>\n\t\t\t\t\t<!--<![endif]-->\n\t\t\t\t\t\t\t<\/form>\n\t\t<\/div>\n\n\t\t\n\t\t<input type=\"hidden\" name=\"comment_parent\" id=\"comment_parent\" value=\"\" \/>\n\n\t\t\n\n<div class=\"crowdsignal-vote-wrapper\" data-crowdsignal-vote=\"{&quot;pollId&quot;:&quot;3f551935-d1e5-474f-ac93-d1018dbd471d&quot;,&quot;title&quot;:&quot;Votaci\\u00f3n sin t\\u00edtulo&quot;,&quot;hideBranding&quot;:false,&quot;pollStatus&quot;:&quot;open&quot;,&quot;size&quot;:&quot;medium&quot;,&quot;borderWidth&quot;:1,&quot;borderRadius&quot;:5,&quot;hideResults&quot;:false,&quot;TrpContentRestriction&quot;:{&quot;restriction_type&quot;:&quot;exclude&quot;,&quot;selected_languages&quot;:[],&quot;panel_open&quot;:true},&quot;apiPollData&quot;:{&quot;id&quot;:15450083,&quot;question&quot;:&quot;&quot;,&quot;note&quot;:&quot;&quot;,&quot;settings&quot;:{&quot;title&quot;:&quot;Votaci\\u00f3n sin t\\u00edtulo&quot;,&quot;after_vote&quot;:&quot;results&quot;,&quot;after_message&quot;:&quot;&quot;,&quot;randomize_answers&quot;:false,&quot;restrict_vote_repeat&quot;:false,&quot;captcha&quot;:false,&quot;multiple_choice&quot;:false,&quot;redirect_url&quot;:&quot;&quot;,&quot;close_status&quot;:&quot;open&quot;,&quot;close_after&quot;:false},&quot;answers&quot;:[{&quot;answer_text&quot;:&quot;up&quot;,&quot;id&quot;:68252952,&quot;client_id&quot;:&quot;5d2d889b-51c4-47ef-b3ca-dc99d0fbf25f&quot;},{&quot;answer_text&quot;:&quot;down&quot;,&quot;id&quot;:68252953,&quot;client_id&quot;:&quot;233e4a15-3fec-4be4-8fc5-239a7d6094c5&quot;}],&quot;source_link&quot;:&quot;https:\\\/\\\/elabrevaderojm.com&quot;,&quot;client_id&quot;:&quot;3f551935-d1e5-474f-ac93-d1018dbd471d&quot;}}\">\n<div data-crowdsignal-vote-item=\"{&quot;answerId&quot;:&quot;5d2d889b-51c4-47ef-b3ca-dc99d0fbf25f&quot;,&quot;type&quot;:&quot;up&quot;,&quot;TrpContentRestriction&quot;:{&quot;restriction_type&quot;:&quot;exclude&quot;,&quot;selected_languages&quot;:[],&quot;panel_open&quot;:true}}\"><\/div>\n\n<div data-crowdsignal-vote-item=\"{&quot;answerId&quot;:&quot;233e4a15-3fec-4be4-8fc5-239a7d6094c5&quot;,&quot;type&quot;:&quot;down&quot;,&quot;TrpContentRestriction&quot;:{&quot;restriction_type&quot;:&quot;exclude&quot;,&quot;selected_languages&quot;:[],&quot;panel_open&quot;:true}}\"><\/div>\n<\/div>\n\n<div class=\"crowdsignal-applause-wrapper\" data-crowdsignal-applause=\"{&quot;pollId&quot;:&quot;fe661c39-07e7-4c5a-92da-f460b8ae3d61&quot;,&quot;title&quot;:&quot;Aplauso sin t\\u00edtulo&quot;,&quot;answerId&quot;:&quot;8cf4008d-5f3d-40b4-8b06-a98635c3235c&quot;,&quot;hideBranding&quot;:false,&quot;size&quot;:&quot;medium&quot;,&quot;pollStatus&quot;:&quot;open&quot;,&quot;TrpContentRestriction&quot;:{&quot;restriction_type&quot;:&quot;exclude&quot;,&quot;selected_languages&quot;:[],&quot;panel_open&quot;:true},&quot;apiPollData&quot;:{&quot;id&quot;:15450084,&quot;question&quot;:&quot;&quot;,&quot;note&quot;:&quot;&quot;,&quot;settings&quot;:{&quot;title&quot;:&quot;Aplauso sin t\\u00edtulo&quot;,&quot;after_vote&quot;:&quot;results&quot;,&quot;after_message&quot;:&quot;&quot;,&quot;randomize_answers&quot;:false,&quot;restrict_vote_repeat&quot;:false,&quot;captcha&quot;:false,&quot;multiple_choice&quot;:false,&quot;redirect_url&quot;:&quot;&quot;,&quot;close_status&quot;:&quot;open&quot;,&quot;close_after&quot;:false},&quot;answers&quot;:[{&quot;answer_text&quot;:&quot;clap&quot;,&quot;id&quot;:68252954,&quot;client_id&quot;:&quot;8cf4008d-5f3d-40b4-8b06-a98635c3235c&quot;}],&quot;source_link&quot;:&quot;https:\\\/\\\/elabrevaderojm.com&quot;,&quot;client_id&quot;:&quot;fe661c39-07e7-4c5a-92da-f460b8ae3d61&quot;}}\"><\/div>\n\n<h2 id=\"comments\" class=\"wp-block-comments-title\">6 responses to &#8220;Publicaci\u00f3n&#8221;<\/h2>\n\n<ol class=\"wp-block-comment-template\"><li id=\"comment-4\" class=\"comment even thread-even depth-1\">\n\n<div class=\"wp-block-columns is-layout-flex wp-container-core-columns-is-layout-8f761849 wp-block-columns-is-layout-flex\">\n<div class=\"wp-block-column is-layout-flow wp-block-column-is-layout-flow\" style=\"flex-basis:40px\"><div class=\"wp-block-avatar\"><img alt='J Mario Avatar' src='https:\/\/secure.gravatar.com\/avatar\/6d3065065f571b02f0d30f1da83e65bfa2500c91bb81208d88d0f5ec35ee439b?s=40&#038;d=identicon&#038;r=g' srcset='https:\/\/secure.gravatar.com\/avatar\/6d3065065f571b02f0d30f1da83e65bfa2500c91bb81208d88d0f5ec35ee439b?s=80&#038;d=identicon&#038;r=g 2x' class='avatar avatar-40 photo wp-block-avatar__image' height='40' width='40'  style=\"border-radius:20px;\"\/><\/div><\/div>\n\n\n\n<div class=\"wp-block-column is-layout-flow wp-block-column-is-layout-flow\"><div class=\"wp-block-comment-author-name has-small-font-size\">J Mario<\/div>\n\n\n<div class=\"wp-block-group is-layout-flex wp-block-group-is-layout-flex\" style=\"margin-top:0px;margin-bottom:0px\"><div class=\"wp-block-comment-date has-small-font-size\"><time datetime=\"2020-02-07T22:40:27-05:00\"><a href=\"https:\/\/elabrevaderojm.com\/en\/cuentos\/comment-page-1\/#comment-4\">February 7, 2020<\/a><\/time><\/div>\n\n<\/div>\n\n\n<div class=\"wp-block-comment-content\"><p>Estimado amigo me encant\u00f3. Una sensaci\u00f3n dulce que me dec\u00eda: ser\u00e1n felinos o humanos? En fin un erotismo rico, agradable y po\u00e9tico. Un abrazo. Tu semi tocayo de la Lenin<\/p>\n<\/div>\n\n<div class=\"wp-block-comment-reply-link has-small-font-size\"><a rel=\"nofollow\" class=\"comment-reply-link\" href=\"https:\/\/elabrevaderojm.com\/en\/cuentos\/comment-page-1\/?replytocom=4#respond\" data-commentid=\"4\" data-postid=\"22\" data-belowelement=\"comment-4\" data-respondelement=\"respond\" data-replyto=\"Reply to J Mario\" aria-label=\"Reply to J Mario\">Reply<\/a><\/div><\/div>\n<\/div>\n\n<ol><li id=\"comment-5\" class=\"comment odd alt depth-2\">\n\n<div class=\"wp-block-columns is-layout-flex wp-container-core-columns-is-layout-8f761849 wp-block-columns-is-layout-flex\">\n<div class=\"wp-block-column is-layout-flow wp-block-column-is-layout-flow\" style=\"flex-basis:40px\"><div class=\"wp-block-avatar\"><img alt='jmhernandezgonzalez Avatar' src='https:\/\/secure.gravatar.com\/avatar\/61d32cdfd1e77ef2aee13b6a32b92dac68651bed1e01449854feed8829b18498?s=40&#038;d=identicon&#038;r=g' srcset='https:\/\/secure.gravatar.com\/avatar\/61d32cdfd1e77ef2aee13b6a32b92dac68651bed1e01449854feed8829b18498?s=80&#038;d=identicon&#038;r=g 2x' class='avatar avatar-40 photo wp-block-avatar__image' height='40' width='40'  style=\"border-radius:20px;\"\/><\/div><\/div>\n\n\n\n<div class=\"wp-block-column is-layout-flow wp-block-column-is-layout-flow\"><div class=\"wp-block-comment-author-name has-small-font-size\"><a rel=\"external nofollow ugc\" href=\"http:\/\/jmhernandezgonzalez.wordpress.com\" target=\"_self\" >jmhernandezgonzalez<\/a><\/div>\n\n\n<div class=\"wp-block-group is-layout-flex wp-block-group-is-layout-flex\" style=\"margin-top:0px;margin-bottom:0px\"><div class=\"wp-block-comment-date has-small-font-size\"><time datetime=\"2020-02-08T09:58:31-05:00\"><a href=\"https:\/\/elabrevaderojm.com\/en\/cuentos\/comment-page-1\/#comment-5\">February 8, 2020<\/a><\/time><\/div>\n\n<\/div>\n\n\n<div class=\"wp-block-comment-content\"><p>Gracias, Juan Mario! Unas palabras muy exhortadoras a seguir cxon el proyecto. 1 abrazo.<\/p>\n<\/div>\n\n<div class=\"wp-block-comment-reply-link has-small-font-size\"><a rel=\"nofollow\" class=\"comment-reply-link\" href=\"https:\/\/elabrevaderojm.com\/en\/cuentos\/comment-page-1\/?replytocom=5#respond\" data-commentid=\"5\" data-postid=\"22\" data-belowelement=\"comment-5\" data-respondelement=\"respond\" data-replyto=\"Reply to jmhernandezgonzalez\" aria-label=\"Reply to jmhernandezgonzalez\">Reply<\/a><\/div><\/div>\n<\/div>\n\n<\/li><\/ol><\/li><li id=\"comment-13\" class=\"comment even thread-odd thread-alt depth-1\">\n\n<div class=\"wp-block-columns is-layout-flex wp-container-core-columns-is-layout-8f761849 wp-block-columns-is-layout-flex\">\n<div class=\"wp-block-column is-layout-flow wp-block-column-is-layout-flow\" style=\"flex-basis:40px\"><div class=\"wp-block-avatar\"><img alt='anitica1963 Avatar' src='https:\/\/secure.gravatar.com\/avatar\/4d358490dd00b99d3df700499971fb5767c1590e60dc99f0c762ff1630a542bb?s=40&#038;d=identicon&#038;r=g' srcset='https:\/\/secure.gravatar.com\/avatar\/4d358490dd00b99d3df700499971fb5767c1590e60dc99f0c762ff1630a542bb?s=80&#038;d=identicon&#038;r=g 2x' class='avatar avatar-40 photo wp-block-avatar__image' height='40' width='40'  style=\"border-radius:20px;\"\/><\/div><\/div>\n\n\n\n<div class=\"wp-block-column is-layout-flow wp-block-column-is-layout-flow\"><div class=\"wp-block-comment-author-name has-small-font-size\">anitica1963<\/div>\n\n\n<div class=\"wp-block-group is-layout-flex wp-block-group-is-layout-flex\" style=\"margin-top:0px;margin-bottom:0px\"><div class=\"wp-block-comment-date has-small-font-size\"><time datetime=\"2020-07-19T20:25:12-04:00\"><a href=\"https:\/\/elabrevaderojm.com\/en\/cuentos\/comment-page-1\/#comment-13\">July 19, 2020<\/a><\/time><\/div>\n\n<\/div>\n\n\n<div class=\"wp-block-comment-content\"><p>Me gusta mucho, a pesar de ser ficci\u00f3n son incre\u00edblemente terrenales y escrito de manera encantadora<\/p>\n<\/div>\n\n<div class=\"wp-block-comment-reply-link has-small-font-size\"><a rel=\"nofollow\" class=\"comment-reply-link\" href=\"https:\/\/elabrevaderojm.com\/en\/cuentos\/comment-page-1\/?replytocom=13#respond\" data-commentid=\"13\" data-postid=\"22\" data-belowelement=\"comment-13\" data-respondelement=\"respond\" data-replyto=\"Reply to anitica1963\" aria-label=\"Reply to anitica1963\">Reply<\/a><\/div><\/div>\n<\/div>\n\n<ol><li id=\"comment-14\" class=\"comment odd alt depth-2\">\n\n<div class=\"wp-block-columns is-layout-flex wp-container-core-columns-is-layout-8f761849 wp-block-columns-is-layout-flex\">\n<div class=\"wp-block-column is-layout-flow wp-block-column-is-layout-flow\" style=\"flex-basis:40px\"><div class=\"wp-block-avatar\"><img alt='jmhernandezgonzalez Avatar' src='https:\/\/secure.gravatar.com\/avatar\/61d32cdfd1e77ef2aee13b6a32b92dac68651bed1e01449854feed8829b18498?s=40&#038;d=identicon&#038;r=g' srcset='https:\/\/secure.gravatar.com\/avatar\/61d32cdfd1e77ef2aee13b6a32b92dac68651bed1e01449854feed8829b18498?s=80&#038;d=identicon&#038;r=g 2x' class='avatar avatar-40 photo wp-block-avatar__image' height='40' width='40'  style=\"border-radius:20px;\"\/><\/div><\/div>\n\n\n\n<div class=\"wp-block-column is-layout-flow wp-block-column-is-layout-flow\"><div class=\"wp-block-comment-author-name has-small-font-size\"><a rel=\"external nofollow ugc\" href=\"http:\/\/jmhernandezgonzalez.wordpress.com\" target=\"_self\" >jmhernandezgonzalez<\/a><\/div>\n\n\n<div class=\"wp-block-group is-layout-flex wp-block-group-is-layout-flex\" style=\"margin-top:0px;margin-bottom:0px\"><div class=\"wp-block-comment-date has-small-font-size\"><time datetime=\"2020-07-19T20:30:42-04:00\"><a href=\"https:\/\/elabrevaderojm.com\/en\/cuentos\/comment-page-1\/#comment-14\">July 19, 2020<\/a><\/time><\/div>\n\n<\/div>\n\n\n<div class=\"wp-block-comment-content\"><p>Gracias, Ana. Muy reconfortante tu comentario.<\/p>\n<\/div>\n\n<div class=\"wp-block-comment-reply-link has-small-font-size\"><a rel=\"nofollow\" class=\"comment-reply-link\" href=\"https:\/\/elabrevaderojm.com\/en\/cuentos\/comment-page-1\/?replytocom=14#respond\" data-commentid=\"14\" data-postid=\"22\" data-belowelement=\"comment-14\" data-respondelement=\"respond\" data-replyto=\"Reply to jmhernandezgonzalez\" aria-label=\"Reply to jmhernandezgonzalez\">Reply<\/a><\/div><\/div>\n<\/div>\n\n<\/li><li id=\"comment-20\" class=\"comment even depth-2\">\n\n<div class=\"wp-block-columns is-layout-flex wp-container-core-columns-is-layout-8f761849 wp-block-columns-is-layout-flex\">\n<div class=\"wp-block-column is-layout-flow wp-block-column-is-layout-flow\" style=\"flex-basis:40px\"><div class=\"wp-block-avatar\"><img alt='jmhernandezgonzalez Avatar' src='https:\/\/secure.gravatar.com\/avatar\/61d32cdfd1e77ef2aee13b6a32b92dac68651bed1e01449854feed8829b18498?s=40&#038;d=identicon&#038;r=g' srcset='https:\/\/secure.gravatar.com\/avatar\/61d32cdfd1e77ef2aee13b6a32b92dac68651bed1e01449854feed8829b18498?s=80&#038;d=identicon&#038;r=g 2x' class='avatar avatar-40 photo wp-block-avatar__image' height='40' width='40'  style=\"border-radius:20px;\"\/><\/div><\/div>\n\n\n\n<div class=\"wp-block-column is-layout-flow wp-block-column-is-layout-flow\"><div class=\"wp-block-comment-author-name has-small-font-size\"><a rel=\"external nofollow ugc\" href=\"http:\/\/jmhernandezgonzalez.wordpress.com\" target=\"_self\" >jmhernandezgonzalez<\/a><\/div>\n\n\n<div class=\"wp-block-group is-layout-flex wp-block-group-is-layout-flex\" style=\"margin-top:0px;margin-bottom:0px\"><div class=\"wp-block-comment-date has-small-font-size\"><time datetime=\"2020-07-30T17:06:14-04:00\"><a href=\"https:\/\/elabrevaderojm.com\/en\/cuentos\/comment-page-1\/#comment-20\">July 30, 2020<\/a><\/time><\/div>\n\n<\/div>\n\n\n<div class=\"wp-block-comment-content\"><p>Gracias, Ana.<\/p>\n<\/div>\n\n<div class=\"wp-block-comment-reply-link has-small-font-size\"><a rel=\"nofollow\" class=\"comment-reply-link\" href=\"https:\/\/elabrevaderojm.com\/en\/cuentos\/comment-page-1\/?replytocom=20#respond\" data-commentid=\"20\" data-postid=\"22\" data-belowelement=\"comment-20\" data-respondelement=\"respond\" data-replyto=\"Reply to jmhernandezgonzalez\" aria-label=\"Reply to jmhernandezgonzalez\">Reply<\/a><\/div><\/div>\n<\/div>\n\n<\/li><\/ol><\/li><li id=\"comment-369\" class=\"comment byuser comment-author-jmhernandezgonzalez bypostauthor odd alt thread-even depth-1\">\n\n<div class=\"wp-block-columns is-layout-flex wp-container-core-columns-is-layout-8f761849 wp-block-columns-is-layout-flex\">\n<div class=\"wp-block-column is-layout-flow wp-block-column-is-layout-flow\" style=\"flex-basis:40px\"><div class=\"wp-block-avatar\"><img alt='jmhernandezgonzalez Avatar' src='https:\/\/secure.gravatar.com\/avatar\/61d32cdfd1e77ef2aee13b6a32b92dac68651bed1e01449854feed8829b18498?s=40&#038;d=identicon&#038;r=g' srcset='https:\/\/secure.gravatar.com\/avatar\/61d32cdfd1e77ef2aee13b6a32b92dac68651bed1e01449854feed8829b18498?s=80&#038;d=identicon&#038;r=g 2x' class='avatar avatar-40 photo wp-block-avatar__image' height='40' width='40'  style=\"border-radius:20px;\"\/><\/div><\/div>\n\n\n\n<div class=\"wp-block-column is-layout-flow wp-block-column-is-layout-flow\"><div class=\"wp-block-comment-author-name has-small-font-size\"><a rel=\"external nofollow ugc\" href=\"http:\/\/jmhernandezgonzalez.wordpress.com\" target=\"_self\" >jmhernandezgonzalez<\/a><\/div>\n\n\n<div class=\"wp-block-group is-layout-flex wp-block-group-is-layout-flex\" style=\"margin-top:0px;margin-bottom:0px\"><div class=\"wp-block-comment-date has-small-font-size\"><time datetime=\"2025-05-09T15:48:31-04:00\"><a href=\"https:\/\/elabrevaderojm.com\/en\/cuentos\/comment-page-1\/#comment-369\">May 9, 2025<\/a><\/time><\/div>\n\n<\/div>\n\n\n<div class=\"wp-block-comment-content\"><p>Hago 1 prueba de comentario. \u00bfSe puede leer?<\/p>\n<\/div>\n\n<div class=\"wp-block-comment-reply-link has-small-font-size\"><a rel=\"nofollow\" class=\"comment-reply-link\" href=\"https:\/\/elabrevaderojm.com\/en\/cuentos\/comment-page-1\/?replytocom=369#respond\" data-commentid=\"369\" data-postid=\"22\" data-belowelement=\"comment-369\" data-respondelement=\"respond\" data-replyto=\"Reply to jmhernandezgonzalez\" aria-label=\"Reply to jmhernandezgonzalez\">Reply<\/a><\/div><\/div>\n<\/div>\n\n<\/li><\/ol><\/div>\n","protected":false},"excerpt":{"rendered":"<p>Preferencia sexual En Diciembre de 2018, Revista Demencia me otorg\u00f3 un diploma por la aceptaci\u00f3n de este cuento para ser publicado. Otro que pudo pasar el corte, como dicen en las pel\u00edculas&#8230;<\/p>","protected":false},"author":147101633,"featured_media":0,"parent":0,"menu_order":1,"comment_status":"open","ping_status":"closed","template":"","meta":{"_coblocks_attr":"Abril Fatface,Abril Fatface,Anton,Barlow","_coblocks_dimensions":"","_coblocks_responsive_height":"","_coblocks_accordion_ie_support":"","advanced_seo_description":"","jetpack_seo_html_title":"","jetpack_seo_noindex":false,"jetpack_seo_schema_type":"","_wpcom_ai_launchpad_about_page":false,"_wpcom_ai_launchpad_gallery_page":false,"_wpcom_ai_launchpad_contact_page":false,"_wpcom_ai_launchpad_events_page":false,"_wpcom_ai_launchpad_video_page":false,"_wpcom_ai_launchpad_portfolio_piece":false,"footnotes":""},"class_list":["post-22","page","type-page","status-publish","hentry"],"featured_image_src":null,"jetpack_likes_enabled":true,"jetpack_sharing_enabled":true,"jetpack_shortlink":"https:\/\/wp.me\/Pap3D5-m","jetpack-related-posts":[],"_links":{"self":[{"href":"https:\/\/elabrevaderojm.com\/en\/wp-json\/wp\/v2\/pages\/22","targetHints":{"allow":["GET"]}}],"collection":[{"href":"https:\/\/elabrevaderojm.com\/en\/wp-json\/wp\/v2\/pages"}],"about":[{"href":"https:\/\/elabrevaderojm.com\/en\/wp-json\/wp\/v2\/types\/page"}],"author":[{"embeddable":true,"href":"https:\/\/elabrevaderojm.com\/en\/wp-json\/wp\/v2\/users\/147101633"}],"replies":[{"embeddable":true,"href":"https:\/\/elabrevaderojm.com\/en\/wp-json\/wp\/v2\/comments?post=22"}],"version-history":[{"count":70,"href":"https:\/\/elabrevaderojm.com\/en\/wp-json\/wp\/v2\/pages\/22\/revisions"}],"predecessor-version":[{"id":24707,"href":"https:\/\/elabrevaderojm.com\/en\/wp-json\/wp\/v2\/pages\/22\/revisions\/24707"}],"wp:attachment":[{"href":"https:\/\/elabrevaderojm.com\/en\/wp-json\/wp\/v2\/media?parent=22"}],"curies":[{"name":"wp","href":"https:\/\/api.w.org\/{rel}","templated":true}]}}